{"id":232,"date":"2018-05-22T13:13:24","date_gmt":"2018-05-22T13:13:24","guid":{"rendered":"http:\/\/casadacritica.com.br\/site\/?page_id=232"},"modified":"2021-01-06T01:56:57","modified_gmt":"2021-01-06T04:56:57","slug":"analfabetismo-problema-critico-e-cronico-do-brasil-logos-os-brasileiros-nao-sabem-o-que-e","status":"publish","type":"page","link":"https:\/\/casadacritica.com.br\/site\/analfabetismo-problema-critico-e-cronico-do-brasil-logos-os-brasileiros-nao-sabem-o-que-e\/","title":{"rendered":"Analfabetismo \u2013 Problema Cr\u00edtico e Cr\u00f4nico do Brasil. Logos? Os brasileiros n\u00e3o sabem o que \u00e9."},"content":{"rendered":"\t\t<div data-elementor-type=\"wp-page\" data-elementor-id=\"232\" class=\"elementor elementor-232\" data-elementor-post-type=\"page\">\n\t\t\t\t\t\t<section class=\"elementor-section elementor-top-section elementor-element elementor-element-318559ba elementor-section-boxed elementor-section-height-default elementor-section-height-default\" data-id=\"318559ba\" data-element_type=\"section\">\n\t\t\t\t\t\t<div class=\"elementor-container elementor-column-gap-default\">\n\t\t\t\t\t<div class=\"elementor-column elementor-col-100 elementor-top-column elementor-element elementor-element-289985e0\" data-id=\"289985e0\" data-element_type=\"column\">\n\t\t\t<div class=\"elementor-widget-wrap elementor-element-populated\">\n\t\t\t\t\t\t<div class=\"elementor-element elementor-element-36ed85ef elementor-widget elementor-widget-text-editor\" data-id=\"36ed85ef\" data-element_type=\"widget\" data-widget_type=\"text-editor.default\">\n\t\t\t\t<div class=\"elementor-widget-container\">\n\t\t\t\t\t\t\t\t\t<ul id=\"menu-fixo\"><\/ul><p style=\"text-align: center;\"><a href=\"https:\/\/casadacritica.com.br\/site\/wp-content\/uploads\/2019\/12\/Analfabetismo-\u2013-Problema-cr\u00edtico-e-cr\u00f4nico-do-Brasil.jpg\"><img fetchpriority=\"high\" decoding=\"async\" class=\"aligncenter wp-image-6202 size-full\" src=\"https:\/\/casadacritica.com.br\/site\/wp-content\/uploads\/2019\/12\/Analfabetismo-\u2013-Problema-cr\u00edtico-e-cr\u00f4nico-do-Brasil.jpg\" alt=\"\" width=\"2560\" height=\"1812\" srcset=\"https:\/\/casadacritica.com.br\/site\/wp-content\/uploads\/2019\/12\/Analfabetismo-\u2013-Problema-cr\u00edtico-e-cr\u00f4nico-do-Brasil.jpg 2560w, https:\/\/casadacritica.com.br\/site\/wp-content\/uploads\/2019\/12\/Analfabetismo-\u2013-Problema-cr\u00edtico-e-cr\u00f4nico-do-Brasil-300x212.jpg 300w, https:\/\/casadacritica.com.br\/site\/wp-content\/uploads\/2019\/12\/Analfabetismo-\u2013-Problema-cr\u00edtico-e-cr\u00f4nico-do-Brasil-768x544.jpg 768w, https:\/\/casadacritica.com.br\/site\/wp-content\/uploads\/2019\/12\/Analfabetismo-\u2013-Problema-cr\u00edtico-e-cr\u00f4nico-do-Brasil-1024x725.jpg 1024w\" sizes=\"(max-width: 2560px) 100vw, 2560px\" \/><\/a><\/p><h4 style=\"text-align: justify;\"><span style=\"color: #000000;\"><strong>Autor:<\/strong>\u00a0Vicente do Prado Tolezano<\/span><br \/><span style=\"color: #000000;\"><em>27-06-2016<\/em><\/span><\/h4><h4 style=\"text-align: justify;\"><span style=\"color: #000000;\">Somos um pa\u00eds de analfabetos. Essa \u00e9 a realidade dura e que dura h\u00e1 muito tempo, sem dar pistas de que se transformar\u00e1.<\/span><\/h4><h4 style=\"text-align: justify;\"><span style=\"color: #000000;\">Houve avan\u00e7os na \u201capar\u00eancia\u201d, qual seja, na universaliza\u00e7\u00e3o da educa\u00e7\u00e3o, particularmente quanto \u00e0 oferta universit\u00e1ria, t\u00edpico \u201couro dos tolos\u201d. Contudo, como s\u00f3i aos avan\u00e7os quantitativos, quanto maior estes, menor a qualidade, podendo descer at\u00e9 o ponto de virar p\u00f3.<\/span><\/h4><h4 style=\"text-align: justify;\"><span style=\"color: #000000;\">Entre os portadores de diploma de gradua\u00e7\u00e3o universit\u00e1ria, a monta de analfabetos funcionais \u00e9 de 38%, e entre a popula\u00e7\u00e3o em geral alcan\u00e7a 75%, segundo o trabalho do Instituto Paulo Montenegro. O estoque de brasileiros, a seu turno, que goza de profici\u00eancia lingu\u00edstica \u00e9 de apenas 8%, segundo propunha o saudoso Professor Pierluigi Piazzi!<\/span><\/h4><h4 style=\"text-align: justify;\"><span style=\"color: #000000;\">Passar fonema para grafema e vice-versa segue sendo a aptid\u00e3o que as escolas efetivamente s\u00e3o capazes de impingir, ou seja, t\u00edpico caso de analfabetismo funcional, que se limita \u00e0 capacidade MATERIAL de a\u00e7\u00e3o, mas sem impacto na mente do leitor, que n\u00e3o dispara g\u00eanese de conceitos.<\/span><\/h4><h4 style=\"text-align: justify;\"><span style=\"color: #000000;\">Claro que o analfabeto funcional sabe ler a placa indicativa do banheiro, o nome do \u00f4nibus, fazer alguns troquinhos, etc. Isso tudo se passa na mais pobre das fun\u00e7\u00f5es da alma humana, que \u00e9 a mem\u00f3ria e mem\u00f3ria na dimens\u00e3o operacional.<\/span><\/h4><h4 style=\"text-align: justify;\"><span style=\"color: #000000;\">Mesmo em profiss\u00f5es especializadas, o analfabeto funcional \u00e9 predominante. No Direito, e afirmamos isso por testemunho direto, esses atrofiados vivem em multid\u00e3o. Sabem ler uma peti\u00e7\u00e3o \u201cse for absolutamente do mesmo padr\u00e3o formal e lexical de sua sub, sub e sub especialidade t\u00e9cnica\u201d. Se houverem de definir sentido a partir da coloca\u00e7\u00e3o de v\u00edrgulas, ou expressar uma extraordinariedade, um inferno cai sobre suas cabe\u00e7as ocas!<\/span><\/h4><h4 style=\"text-align: justify;\"><span style=\"color: #000000;\">O analfabeto funcional tamb\u00e9m \u00e9 chamado de ILETRADO, aquele que pode possuir a alfabetiza\u00e7\u00e3o, mas dissociada da capacidade de pensar.<\/span><\/h4><div><span style=\"color: #000000; font-family: 'Open Sans'; font-size: 1.25em; font-weight: 600; text-align: justify;\">As patrulhas politicamente corretas rosnam quando se aplicam os predicados de analfabetos funcionais a analfabetos funcionais, j\u00e1 revelando, de partida, sua corrup\u00e7\u00e3o, pois a segunda raz\u00e3o de ser da linguagem \u00e9 DIZER O MUNDO e dize-lo como ele \u00e9.<\/span><br \/><span style=\"color: #000000; font-family: 'Open Sans'; font-size: 1.25em; font-weight: 600; text-align: justify;\"><br \/><\/span><\/div><h4 style=\"text-align: justify;\"><span style=\"color: #000000;\">Se acabar a no\u00e7\u00e3o do verbo ser, acabou-se toda possibilidade de dizibilidade e a pr\u00f3pria linguagem. Fortificadas as corrup\u00e7\u00f5es lingu\u00edsticas, fortes ficam as pestes \u201crelativistas\u201d sobre o mundo. Rela\u00e7\u00e3o direta essa, sen\u00e3o mesmo diret\u00edssima.<\/span><\/h4><h4 style=\"text-align: justify;\"><span style=\"color: #000000;\">Mas passa despercebido a muita gente, mesmo gente letrada, a PRIMEIRA fun\u00e7\u00e3o da linguagem, que n\u00e3o \u00e9 meramente a de dizer ao mundo ou comunicar, mas a de EXISTIR humanamente. Linguagem \u00e9 propriedade humana para, acima de tudo, EXISTIR, n\u00e3o sendo nem o caso de exist\u00eancia social, mas de exist\u00eancia pr\u00f3pria, do sujeito-personalidade falante.<\/span><\/h4><h4 style=\"text-align: justify;\"><span style=\"color: #000000;\">Para efeitos puramente de resumo apertado, trate o leitor como REALIDADE o mundo exterior a si, e como EXIST\u00caNCIA \u00e0 sua interioridade.<\/span><\/h4><h4 style=\"text-align: justify;\"><span style=\"color: #000000;\">Isso posto, passe o leitor a ver como a linguagem AFETA a sua interioridade. Exemplos:<\/span><\/h4><h4 style=\"text-align: justify;\"><span style=\"color: #000000;\">a) Use a palavra CASA para onde moras ou LAR, VIVENDA, ABRIGO ou o que for e liste a diversidade de impactos decorrentes da diversidade vocabular;<\/span><\/h4><h4 style=\"text-align: justify;\"><span style=\"color: #000000;\">b) pergunte e responda o nome de um objeto \u00e0 tua frente e depois tente entender que o nome n\u00e3o est\u00e1 na coisa, mas na tua mente, ligado ao teu conceito mental. A quem fala mais de um idioma, isso \u00e9 mais f\u00e1cil;<\/span><\/h4><h4 style=\"text-align: justify;\"><span style=\"color: #000000;\">c) compare as capacidades NARRATIVAS de diversas pessoas quanto a uma coisa muito simples (um dia de passeio, por exemplo) e compare as VITALIDADES respectivas das pessoas em compara\u00e7\u00e3o.<\/span><\/h4><h4 style=\"text-align: justify;\"><span style=\"color: #000000;\">Milhares podem ser exemplos, porque milhares s\u00e3o as POSSIBILIDADES EXISTENCIAIS da nossa alma, seja pelos seus elementos essenciais de DESEJO, VONTADE e PENSAMENTO, pot\u00eancias essas todas inter-ligadas entre si e para com o MUNDO EXTERIOR pela linguagem.<\/span><\/h4><h4 style=\"text-align: justify;\"><span style=\"color: #000000;\">O analfabeto, seja no sentido pr\u00f3prio ou no sentido rudimentar\/funcional, EXISTE menos enquanto ser pr\u00f3prio. Noutras palavras, vive menos, tendendo mais \u00e0 apatia (menor \u00e2mbito vital).<\/span><\/h4><h4 style=\"text-align: justify;\"><span style=\"color: #000000;\">\u00c9 \u00f3bvio que h\u00e1 analfabetos inteligentes (letrados sem alfabetiza\u00e7\u00e3o). H\u00e1 crian\u00e7as que fazem contas sem pr\u00e9vio estudo de aritm\u00e9tica, mas isso n\u00e3o justifica o P\u00c9RFIDO n\u00e3o letramento brasileiro, g\u00eanese direta da propaga\u00e7\u00e3o do FUNK, da inseguran\u00e7a afetiva generalizada, da epidemia de s\u00edndrome de piu-piu, etc.<\/span><\/h4><h4 style=\"text-align: justify;\"><span style=\"color: #000000;\">Os antigos gregos j\u00e1 sabiam da direta rela\u00e7\u00e3o da linguagem com EXIST\u00caNCIA BOA, seja no sentido de efici\u00eancia do ser, realiza\u00e7\u00e3o da felicidade, vida \u00e9tica e conhecimento da realidade no sentido de adequa\u00e7\u00e3o da alma ao mundo, num esquema de inter-articula\u00e7\u00e3o, tal que a alma \u00e9 o &#8220;sujeito&#8221; do mundo, que \u00e9 &#8220;predicado&#8221;.\u00a0<\/span>Da\u00ed a origem da palavra \u201clogos\u201d (ou &#8220;logoi&#8221;), cujo ressaibo segue nos termos L\u00d3GICA e em tudo o mais que tenha \u201clogia\u201d.<\/h4><h4 style=\"text-align: justify;\"><span style=\"color: #000000;\">T\u00e3o densa\/sint\u00e9tica era a cepa antiga que hoje n\u00e3o h\u00e1 UMA palavra suficiente para LOGOS, mas ao menos 3: PALAVRA (dimens\u00e3o material-sens\u00edvel, seja falada ou escrita), RAZ\u00c3O (senso de propor\u00e7\u00e3o do objeto falado e o resto do mundo) e SENTIDO (a inteligibilidade propriamente).<\/span><\/h4><h4 style=\"text-align: justify;\"><span style=\"color: #000000;\">Mais ainda, o senso de LOGOS se iniciava com o AFETO DO REAL e visava AFETAR o real, integrando alma e mundo, o homem e sua voca\u00e7\u00e3o divina para perceber, elaborar e atuar no mundo.<\/span><\/h4><h4 style=\"text-align: justify;\"><span style=\"color: #000000;\">N\u00e3o sem raz\u00e3o, Arist\u00f3teles j\u00e1 advertia que, \u201cCONHECER O MUNDO necessita do conhecimento da estrutura da linguagem e vice-versa\u201d.<\/span><\/h4><h4 style=\"text-align: justify;\"><span style=\"color: #000000;\">Nesta na\u00e7\u00e3o, EXISTIMOS de forma prec\u00e1ria por carecer do primeiro elemento de humanidade, do verbo articulado. O leitor consegue ver a rela\u00e7\u00e3o direta entre linguagem, \u00e9tica e felicidade? Tais temas s\u00e3o plena antessala do not\u00e1vel arranjo educacional do <span style=\"color: #0000ff;\"><a style=\"color: #0000ff;\" href=\"https:\/\/casadacritica.com.br\/site\/curso-trivium-turma-nova\/\" target=\"_blank\" rel=\"noopener\">TRIVIUM<\/a><\/span>.<\/span><\/h4><p style=\"text-align: justify;\">Todos direitos s\u00e3o reservados e protegidos para Casa da Cr\u00edtica, sendo permitida a reprodu\u00e7\u00e3o dos conte\u00fados desde que seja citada a autoria e mantida a integralidade dos textos.<\/p>\t\t\t\t\t\t\t\t<\/div>\n\t\t\t\t<\/div>\n\t\t\t\t\t<\/div>\n\t\t<\/div>\n\t\t\t\t\t<\/div>\n\t\t<\/section>\n\t\t\t\t<section class=\"elementor-section elementor-top-section elementor-element elementor-element-2363cca7 elementor-section-boxed elementor-section-height-default elementor-section-height-default\" data-id=\"2363cca7\" data-element_type=\"section\">\n\t\t\t\t\t\t<div class=\"elementor-container elementor-column-gap-default\">\n\t\t\t\t\t<div class=\"elementor-column elementor-col-100 elementor-top-column elementor-element elementor-element-71e48809\" data-id=\"71e48809\" data-element_type=\"column\">\n\t\t\t<div class=\"elementor-widget-wrap elementor-element-populated\">\n\t\t\t\t\t\t<div class=\"elementor-element elementor-element-7a5f866b elementor-widget-divider--view-line elementor-widget elementor-widget-divider\" data-id=\"7a5f866b\" data-element_type=\"widget\" data-widget_type=\"divider.default\">\n\t\t\t\t<div class=\"elementor-widget-container\">\n\t\t\t\t\t\t\t<div class=\"elementor-divider\">\n\t\t\t<span class=\"elementor-divider-separator\">\n\t\t\t\t\t\t<\/span>\n\t\t<\/div>\n\t\t\t\t\t\t<\/div>\n\t\t\t\t<\/div>\n\t\t\t\t\t<\/div>\n\t\t<\/div>\n\t\t\t\t\t<\/div>\n\t\t<\/section>\n\t\t\t\t<section class=\"elementor-section elementor-top-section elementor-element elementor-element-49c0959d elementor-section-boxed elementor-section-height-default elementor-section-height-default\" data-id=\"49c0959d\" data-element_type=\"section\">\n\t\t\t\t\t\t<div class=\"elementor-container elementor-column-gap-default\">\n\t\t\t\t\t<div class=\"elementor-column elementor-col-20 elementor-top-column elementor-element elementor-element-277f7d77\" data-id=\"277f7d77\" data-element_type=\"column\">\n\t\t\t<div class=\"elementor-widget-wrap elementor-element-populated\">\n\t\t\t\t\t\t<div class=\"elementor-element elementor-element-5e070ccf elementor-widget elementor-widget-image\" data-id=\"5e070ccf\" data-element_type=\"widget\" data-widget_type=\"image.default\">\n\t\t\t\t<div class=\"elementor-widget-container\">\n\t\t\t\t\t\t\t\t\t\t\t\t\t\t\t<img decoding=\"async\" width=\"810\" height=\"300\" src=\"https:\/\/casadacritica.com.br\/site\/wp-content\/uploads\/2020\/12\/C\u00f3pia-de-C\u00f3pia-de-C\u00f3pia-de-C\u00f3pia-de-C\u00f3pia-de-C\u00f3pia-de-Sem-nome-1.png\" class=\"attachment-large size-large wp-image-18141\" alt=\"\" srcset=\"https:\/\/casadacritica.com.br\/site\/wp-content\/uploads\/2020\/12\/C\u00f3pia-de-C\u00f3pia-de-C\u00f3pia-de-C\u00f3pia-de-C\u00f3pia-de-C\u00f3pia-de-Sem-nome-1.png 810w, https:\/\/casadacritica.com.br\/site\/wp-content\/uploads\/2020\/12\/C\u00f3pia-de-C\u00f3pia-de-C\u00f3pia-de-C\u00f3pia-de-C\u00f3pia-de-C\u00f3pia-de-Sem-nome-1-300x111.png 300w, https:\/\/casadacritica.com.br\/site\/wp-content\/uploads\/2020\/12\/C\u00f3pia-de-C\u00f3pia-de-C\u00f3pia-de-C\u00f3pia-de-C\u00f3pia-de-C\u00f3pia-de-Sem-nome-1-768x284.png 768w\" sizes=\"(max-width: 810px) 100vw, 810px\" \/>\t\t\t\t\t\t\t\t\t\t\t\t\t\t\t<\/div>\n\t\t\t\t<\/div>\n\t\t\t\t\t<\/div>\n\t\t<\/div>\n\t\t\t\t<div class=\"elementor-column elementor-col-20 elementor-top-column elementor-element elementor-element-2c63f886\" data-id=\"2c63f886\" data-element_type=\"column\">\n\t\t\t<div class=\"elementor-widget-wrap elementor-element-populated\">\n\t\t\t\t\t\t<div class=\"elementor-element elementor-element-5270811a elementor-widget elementor-widget-image\" data-id=\"5270811a\" data-element_type=\"widget\" data-widget_type=\"image.default\">\n\t\t\t\t<div class=\"elementor-widget-container\">\n\t\t\t\t\t\t\t\t\t\t\t\t\t\t\t\t<a href=\"https:\/\/casadacritica.com.br\/site\/serie-analfabetismo-funcional\/\">\n\t\t\t\t\t\t\t<img decoding=\"async\" width=\"810\" height=\"300\" src=\"https:\/\/casadacritica.com.br\/site\/wp-content\/uploads\/2020\/12\/C\u00f3pia-de-C\u00f3pia-de-C\u00f3pia-de-C\u00f3pia-de-C\u00f3pia-de-C\u00f3pia-de-Sem-nome-2.png\" class=\"attachment-large size-large wp-image-18143\" alt=\"\" srcset=\"https:\/\/casadacritica.com.br\/site\/wp-content\/uploads\/2020\/12\/C\u00f3pia-de-C\u00f3pia-de-C\u00f3pia-de-C\u00f3pia-de-C\u00f3pia-de-C\u00f3pia-de-Sem-nome-2.png 810w, https:\/\/casadacritica.com.br\/site\/wp-content\/uploads\/2020\/12\/C\u00f3pia-de-C\u00f3pia-de-C\u00f3pia-de-C\u00f3pia-de-C\u00f3pia-de-C\u00f3pia-de-Sem-nome-2-300x111.png 300w, https:\/\/casadacritica.com.br\/site\/wp-content\/uploads\/2020\/12\/C\u00f3pia-de-C\u00f3pia-de-C\u00f3pia-de-C\u00f3pia-de-C\u00f3pia-de-C\u00f3pia-de-Sem-nome-2-768x284.png 768w\" sizes=\"(max-width: 810px) 100vw, 810px\" \/>\t\t\t\t\t\t\t\t<\/a>\n\t\t\t\t\t\t\t\t\t\t\t\t\t\t\t<\/div>\n\t\t\t\t<\/div>\n\t\t\t\t\t<\/div>\n\t\t<\/div>\n\t\t\t\t<div class=\"elementor-column elementor-col-20 elementor-top-column elementor-element elementor-element-70f100b\" data-id=\"70f100b\" data-element_type=\"column\">\n\t\t\t<div class=\"elementor-widget-wrap elementor-element-populated\">\n\t\t\t\t\t\t<div class=\"elementor-element elementor-element-7cfa46a7 elementor-widget elementor-widget-image\" data-id=\"7cfa46a7\" data-element_type=\"widget\" data-widget_type=\"image.default\">\n\t\t\t\t<div class=\"elementor-widget-container\">\n\t\t\t\t\t\t\t\t\t\t\t\t\t\t\t\t<a href=\"https:\/\/casadacritica.com.br\/site\/curso-trivium-turma-nova\/\">\n\t\t\t\t\t\t\t<img loading=\"lazy\" decoding=\"async\" width=\"810\" height=\"300\" src=\"https:\/\/casadacritica.com.br\/site\/wp-content\/uploads\/2020\/12\/C\u00f3pia-de-C\u00f3pia-de-C\u00f3pia-de-C\u00f3pia-de-C\u00f3pia-de-C\u00f3pia-de-Sem-nome-3.png\" class=\"attachment-large size-large wp-image-18145\" alt=\"\" srcset=\"https:\/\/casadacritica.com.br\/site\/wp-content\/uploads\/2020\/12\/C\u00f3pia-de-C\u00f3pia-de-C\u00f3pia-de-C\u00f3pia-de-C\u00f3pia-de-C\u00f3pia-de-Sem-nome-3.png 810w, https:\/\/casadacritica.com.br\/site\/wp-content\/uploads\/2020\/12\/C\u00f3pia-de-C\u00f3pia-de-C\u00f3pia-de-C\u00f3pia-de-C\u00f3pia-de-C\u00f3pia-de-Sem-nome-3-300x111.png 300w, https:\/\/casadacritica.com.br\/site\/wp-content\/uploads\/2020\/12\/C\u00f3pia-de-C\u00f3pia-de-C\u00f3pia-de-C\u00f3pia-de-C\u00f3pia-de-C\u00f3pia-de-Sem-nome-3-768x284.png 768w\" sizes=\"(max-width: 810px) 100vw, 810px\" \/>\t\t\t\t\t\t\t\t<\/a>\n\t\t\t\t\t\t\t\t\t\t\t\t\t\t\t<\/div>\n\t\t\t\t<\/div>\n\t\t\t\t\t<\/div>\n\t\t<\/div>\n\t\t\t\t<div class=\"elementor-column elementor-col-20 elementor-top-column elementor-element elementor-element-4ac065da\" data-id=\"4ac065da\" data-element_type=\"column\">\n\t\t\t<div class=\"elementor-widget-wrap elementor-element-populated\">\n\t\t\t\t\t\t<div class=\"elementor-element elementor-element-14af5b54 elementor-widget elementor-widget-image\" data-id=\"14af5b54\" data-element_type=\"widget\" data-widget_type=\"image.default\">\n\t\t\t\t<div class=\"elementor-widget-container\">\n\t\t\t\t\t\t\t\t\t\t\t\t\t\t\t\t<a href=\"https:\/\/casadacritica.com.br\/site\/serie-contos-brasileiros\/\">\n\t\t\t\t\t\t\t<img loading=\"lazy\" decoding=\"async\" width=\"810\" height=\"300\" src=\"https:\/\/casadacritica.com.br\/site\/wp-content\/uploads\/2020\/12\/C\u00f3pia-de-C\u00f3pia-de-C\u00f3pia-de-C\u00f3pia-de-C\u00f3pia-de-C\u00f3pia-de-Sem-nome-4.png\" class=\"attachment-large size-large wp-image-18147\" alt=\"\" srcset=\"https:\/\/casadacritica.com.br\/site\/wp-content\/uploads\/2020\/12\/C\u00f3pia-de-C\u00f3pia-de-C\u00f3pia-de-C\u00f3pia-de-C\u00f3pia-de-C\u00f3pia-de-Sem-nome-4.png 810w, https:\/\/casadacritica.com.br\/site\/wp-content\/uploads\/2020\/12\/C\u00f3pia-de-C\u00f3pia-de-C\u00f3pia-de-C\u00f3pia-de-C\u00f3pia-de-C\u00f3pia-de-Sem-nome-4-300x111.png 300w, https:\/\/casadacritica.com.br\/site\/wp-content\/uploads\/2020\/12\/C\u00f3pia-de-C\u00f3pia-de-C\u00f3pia-de-C\u00f3pia-de-C\u00f3pia-de-C\u00f3pia-de-Sem-nome-4-768x284.png 768w\" sizes=\"(max-width: 810px) 100vw, 810px\" \/>\t\t\t\t\t\t\t\t<\/a>\n\t\t\t\t\t\t\t\t\t\t\t\t\t\t\t<\/div>\n\t\t\t\t<\/div>\n\t\t\t\t\t<\/div>\n\t\t<\/div>\n\t\t\t\t<div class=\"elementor-column elementor-col-20 elementor-top-column elementor-element elementor-element-f2bba37\" data-id=\"f2bba37\" data-element_type=\"column\">\n\t\t\t<div class=\"elementor-widget-wrap elementor-element-populated\">\n\t\t\t\t\t\t<div class=\"elementor-element elementor-element-1fd4100 elementor-widget elementor-widget-image\" data-id=\"1fd4100\" data-element_type=\"widget\" data-widget_type=\"image.default\">\n\t\t\t\t<div class=\"elementor-widget-container\">\n\t\t\t\t\t\t\t\t\t\t\t\t\t\t\t\t<a href=\"https:\/\/casadacritica.com.br\/site\/serie-amorosidade\/\">\n\t\t\t\t\t\t\t<img loading=\"lazy\" decoding=\"async\" width=\"810\" height=\"300\" src=\"https:\/\/casadacritica.com.br\/site\/wp-content\/uploads\/2020\/12\/C\u00f3pia-de-C\u00f3pia-de-C\u00f3pia-de-C\u00f3pia-de-C\u00f3pia-de-C\u00f3pia-de-Sem-nome-5.png\" class=\"attachment-large size-large wp-image-18148\" alt=\"\" srcset=\"https:\/\/casadacritica.com.br\/site\/wp-content\/uploads\/2020\/12\/C\u00f3pia-de-C\u00f3pia-de-C\u00f3pia-de-C\u00f3pia-de-C\u00f3pia-de-C\u00f3pia-de-Sem-nome-5.png 810w, https:\/\/casadacritica.com.br\/site\/wp-content\/uploads\/2020\/12\/C\u00f3pia-de-C\u00f3pia-de-C\u00f3pia-de-C\u00f3pia-de-C\u00f3pia-de-C\u00f3pia-de-Sem-nome-5-300x111.png 300w, https:\/\/casadacritica.com.br\/site\/wp-content\/uploads\/2020\/12\/C\u00f3pia-de-C\u00f3pia-de-C\u00f3pia-de-C\u00f3pia-de-C\u00f3pia-de-C\u00f3pia-de-Sem-nome-5-768x284.png 768w\" sizes=\"(max-width: 810px) 100vw, 810px\" \/>\t\t\t\t\t\t\t\t<\/a>\n\t\t\t\t\t\t\t\t\t\t\t\t\t\t\t<\/div>\n\t\t\t\t<\/div>\n\t\t\t\t\t<\/div>\n\t\t<\/div>\n\t\t\t\t\t<\/div>\n\t\t<\/section>\n\t\t\t\t<section class=\"elementor-section elementor-top-section elementor-element elementor-element-1f308711 elementor-section-boxed elementor-section-height-default elementor-section-height-default\" data-id=\"1f308711\" data-element_type=\"section\">\n\t\t\t\t\t\t<div class=\"elementor-container elementor-column-gap-default\">\n\t\t\t\t\t<div class=\"elementor-column elementor-col-100 elementor-top-column elementor-element elementor-element-478f079e\" data-id=\"478f079e\" data-element_type=\"column\">\n\t\t\t<div class=\"elementor-widget-wrap elementor-element-populated\">\n\t\t\t\t\t\t<div class=\"elementor-element elementor-element-3655f4b elementor-widget-divider--view-line elementor-widget elementor-widget-divider\" data-id=\"3655f4b\" data-element_type=\"widget\" data-widget_type=\"divider.default\">\n\t\t\t\t<div class=\"elementor-widget-container\">\n\t\t\t\t\t\t\t<div class=\"elementor-divider\">\n\t\t\t<span class=\"elementor-divider-separator\">\n\t\t\t\t\t\t<\/span>\n\t\t<\/div>\n\t\t\t\t\t\t<\/div>\n\t\t\t\t<\/div>\n\t\t\t\t\t<\/div>\n\t\t<\/div>\n\t\t\t\t\t<\/div>\n\t\t<\/section>\n\t\t\t\t<section class=\"elementor-section elementor-top-section elementor-element elementor-element-cb08bf5 elementor-section-stretched elementor-section-boxed elementor-section-height-default elementor-section-height-default\" data-id=\"cb08bf5\" data-element_type=\"section\" data-settings=\"{&quot;stretch_section&quot;:&quot;section-stretched&quot;,&quot;background_background&quot;:&quot;classic&quot;}\">\n\t\t\t\t\t\t<div class=\"elementor-container elementor-column-gap-default\">\n\t\t\t\t\t<div class=\"elementor-column elementor-col-20 elementor-top-column elementor-element elementor-element-2eea0482\" data-id=\"2eea0482\" data-element_type=\"column\">\n\t\t\t<div class=\"elementor-widget-wrap elementor-element-populated\">\n\t\t\t\t\t\t<div class=\"elementor-element elementor-element-488b782f elementor-widget elementor-widget-text-editor\" data-id=\"488b782f\" data-element_type=\"widget\" data-widget_type=\"text-editor.default\">\n\t\t\t\t<div class=\"elementor-widget-container\">\n\t\t\t\t\t\t\t\t\t<h4 style=\"text-align: center;\"><span style=\"color: #000000;\"><a style=\"color: #000000;\" href=\"http:\/\/casadacritica.com.br\/site\/cadastre-se-para-receber-newsletter\/\" target=\"_blank\" rel=\"noopener\"><strong>CADASTRE-SE AQUI PARA RECEBER NOSSA NEWSLETTER<\/strong><\/a><\/span><\/h4>\t\t\t\t\t\t\t\t<\/div>\n\t\t\t\t<\/div>\n\t\t\t\t\t<\/div>\n\t\t<\/div>\n\t\t\t\t<div class=\"elementor-column elementor-col-20 elementor-top-column elementor-element elementor-element-3d9ddd18\" data-id=\"3d9ddd18\" data-element_type=\"column\">\n\t\t\t<div class=\"elementor-widget-wrap elementor-element-populated\">\n\t\t\t\t\t\t<div class=\"elementor-element elementor-element-6e765387 elementor-widget elementor-widget-text-editor\" data-id=\"6e765387\" data-element_type=\"widget\" data-widget_type=\"text-editor.default\">\n\t\t\t\t<div class=\"elementor-widget-container\">\n\t\t\t\t\t\t\t\t\t<p style=\"text-align: center;\"><a href=\"https:\/\/www.facebook.com\/casadacritica\" target=\"_blank\" rel=\"noopener\"> \u00a0<\/a><a href=\"https:\/\/www.facebook.com\/casadacritica\" target=\"_blank\" rel=\"noopener\"><img loading=\"lazy\" decoding=\"async\" class=\"alignnone wp-image-16553\" src=\"https:\/\/casadacritica.com.br\/site\/wp-content\/uploads\/2020\/11\/Design-sem-nome-4-150x150.png\" alt=\"\" width=\"80\" height=\"80\" srcset=\"https:\/\/casadacritica.com.br\/site\/wp-content\/uploads\/2020\/11\/Design-sem-nome-4-150x150.png 150w, https:\/\/casadacritica.com.br\/site\/wp-content\/uploads\/2020\/11\/Design-sem-nome-4-300x300.png 300w, https:\/\/casadacritica.com.br\/site\/wp-content\/uploads\/2020\/11\/Design-sem-nome-4-1024x1024.png 1024w, https:\/\/casadacritica.com.br\/site\/wp-content\/uploads\/2020\/11\/Design-sem-nome-4-768x768.png 768w, https:\/\/casadacritica.com.br\/site\/wp-content\/uploads\/2020\/11\/Design-sem-nome-4.png 1080w\" sizes=\"(max-width: 80px) 100vw, 80px\" \/><\/a>\u00a0<\/p>\t\t\t\t\t\t\t\t<\/div>\n\t\t\t\t<\/div>\n\t\t\t\t\t<\/div>\n\t\t<\/div>\n\t\t\t\t<div class=\"elementor-column elementor-col-20 elementor-top-column elementor-element elementor-element-24b5ad1b\" data-id=\"24b5ad1b\" data-element_type=\"column\">\n\t\t\t<div class=\"elementor-widget-wrap elementor-element-populated\">\n\t\t\t\t\t\t<div class=\"elementor-element elementor-element-2fa6849c elementor-widget elementor-widget-text-editor\" data-id=\"2fa6849c\" data-element_type=\"widget\" data-widget_type=\"text-editor.default\">\n\t\t\t\t<div class=\"elementor-widget-container\">\n\t\t\t\t\t\t\t\t\t<p style=\"text-align: center;\"><a href=\"https:\/\/www.facebook.com\/casadacritica\" target=\"_blank\" rel=\"noopener\"> \u00a0<\/a><a href=\"https:\/\/www.instagram.com\/casadacritica\/?hl=pt-br\" target=\"_blank\" rel=\"noopener\"><img loading=\"lazy\" decoding=\"async\" class=\"alignnone wp-image-16554\" src=\"https:\/\/casadacritica.com.br\/site\/wp-content\/uploads\/2020\/11\/Design-sem-nome-5-300x300.png\" alt=\"\" width=\"80\" height=\"80\" srcset=\"https:\/\/casadacritica.com.br\/site\/wp-content\/uploads\/2020\/11\/Design-sem-nome-5-300x300.png 300w, https:\/\/casadacritica.com.br\/site\/wp-content\/uploads\/2020\/11\/Design-sem-nome-5-1024x1024.png 1024w, https:\/\/casadacritica.com.br\/site\/wp-content\/uploads\/2020\/11\/Design-sem-nome-5-150x150.png 150w, https:\/\/casadacritica.com.br\/site\/wp-content\/uploads\/2020\/11\/Design-sem-nome-5-768x768.png 768w, https:\/\/casadacritica.com.br\/site\/wp-content\/uploads\/2020\/11\/Design-sem-nome-5.png 1080w\" sizes=\"(max-width: 80px) 100vw, 80px\" \/><\/a>\u00a0<\/p>\t\t\t\t\t\t\t\t<\/div>\n\t\t\t\t<\/div>\n\t\t\t\t\t<\/div>\n\t\t<\/div>\n\t\t\t\t<div class=\"elementor-column elementor-col-20 elementor-top-column elementor-element elementor-element-297edcbd\" data-id=\"297edcbd\" data-element_type=\"column\">\n\t\t\t<div class=\"elementor-widget-wrap elementor-element-populated\">\n\t\t\t\t\t\t<div class=\"elementor-element elementor-element-4ac851fe elementor-widget elementor-widget-text-editor\" data-id=\"4ac851fe\" data-element_type=\"widget\" data-widget_type=\"text-editor.default\">\n\t\t\t\t<div class=\"elementor-widget-container\">\n\t\t\t\t\t\t\t\t\t<p style=\"text-align: center;\"><a href=\"https:\/\/www.facebook.com\/casadacritica\" target=\"_blank\" rel=\"noopener\"> \u00a0<\/a>\u00a0<a href=\"https:\/\/www.youtube.com\/channel\/UC6XmghrbiBJKkgFVAYZbImQ\" target=\"_blank\" rel=\"noopener\"><img loading=\"lazy\" decoding=\"async\" class=\"alignnone wp-image-16556\" src=\"https:\/\/casadacritica.com.br\/site\/wp-content\/uploads\/2020\/11\/Design-sem-nome-7-300x300.png\" alt=\"\" width=\"80\" height=\"80\" srcset=\"https:\/\/casadacritica.com.br\/site\/wp-content\/uploads\/2020\/11\/Design-sem-nome-7-300x300.png 300w, https:\/\/casadacritica.com.br\/site\/wp-content\/uploads\/2020\/11\/Design-sem-nome-7-1024x1024.png 1024w, https:\/\/casadacritica.com.br\/site\/wp-content\/uploads\/2020\/11\/Design-sem-nome-7-150x150.png 150w, https:\/\/casadacritica.com.br\/site\/wp-content\/uploads\/2020\/11\/Design-sem-nome-7-768x768.png 768w, https:\/\/casadacritica.com.br\/site\/wp-content\/uploads\/2020\/11\/Design-sem-nome-7.png 1080w\" sizes=\"(max-width: 80px) 100vw, 80px\" \/><\/a><\/p>\t\t\t\t\t\t\t\t<\/div>\n\t\t\t\t<\/div>\n\t\t\t\t\t<\/div>\n\t\t<\/div>\n\t\t\t\t<div class=\"elementor-column elementor-col-20 elementor-top-column elementor-element elementor-element-3ec7f1d4\" data-id=\"3ec7f1d4\" data-element_type=\"column\">\n\t\t\t<div class=\"elementor-widget-wrap elementor-element-populated\">\n\t\t\t\t\t\t<div class=\"elementor-element elementor-element-16a64721 elementor-widget elementor-widget-heading\" data-id=\"16a64721\" data-element_type=\"widget\" data-widget_type=\"heading.default\">\n\t\t\t\t<div class=\"elementor-widget-container\">\n\t\t\t\t\t<h1 class=\"elementor-heading-title elementor-size-medium\"><a href=\"https:\/\/casadacritica.com.br\/site\/fale-conosco\/\">Para falar conosco, use o bot\u00e3o do Whatsapp no canto inferior direito da p\u00e1gina ou clique AQUI.<\/a><\/h1>\t\t\t\t<\/div>\n\t\t\t\t<\/div>\n\t\t\t\t\t<\/div>\n\t\t<\/div>\n\t\t\t\t\t<\/div>\n\t\t<\/section>\n\t\t\t\t<section class=\"elementor-section elementor-top-section elementor-element elementor-element-1ceca05 elementor-section-boxed elementor-section-height-default elementor-section-height-default\" data-id=\"1ceca05\" data-element_type=\"section\">\n\t\t\t\t\t\t<div class=\"elementor-container elementor-column-gap-default\">\n\t\t\t\t\t<div class=\"elementor-column elementor-col-100 elementor-top-column elementor-element elementor-element-f18355a\" data-id=\"f18355a\" data-element_type=\"column\">\n\t\t\t<div class=\"elementor-widget-wrap elementor-element-populated\">\n\t\t\t\t\t\t<div class=\"elementor-element elementor-element-44166d5 elementor-post-navigation-borders-yes elementor-widget elementor-widget-post-navigation\" data-id=\"44166d5\" data-element_type=\"widget\" data-widget_type=\"post-navigation.default\">\n\t\t\t\t<div class=\"elementor-widget-container\">\n\t\t\t\t\t\t\t<div class=\"elementor-post-navigation\" role=\"navigation\" aria-label=\"Navega\u00e7\u00e3o do posts\">\n\t\t\t<div class=\"elementor-post-navigation__prev elementor-post-navigation__link\">\n\t\t\t\t<a href=\"https:\/\/casadacritica.com.br\/site\/artigos\/\" rel=\"prev\"><span class=\"post-navigation__arrow-wrapper post-navigation__arrow-prev\"><i aria-hidden=\"true\" class=\"fas fa-angle-left\"><\/i><span class=\"elementor-screen-only\">Anterior<\/span><\/span><span class=\"elementor-post-navigation__link__prev\"><span class=\"post-navigation__prev--label\">Anterior<\/span><span class=\"post-navigation__prev--title\">Artigos<\/span><\/span><\/a>\t\t\t<\/div>\n\t\t\t\t\t\t\t<div class=\"elementor-post-navigation__separator-wrapper\">\n\t\t\t\t\t<div class=\"elementor-post-navigation__separator\"><\/div>\n\t\t\t\t<\/div>\n\t\t\t\t\t\t<div class=\"elementor-post-navigation__next elementor-post-navigation__link\">\n\t\t\t\t<a href=\"https:\/\/casadacritica.com.br\/site\/o-problema-fundacional-orfandade\/\" rel=\"next\"><span class=\"elementor-post-navigation__link__next\"><span class=\"post-navigation__next--label\">Pr\u00f3ximo<\/span><span class=\"post-navigation__next--title\">O Problema Fundacional \u2013 ORFANDADE<\/span><\/span><span class=\"post-navigation__arrow-wrapper post-navigation__arrow-next\"><i aria-hidden=\"true\" class=\"fas fa-angle-right\"><\/i><span class=\"elementor-screen-only\">Pr\u00f3ximo<\/span><\/span><\/a>\t\t\t<\/div>\n\t\t<\/div>\n\t\t\t\t\t\t<\/div>\n\t\t\t\t<\/div>\n\t\t\t\t\t<\/div>\n\t\t<\/div>\n\t\t\t\t\t<\/div>\n\t\t<\/section>\n\t\t\t\t<\/div>\n\t\t","protected":false},"excerpt":{"rendered":"<p>Autor:&nbsp;Vicente do Prado Tolezano 27-06-2016 Somos um pa\u00eds de analfabetos. Essa \u00e9 a realidade dura e que dura h\u00e1 muito tempo, sem dar pistas de que se transformar\u00e1. Houve avan\u00e7os na \u201capar\u00eancia\u201d, qual seja, na universaliza\u00e7\u00e3o da educa\u00e7\u00e3o, particularmente quanto \u00e0 oferta universit\u00e1ria, t\u00edpico \u201couro dos tolos\u201d. Contudo, como s\u00f3i aos avan\u00e7os quantitativos, quanto maior [&hellip;]<\/p>\n","protected":false},"author":1,"featured_media":6202,"parent":0,"menu_order":0,"comment_status":"open","ping_status":"closed","template":"","meta":{"footnotes":""},"class_list":["post-232","page","type-page","status-publish","has-post-thumbnail","hentry"],"_links":{"self":[{"href":"https:\/\/casadacritica.com.br\/site\/wp-json\/wp\/v2\/pages\/232","targetHints":{"allow":["GET"]}}],"collection":[{"href":"https:\/\/casadacritica.com.br\/site\/wp-json\/wp\/v2\/pages"}],"about":[{"href":"https:\/\/casadacritica.com.br\/site\/wp-json\/wp\/v2\/types\/page"}],"author":[{"embeddable":true,"href":"https:\/\/casadacritica.com.br\/site\/wp-json\/wp\/v2\/users\/1"}],"replies":[{"embeddable":true,"href":"https:\/\/casadacritica.com.br\/site\/wp-json\/wp\/v2\/comments?post=232"}],"version-history":[{"count":18,"href":"https:\/\/casadacritica.com.br\/site\/wp-json\/wp\/v2\/pages\/232\/revisions"}],"predecessor-version":[{"id":18502,"href":"https:\/\/casadacritica.com.br\/site\/wp-json\/wp\/v2\/pages\/232\/revisions\/18502"}],"wp:featuredmedia":[{"embeddable":true,"href":"https:\/\/casadacritica.com.br\/site\/wp-json\/wp\/v2\/media\/6202"}],"wp:attachment":[{"href":"https:\/\/casadacritica.com.br\/site\/wp-json\/wp\/v2\/media?parent=232"}],"curies":[{"name":"wp","href":"https:\/\/api.w.org\/{rel}","templated":true}]}}