{"id":214,"date":"2018-05-22T12:34:32","date_gmt":"2018-05-22T12:34:32","guid":{"rendered":"http:\/\/casadacritica.com.br\/site\/?page_id=214"},"modified":"2021-07-02T15:51:21","modified_gmt":"2021-07-02T18:51:21","slug":"artigos","status":"publish","type":"page","link":"https:\/\/casadacritica.com.br\/site\/artigos\/","title":{"rendered":"Artigos"},"content":{"rendered":"\t\t<div data-elementor-type=\"wp-post\" data-elementor-id=\"214\" class=\"elementor elementor-214\" data-elementor-post-type=\"page\">\n\t\t\t\t\t\t<section class=\"elementor-section elementor-top-section elementor-element elementor-element-7a08a71 elementor-reverse-mobile elementor-section-stretched elementor-section-boxed elementor-section-height-default elementor-section-height-default\" data-id=\"7a08a71\" data-element_type=\"section\" data-settings=\"{&quot;background_background&quot;:&quot;gradient&quot;,&quot;stretch_section&quot;:&quot;section-stretched&quot;,&quot;shape_divider_top&quot;:&quot;wave-brush&quot;}\">\n\t\t\t\t\t<div class=\"elementor-shape elementor-shape-top\" aria-hidden=\"true\" data-negative=\"false\">\n\t\t\t<svg xmlns=\"http:\/\/www.w3.org\/2000\/svg\" viewBox=\"0 0 283.5 27.8\" preserveAspectRatio=\"none\">\n\t<path class=\"elementor-shape-fill\" d=\"M283.5,9.7c0,0-7.3,4.3-14,4.6c-6.8,0.3-12.6,0-20.9-1.5c-11.3-2-33.1-10.1-44.7-5.7\ts-12.1,4.6-18,7.4c-6.6,3.2-20,9.6-36.6,9.3C131.6,23.5,99.5,7.2,86.3,8c-1.4,0.1-6.6,0.8-10.5,2c-3.8,1.2-9.4,3.8-17,4.7\tc-3.2,0.4-8.3,1.1-14.2,0.9c-1.5-0.1-6.3-0.4-12-1.6c-5.7-1.2-11-3.1-15.8-3.7C6.5,9.2,0,10.8,0,10.8V0h283.5V9.7z M260.8,11.3\tc-0.7-1-2-0.4-4.3-0.4c-2.3,0-6.1-1.2-5.8-1.1c0.3,0.1,3.1,1.5,6,1.9C259.7,12.2,261.4,12.3,260.8,11.3z M242.4,8.6\tc0,0-2.4-0.2-5.6-0.9c-3.2-0.8-10.3-2.8-15.1-3.5c-8.2-1.1-15.8,0-15.1,0.1c0.8,0.1,9.6-0.6,17.6,1.1c3.3,0.7,9.3,2.2,12.4,2.7\tC239.9,8.7,242.4,8.6,242.4,8.6z M185.2,8.5c1.7-0.7-13.3,4.7-18.5,6.1c-2.1,0.6-6.2,1.6-10,2c-3.9,0.4-8.9,0.4-8.8,0.5\tc0,0.2,5.8,0.8,11.2,0c5.4-0.8,5.2-1.1,7.6-1.6C170.5,14.7,183.5,9.2,185.2,8.5z M199.1,6.9c0.2,0-0.8-0.4-4.8,1.1\tc-4,1.5-6.7,3.5-6.9,3.7c-0.2,0.1,3.5-1.8,6.6-3C197,7.5,199,6.9,199.1,6.9z M283,6c-0.1,0.1-1.9,1.1-4.8,2.5s-6.9,2.8-6.7,2.7\tc0.2,0,3.5-0.6,7.4-2.5C282.8,6.8,283.1,5.9,283,6z M31.3,11.6c0.1-0.2-1.9-0.2-4.5-1.2s-5.4-1.6-7.8-2C15,7.6,7.3,8.5,7.7,8.6\tC8,8.7,15.9,8.3,20.2,9.3c2.2,0.5,2.4,0.5,5.7,1.6S31.2,11.9,31.3,11.6z M73,9.2c0.4-0.1,3.5-1.6,8.4-2.6c4.9-1.1,8.9-0.5,8.9-0.8\tc0-0.3-1-0.9-6.2-0.3S72.6,9.3,73,9.2z M71.6,6.7C71.8,6.8,75,5.4,77.3,5c2.3-0.3,1.9-0.5,1.9-0.6c0-0.1-1.1-0.2-2.7,0.2\tC74.8,5.1,71.4,6.6,71.6,6.7z M93.6,4.4c0.1,0.2,3.5,0.8,5.6,1.8c2.1,1,1.8,0.6,1.9,0.5c0.1-0.1-0.8-0.8-2.4-1.3\tC97.1,4.8,93.5,4.2,93.6,4.4z M65.4,11.1c-0.1,0.3,0.3,0.5,1.9-0.2s2.6-1.3,2.2-1.2s-0.9,0.4-2.5,0.8C65.3,10.9,65.5,10.8,65.4,11.1\tz M34.5,12.4c-0.2,0,2.1,0.8,3.3,0.9c1.2,0.1,2,0.1,2-0.2c0-0.3-0.1-0.5-1.6-0.4C36.6,12.8,34.7,12.4,34.5,12.4z M152.2,21.1\tc-0.1,0.1-2.4-0.3-7.5-0.3c-5,0-13.6-2.4-17.2-3.5c-3.6-1.1,10,3.9,16.5,4.1C150.5,21.6,152.3,21,152.2,21.1z\"\/>\n\t<path class=\"elementor-shape-fill\" d=\"M269.6,18c-0.1-0.1-4.6,0.3-7.2,0c-7.3-0.7-17-3.2-16.6-2.9c0.4,0.3,13.7,3.1,17,3.3\tC267.7,18.8,269.7,18,269.6,18z\"\/>\n\t<path class=\"elementor-shape-fill\" d=\"M227.4,9.8c-0.2-0.1-4.5-1-9.5-1.2c-5-0.2-12.7,0.6-12.3,0.5c0.3-0.1,5.9-1.8,13.3-1.2\tS227.6,9.9,227.4,9.8z\"\/>\n\t<path class=\"elementor-shape-fill\" d=\"M204.5,13.4c-0.1-0.1,2-1,3.2-1.1c1.2-0.1,2,0,2,0.3c0,0.3-0.1,0.5-1.6,0.4\tC206.4,12.9,204.6,13.5,204.5,13.4z\"\/>\n\t<path class=\"elementor-shape-fill\" d=\"M201,10.6c0-0.1-4.4,1.2-6.3,2.2c-1.9,0.9-6.2,3.1-6.1,3.1c0.1,0.1,4.2-1.6,6.3-2.6\tS201,10.7,201,10.6z\"\/>\n\t<path class=\"elementor-shape-fill\" d=\"M154.5,26.7c-0.1-0.1-4.6,0.3-7.2,0c-7.3-0.7-17-3.2-16.6-2.9c0.4,0.3,13.7,3.1,17,3.3\tC152.6,27.5,154.6,26.8,154.5,26.7z\"\/>\n\t<path class=\"elementor-shape-fill\" d=\"M41.9,19.3c0,0,1.2-0.3,2.9-0.1c1.7,0.2,5.8,0.9,8.2,0.7c4.2-0.4,7.4-2.7,7-2.6\tc-0.4,0-4.3,2.2-8.6,1.9c-1.8-0.1-5.1-0.5-6.7-0.4S41.9,19.3,41.9,19.3z\"\/>\n\t<path class=\"elementor-shape-fill\" d=\"M75.5,12.6c0.2,0.1,2-0.8,4.3-1.1c2.3-0.2,2.1-0.3,2.1-0.5c0-0.1-1.8-0.4-3.4,0\tC76.9,11.5,75.3,12.5,75.5,12.6z\"\/>\n\t<path class=\"elementor-shape-fill\" d=\"M15.6,13.2c0-0.1,4.3,0,6.7,0.5c2.4,0.5,5,1.9,5,2c0,0.1-2.7-0.8-5.1-1.4\tC19.9,13.7,15.7,13.3,15.6,13.2z\"\/>\n<\/svg>\t\t<\/div>\n\t\t\t\t\t<div class=\"elementor-container elementor-column-gap-no\">\n\t\t\t\t\t<div class=\"elementor-column elementor-col-100 elementor-top-column elementor-element elementor-element-dafddd7\" data-id=\"dafddd7\" data-element_type=\"column\">\n\t\t\t<div class=\"elementor-widget-wrap elementor-element-populated\">\n\t\t\t\t\t\t<div class=\"elementor-element elementor-element-9422fee elementor-widget elementor-widget-heading\" data-id=\"9422fee\" data-element_type=\"widget\" data-widget_type=\"heading.default\">\n\t\t\t\t<div class=\"elementor-widget-container\">\n\t\t\t\t\t<h2 class=\"elementor-heading-title elementor-size-default\">Aprecie nossos artigos e divulgue-os \u00e0 vontade.<\/h2>\t\t\t\t<\/div>\n\t\t\t\t<\/div>\n\t\t\t\t<section class=\"elementor-section elementor-inner-section elementor-element elementor-element-7dcc646 elementor-section-boxed elementor-section-height-default elementor-section-height-default\" data-id=\"7dcc646\" data-element_type=\"section\">\n\t\t\t\t\t\t<div class=\"elementor-container elementor-column-gap-default\">\n\t\t\t\t\t<div class=\"elementor-column elementor-col-50 elementor-inner-column elementor-element elementor-element-836a66d\" data-id=\"836a66d\" data-element_type=\"column\" data-settings=\"{&quot;background_background&quot;:&quot;classic&quot;}\">\n\t\t\t<div class=\"elementor-widget-wrap elementor-element-populated\">\n\t\t\t\t\t\t<div class=\"elementor-element elementor-element-6821e92 elementor-widget elementor-widget-wp-widget-categories\" data-id=\"6821e92\" data-element_type=\"widget\" data-widget_type=\"wp-widget-categories.default\">\n\t\t\t\t<div class=\"elementor-widget-container\">\n\t\t\t\t\t<h5>CATEGORIAS DOS ARTIGOS E POESIAS<\/h5>\n\t\t\t<ul>\n\t\t\t\t\t<li class=\"cat-item cat-item-85\"><a href=\"https:\/\/casadacritica.com.br\/site\/category\/artigos\/\">Artigos<\/a> (89)\n<ul class='children'>\n\t<li class=\"cat-item cat-item-50\"><a href=\"https:\/\/casadacritica.com.br\/site\/category\/artigos\/artigos-amor-consciencia-e-liberdade\/\">Artigos Amor, Consci\u00eancia e Liberdade<\/a> (61)\n<\/li>\n\t<li class=\"cat-item cat-item-49\"><a href=\"https:\/\/casadacritica.com.br\/site\/category\/artigos\/artigos-educacao\/\">Artigos Educa\u00e7\u00e3o<\/a> (29)\n<\/li>\n\t<li class=\"cat-item cat-item-110\"><a href=\"https:\/\/casadacritica.com.br\/site\/category\/artigos\/artigos-espiritualidade\/\">Artigos Espiritualidade<\/a> (4)\n<\/li>\n<\/ul>\n<\/li>\n\t<li class=\"cat-item cat-item-545\"><a href=\"https:\/\/casadacritica.com.br\/site\/category\/conto\/\">Conto<\/a> (7)\n<\/li>\n\t<li class=\"cat-item cat-item-1\"><a href=\"https:\/\/casadacritica.com.br\/site\/category\/sem-categoria\/\">Sem categoria<\/a> (12)\n<\/li>\n\t\t\t<\/ul>\n\n\t\t\t\t\t\t\t<\/div>\n\t\t\t\t<\/div>\n\t\t\t\t\t<\/div>\n\t\t<\/div>\n\t\t\t\t<div class=\"elementor-column elementor-col-50 elementor-inner-column elementor-element elementor-element-8b7ecac\" data-id=\"8b7ecac\" data-element_type=\"column\">\n\t\t\t<div class=\"elementor-widget-wrap elementor-element-populated\">\n\t\t\t\t\t\t<div class=\"elementor-element elementor-element-4807b75 elementor-widget elementor-widget-wp-widget-tag_cloud\" data-id=\"4807b75\" data-element_type=\"widget\" data-widget_type=\"wp-widget-tag_cloud.default\">\n\t\t\t\t<div class=\"elementor-widget-container\">\n\t\t\t\t\t<h5>TAGS PRINCIPAIS DOS ARTIGOS<\/h5><div class=\"tagcloud\"><a href=\"https:\/\/casadacritica.com.br\/site\/tag\/alma\/\" class=\"tag-cloud-link tag-link-77 tag-link-position-1\" style=\"font-size: 9.79487179487pt;\" aria-label=\"alma (4 itens)\">alma<span class=\"tag-link-count\"> (4)<\/span><\/a>\n<a href=\"https:\/\/casadacritica.com.br\/site\/tag\/amor\/\" class=\"tag-cloud-link tag-link-24 tag-link-position-2\" style=\"font-size: 20.9230769231pt;\" aria-label=\"amor (20 itens)\">amor<span class=\"tag-link-count\"> (20)<\/span><\/a>\n<a href=\"https:\/\/casadacritica.com.br\/site\/tag\/analfabetismo\/\" class=\"tag-cloud-link tag-link-19 tag-link-position-3\" style=\"font-size: 9.79487179487pt;\" aria-label=\"analfabetismo (4 itens)\">analfabetismo<span class=\"tag-link-count\"> (4)<\/span><\/a>\n<a href=\"https:\/\/casadacritica.com.br\/site\/tag\/angustia\/\" class=\"tag-cloud-link tag-link-183 tag-link-position-4\" style=\"font-size: 8pt;\" aria-label=\"ang\u00fastia (3 itens)\">ang\u00fastia<span class=\"tag-link-count\"> (3)<\/span><\/a>\n<a href=\"https:\/\/casadacritica.com.br\/site\/tag\/ansiedade\/\" class=\"tag-cloud-link tag-link-255 tag-link-position-5\" style=\"font-size: 8pt;\" aria-label=\"ansiedade (3 itens)\">ansiedade<span class=\"tag-link-count\"> (3)<\/span><\/a>\n<a href=\"https:\/\/casadacritica.com.br\/site\/tag\/aristoteles\/\" class=\"tag-cloud-link tag-link-44 tag-link-position-6\" style=\"font-size: 22pt;\" aria-label=\"arist\u00f3teles (23 itens)\">arist\u00f3teles<span class=\"tag-link-count\"> (23)<\/span><\/a>\n<a href=\"https:\/\/casadacritica.com.br\/site\/tag\/autoestima\/\" class=\"tag-cloud-link tag-link-415 tag-link-position-7\" style=\"font-size: 8pt;\" aria-label=\"autoestima (3 itens)\">autoestima<span class=\"tag-link-count\"> (3)<\/span><\/a>\n<a href=\"https:\/\/casadacritica.com.br\/site\/tag\/bondade\/\" class=\"tag-cloud-link tag-link-128 tag-link-position-8\" style=\"font-size: 8pt;\" aria-label=\"bondade (3 itens)\">bondade<span class=\"tag-link-count\"> (3)<\/span><\/a>\n<a href=\"https:\/\/casadacritica.com.br\/site\/tag\/carater\/\" class=\"tag-cloud-link tag-link-193 tag-link-position-9\" style=\"font-size: 9.79487179487pt;\" aria-label=\"car\u00e1ter (4 itens)\">car\u00e1ter<span class=\"tag-link-count\"> (4)<\/span><\/a>\n<a href=\"https:\/\/casadacritica.com.br\/site\/tag\/consciencia\/\" class=\"tag-cloud-link tag-link-92 tag-link-position-10\" style=\"font-size: 15.1794871795pt;\" aria-label=\"consci\u00eancia (9 itens)\">consci\u00eancia<span class=\"tag-link-count\"> (9)<\/span><\/a>\n<a href=\"https:\/\/casadacritica.com.br\/site\/tag\/decisao\/\" class=\"tag-cloud-link tag-link-132 tag-link-position-11\" style=\"font-size: 8pt;\" aria-label=\"decis\u00e3o (3 itens)\">decis\u00e3o<span class=\"tag-link-count\"> (3)<\/span><\/a>\n<a href=\"https:\/\/casadacritica.com.br\/site\/tag\/dostoievski\/\" class=\"tag-cloud-link tag-link-188 tag-link-position-12\" style=\"font-size: 9.79487179487pt;\" aria-label=\"dostoi\u00e9vski (4 itens)\">dostoi\u00e9vski<span class=\"tag-link-count\"> (4)<\/span><\/a>\n<a href=\"https:\/\/casadacritica.com.br\/site\/tag\/educacao\/\" class=\"tag-cloud-link tag-link-20 tag-link-position-13\" style=\"font-size: 9.79487179487pt;\" aria-label=\"educa\u00e7\u00e3o (4 itens)\">educa\u00e7\u00e3o<span class=\"tag-link-count\"> (4)<\/span><\/a>\n<a href=\"https:\/\/casadacritica.com.br\/site\/tag\/ego\/\" class=\"tag-cloud-link tag-link-136 tag-link-position-14\" style=\"font-size: 12.4871794872pt;\" aria-label=\"ego (6 itens)\">ego<span class=\"tag-link-count\"> (6)<\/span><\/a>\n<a href=\"https:\/\/casadacritica.com.br\/site\/tag\/egoismo\/\" class=\"tag-cloud-link tag-link-115 tag-link-position-15\" style=\"font-size: 11.2307692308pt;\" aria-label=\"ego\u00edsmo (5 itens)\">ego\u00edsmo<span class=\"tag-link-count\"> (5)<\/span><\/a>\n<a href=\"https:\/\/casadacritica.com.br\/site\/tag\/eric-fromm\/\" class=\"tag-cloud-link tag-link-192 tag-link-position-16\" style=\"font-size: 12.4871794872pt;\" aria-label=\"eric fromm (6 itens)\">eric fromm<span class=\"tag-link-count\"> (6)<\/span><\/a>\n<a href=\"https:\/\/casadacritica.com.br\/site\/tag\/erich-fromm\/\" class=\"tag-cloud-link tag-link-548 tag-link-position-17\" style=\"font-size: 9.79487179487pt;\" aria-label=\"Erich Fromm (4 itens)\">Erich Fromm<span class=\"tag-link-count\"> (4)<\/span><\/a>\n<a href=\"https:\/\/casadacritica.com.br\/site\/tag\/esfinge\/\" class=\"tag-cloud-link tag-link-139 tag-link-position-18\" style=\"font-size: 8pt;\" aria-label=\"esfinge (3 itens)\">esfinge<span class=\"tag-link-count\"> (3)<\/span><\/a>\n<a href=\"https:\/\/casadacritica.com.br\/site\/tag\/eu\/\" class=\"tag-cloud-link tag-link-219 tag-link-position-19\" style=\"font-size: 8pt;\" aria-label=\"eu (3 itens)\">eu<span class=\"tag-link-count\"> (3)<\/span><\/a>\n<a href=\"https:\/\/casadacritica.com.br\/site\/tag\/felicidade\/\" class=\"tag-cloud-link tag-link-182 tag-link-position-20\" style=\"font-size: 9.79487179487pt;\" aria-label=\"felicidade (4 itens)\">felicidade<span class=\"tag-link-count\"> (4)<\/span><\/a>\n<a href=\"https:\/\/casadacritica.com.br\/site\/tag\/fusao\/\" class=\"tag-cloud-link tag-link-178 tag-link-position-21\" style=\"font-size: 8pt;\" aria-label=\"fus\u00e3o (3 itens)\">fus\u00e3o<span class=\"tag-link-count\"> (3)<\/span><\/a>\n<a href=\"https:\/\/casadacritica.com.br\/site\/tag\/gramatica\/\" class=\"tag-cloud-link tag-link-87 tag-link-position-22\" style=\"font-size: 9.79487179487pt;\" aria-label=\"gram\u00e1tica (4 itens)\">gram\u00e1tica<span class=\"tag-link-count\"> (4)<\/span><\/a>\n<a href=\"https:\/\/casadacritica.com.br\/site\/tag\/gratidao\/\" class=\"tag-cloud-link tag-link-172 tag-link-position-23\" style=\"font-size: 9.79487179487pt;\" aria-label=\"gratid\u00e3o (4 itens)\">gratid\u00e3o<span class=\"tag-link-count\"> (4)<\/span><\/a>\n<a href=\"https:\/\/casadacritica.com.br\/site\/tag\/guimaraesrosa\/\" class=\"tag-cloud-link tag-link-72 tag-link-position-24\" style=\"font-size: 8pt;\" aria-label=\"guimar\u00e3esrosa (3 itens)\">guimar\u00e3esrosa<span class=\"tag-link-count\"> (3)<\/span><\/a>\n<a href=\"https:\/\/casadacritica.com.br\/site\/tag\/hercules\/\" class=\"tag-cloud-link tag-link-138 tag-link-position-25\" style=\"font-size: 8pt;\" aria-label=\"h\u00e9rcules (3 itens)\">h\u00e9rcules<span class=\"tag-link-count\"> (3)<\/span><\/a>\n<a href=\"https:\/\/casadacritica.com.br\/site\/tag\/identidade\/\" class=\"tag-cloud-link tag-link-130 tag-link-position-26\" style=\"font-size: 11.2307692308pt;\" aria-label=\"identidade (5 itens)\">identidade<span class=\"tag-link-count\"> (5)<\/span><\/a>\n<a href=\"https:\/\/casadacritica.com.br\/site\/tag\/imaginacao\/\" class=\"tag-cloud-link tag-link-56 tag-link-position-27\" style=\"font-size: 11.2307692308pt;\" aria-label=\"imagina\u00e7\u00e3o (5 itens)\">imagina\u00e7\u00e3o<span class=\"tag-link-count\"> (5)<\/span><\/a>\n<a href=\"https:\/\/casadacritica.com.br\/site\/tag\/jung\/\" class=\"tag-cloud-link tag-link-269 tag-link-position-28\" style=\"font-size: 8pt;\" aria-label=\"jung (3 itens)\">jung<span class=\"tag-link-count\"> (3)<\/span><\/a>\n<a href=\"https:\/\/casadacritica.com.br\/site\/tag\/leitura\/\" class=\"tag-cloud-link tag-link-410 tag-link-position-29\" style=\"font-size: 9.79487179487pt;\" aria-label=\"leitura (4 itens)\">leitura<span class=\"tag-link-count\"> (4)<\/span><\/a>\n<a href=\"https:\/\/casadacritica.com.br\/site\/tag\/liberdade\/\" class=\"tag-cloud-link tag-link-299 tag-link-position-30\" style=\"font-size: 12.4871794872pt;\" aria-label=\"liberdade (6 itens)\">liberdade<span class=\"tag-link-count\"> (6)<\/span><\/a>\n<a href=\"https:\/\/casadacritica.com.br\/site\/tag\/linguagem\/\" class=\"tag-cloud-link tag-link-45 tag-link-position-31\" style=\"font-size: 13.3846153846pt;\" aria-label=\"linguagem (7 itens)\">linguagem<span class=\"tag-link-count\"> (7)<\/span><\/a>\n<a href=\"https:\/\/casadacritica.com.br\/site\/tag\/louis-lavelle\/\" class=\"tag-cloud-link tag-link-117 tag-link-position-32\" style=\"font-size: 12.4871794872pt;\" aria-label=\"LOUIS LAVELLE (6 itens)\">LOUIS LAVELLE<span class=\"tag-link-count\"> (6)<\/span><\/a>\n<a href=\"https:\/\/casadacritica.com.br\/site\/tag\/logica\/\" class=\"tag-cloud-link tag-link-54 tag-link-position-33\" style=\"font-size: 8pt;\" aria-label=\"l\u00f3gica (3 itens)\">l\u00f3gica<span class=\"tag-link-count\"> (3)<\/span><\/a>\n<a href=\"https:\/\/casadacritica.com.br\/site\/tag\/masoquismo\/\" class=\"tag-cloud-link tag-link-212 tag-link-position-34\" style=\"font-size: 9.79487179487pt;\" aria-label=\"masoquismo (4 itens)\">masoquismo<span class=\"tag-link-count\"> (4)<\/span><\/a>\n<a href=\"https:\/\/casadacritica.com.br\/site\/tag\/medo\/\" class=\"tag-cloud-link tag-link-62 tag-link-position-35\" style=\"font-size: 13.3846153846pt;\" aria-label=\"medo (7 itens)\">medo<span class=\"tag-link-count\"> (7)<\/span><\/a>\n<a href=\"https:\/\/casadacritica.com.br\/site\/tag\/metafisica\/\" class=\"tag-cloud-link tag-link-120 tag-link-position-36\" style=\"font-size: 8pt;\" aria-label=\"METAF\u00cdSICA (3 itens)\">METAF\u00cdSICA<span class=\"tag-link-count\"> (3)<\/span><\/a>\n<a href=\"https:\/\/casadacritica.com.br\/site\/tag\/nelson-rodrigues\/\" class=\"tag-cloud-link tag-link-184 tag-link-position-37\" style=\"font-size: 9.79487179487pt;\" aria-label=\"nelson rodrigues (4 itens)\">nelson rodrigues<span class=\"tag-link-count\"> (4)<\/span><\/a>\n<a href=\"https:\/\/casadacritica.com.br\/site\/tag\/platao\/\" class=\"tag-cloud-link tag-link-84 tag-link-position-38\" style=\"font-size: 17.1538461538pt;\" aria-label=\"plat\u00e3o (12 itens)\">plat\u00e3o<span class=\"tag-link-count\"> (12)<\/span><\/a>\n<a href=\"https:\/\/casadacritica.com.br\/site\/tag\/politica\/\" class=\"tag-cloud-link tag-link-145 tag-link-position-39\" style=\"font-size: 8pt;\" aria-label=\"pol\u00edtica (3 itens)\">pol\u00edtica<span class=\"tag-link-count\"> (3)<\/span><\/a>\n<a href=\"https:\/\/casadacritica.com.br\/site\/tag\/shakespeare\/\" class=\"tag-cloud-link tag-link-75 tag-link-position-40\" style=\"font-size: 8pt;\" aria-label=\"shakespeare (3 itens)\">shakespeare<span class=\"tag-link-count\"> (3)<\/span><\/a>\n<a href=\"https:\/\/casadacritica.com.br\/site\/tag\/socrates\/\" class=\"tag-cloud-link tag-link-154 tag-link-position-41\" style=\"font-size: 12.4871794872pt;\" aria-label=\"S\u00f3crates (6 itens)\">S\u00f3crates<span class=\"tag-link-count\"> (6)<\/span><\/a>\n<a href=\"https:\/\/casadacritica.com.br\/site\/tag\/trivium\/\" class=\"tag-cloud-link tag-link-242 tag-link-position-42\" style=\"font-size: 9.79487179487pt;\" aria-label=\"trivium (4 itens)\">trivium<span class=\"tag-link-count\"> (4)<\/span><\/a>\n<a href=\"https:\/\/casadacritica.com.br\/site\/tag\/verdade\/\" class=\"tag-cloud-link tag-link-134 tag-link-position-43\" style=\"font-size: 9.79487179487pt;\" aria-label=\"verdade (4 itens)\">verdade<span class=\"tag-link-count\"> (4)<\/span><\/a>\n<a href=\"https:\/\/casadacritica.com.br\/site\/tag\/vontade\/\" class=\"tag-cloud-link tag-link-159 tag-link-position-44\" style=\"font-size: 15.1794871795pt;\" aria-label=\"vontade (9 itens)\">vontade<span class=\"tag-link-count\"> (9)<\/span><\/a>\n<a href=\"https:\/\/casadacritica.com.br\/site\/tag\/agape\/\" class=\"tag-cloud-link tag-link-116 tag-link-position-45\" style=\"font-size: 8pt;\" aria-label=\"\u00c1GAPE (3 itens)\">\u00c1GAPE<span class=\"tag-link-count\"> (3)<\/span><\/a><\/div>\n\t\t\t\t<\/div>\n\t\t\t\t<\/div>\n\t\t\t\t\t<\/div>\n\t\t<\/div>\n\t\t\t\t\t<\/div>\n\t\t<\/section>\n\t\t\t\t\t<\/div>\n\t\t<\/div>\n\t\t\t\t\t<\/div>\n\t\t<\/section>\n\t\t\t\t<section class=\"elementor-section elementor-top-section elementor-element elementor-element-23d30930 elementor-section-stretched elementor-section-boxed elementor-section-height-default elementor-section-height-default\" data-id=\"23d30930\" data-element_type=\"section\" data-settings=\"{&quot;stretch_section&quot;:&quot;section-stretched&quot;,&quot;background_background&quot;:&quot;classic&quot;}\">\n\t\t\t\t\t\t<div class=\"elementor-container elementor-column-gap-wide\">\n\t\t\t\t\t<div class=\"elementor-column elementor-col-100 elementor-top-column elementor-element elementor-element-781d9a28\" data-id=\"781d9a28\" data-element_type=\"column\">\n\t\t\t<div class=\"elementor-widget-wrap elementor-element-populated\">\n\t\t\t\t\t\t<section class=\"elementor-section elementor-inner-section elementor-element elementor-element-3a8c2fcc elementor-section-boxed elementor-section-height-default elementor-section-height-default\" data-id=\"3a8c2fcc\" data-element_type=\"section\">\n\t\t\t\t\t\t<div class=\"elementor-container elementor-column-gap-default\">\n\t\t\t\t\t<div class=\"elementor-column elementor-col-100 elementor-inner-column elementor-element elementor-element-e554594\" data-id=\"e554594\" data-element_type=\"column\">\n\t\t\t<div class=\"elementor-widget-wrap elementor-element-populated\">\n\t\t\t\t\t\t<div class=\"elementor-element elementor-element-4306bd3 elementor-grid-3 elementor-grid-tablet-2 elementor-grid-mobile-1 elementor-posts--thumbnail-top elementor-widget elementor-widget-posts\" data-id=\"4306bd3\" data-element_type=\"widget\" data-settings=\"{&quot;pagination_type&quot;:&quot;numbers&quot;,&quot;classic_columns&quot;:&quot;3&quot;,&quot;classic_columns_tablet&quot;:&quot;2&quot;,&quot;classic_columns_mobile&quot;:&quot;1&quot;,&quot;classic_row_gap&quot;:{&quot;unit&quot;:&quot;px&quot;,&quot;size&quot;:35,&quot;sizes&quot;:[]},&quot;classic_row_gap_tablet&quot;:{&quot;unit&quot;:&quot;px&quot;,&quot;size&quot;:&quot;&quot;,&quot;sizes&quot;:[]},&quot;classic_row_gap_mobile&quot;:{&quot;unit&quot;:&quot;px&quot;,&quot;size&quot;:&quot;&quot;,&quot;sizes&quot;:[]}}\" data-widget_type=\"posts.classic\">\n\t\t\t\t<div class=\"elementor-widget-container\">\n\t\t\t\t\t\t\t<div class=\"elementor-posts-container elementor-posts elementor-posts--skin-classic elementor-grid\" role=\"list\">\n\t\t\t\t<article class=\"elementor-post elementor-grid-item post-34589 post type-post status-publish format-standard has-post-thumbnail hentry category-sem-categoria tag-anabasis tag-aristoteles tag-peregrinacao\" role=\"listitem\">\n\t\t\t\t<a class=\"elementor-post__thumbnail__link\" href=\"https:\/\/casadacritica.com.br\/site\/peregrinacao-e-enriquecimento-anabasis\/\" tabindex=\"-1\" >\n\t\t\t<div class=\"elementor-post__thumbnail\"><img fetchpriority=\"high\" decoding=\"async\" width=\"300\" height=\"169\" src=\"https:\/\/casadacritica.com.br\/site\/wp-content\/uploads\/2025\/08\/O-CUPOM-FALSO-P01-2-300x169.jpg\" class=\"attachment-medium size-medium wp-image-34591\" alt=\"\" srcset=\"https:\/\/casadacritica.com.br\/site\/wp-content\/uploads\/2025\/08\/O-CUPOM-FALSO-P01-2-300x169.jpg 300w, https:\/\/casadacritica.com.br\/site\/wp-content\/uploads\/2025\/08\/O-CUPOM-FALSO-P01-2-1024x576.jpg 1024w, https:\/\/casadacritica.com.br\/site\/wp-content\/uploads\/2025\/08\/O-CUPOM-FALSO-P01-2-768x432.jpg 768w, https:\/\/casadacritica.com.br\/site\/wp-content\/uploads\/2025\/08\/O-CUPOM-FALSO-P01-2-1536x864.jpg 1536w, https:\/\/casadacritica.com.br\/site\/wp-content\/uploads\/2025\/08\/O-CUPOM-FALSO-P01-2.jpg 1920w\" sizes=\"(max-width: 300px) 100vw, 300px\" \/><\/div>\n\t\t<\/a>\n\t\t\t\t<div class=\"elementor-post__text\">\n\t\t\t\t<h3 class=\"elementor-post__title\">\n\t\t\t<a href=\"https:\/\/casadacritica.com.br\/site\/peregrinacao-e-enriquecimento-anabasis\/\" >\n\t\t\t\tPeregrina\u00e7\u00e3o e Enriquecimento (An\u00e1basis)\t\t\t<\/a>\n\t\t<\/h3>\n\t\t\t\t<div class=\"elementor-post__meta-data\">\n\t\t\t\t\t<span class=\"elementor-post-date\">\n\t\t\t16 de agosto de 2025\t\t<\/span>\n\t\t\t\t<span class=\"elementor-post-avatar\">\n\t\t\t7 Coment\u00e1rios\t\t<\/span>\n\t\t\t\t<\/div>\n\t\t\t\t<div class=\"elementor-post__excerpt\">\n\t\t\t<p>Peregrina\u00e7\u00e3o e Enriquecimento (An\u00e1basis) Peregrina\u00e7\u00e3o e Enriquecimento (An\u00e1basis) Artigo do Vicente Tolezano Comecemos esta reflex\u00e3o com uma afirma\u00e7\u00e3o bastante contra intuitiva: \u201cem alto grau de<\/p>\n\t\t<\/div>\n\t\t\n\t\t<a class=\"elementor-post__read-more\" href=\"https:\/\/casadacritica.com.br\/site\/peregrinacao-e-enriquecimento-anabasis\/\" aria-label=\"Leia mais sobre Peregrina\u00e7\u00e3o e Enriquecimento (An\u00e1basis)\" tabindex=\"-1\" >\n\t\t\tRead More \u00bb\t\t<\/a>\n\n\t\t\t\t<\/div>\n\t\t\t\t<\/article>\n\t\t\t\t<article class=\"elementor-post elementor-grid-item post-34461 post type-post status-publish format-standard has-post-thumbnail hentry category-artigos category-artigos-amor-consciencia-e-liberdade tag-chul-han tag-consciencia tag-franca tag-hindu tag-india tag-ritos\" role=\"listitem\">\n\t\t\t\t<a class=\"elementor-post__thumbnail__link\" href=\"https:\/\/casadacritica.com.br\/site\/ritos-viva-os-ritos-experiencias-na-franca-e-na-india\/\" tabindex=\"-1\" >\n\t\t\t<div class=\"elementor-post__thumbnail\"><img decoding=\"async\" width=\"300\" height=\"169\" src=\"https:\/\/casadacritica.com.br\/site\/wp-content\/uploads\/2025\/07\/O-CUPOM-FALSO-P01-1-300x169.jpg\" class=\"attachment-medium size-medium wp-image-34466\" alt=\"\" srcset=\"https:\/\/casadacritica.com.br\/site\/wp-content\/uploads\/2025\/07\/O-CUPOM-FALSO-P01-1-300x169.jpg 300w, https:\/\/casadacritica.com.br\/site\/wp-content\/uploads\/2025\/07\/O-CUPOM-FALSO-P01-1-1024x576.jpg 1024w, https:\/\/casadacritica.com.br\/site\/wp-content\/uploads\/2025\/07\/O-CUPOM-FALSO-P01-1-768x432.jpg 768w, https:\/\/casadacritica.com.br\/site\/wp-content\/uploads\/2025\/07\/O-CUPOM-FALSO-P01-1-1536x864.jpg 1536w, https:\/\/casadacritica.com.br\/site\/wp-content\/uploads\/2025\/07\/O-CUPOM-FALSO-P01-1.jpg 1920w\" sizes=\"(max-width: 300px) 100vw, 300px\" \/><\/div>\n\t\t<\/a>\n\t\t\t\t<div class=\"elementor-post__text\">\n\t\t\t\t<h3 class=\"elementor-post__title\">\n\t\t\t<a href=\"https:\/\/casadacritica.com.br\/site\/ritos-viva-os-ritos-experiencias-na-franca-e-na-india\/\" >\n\t\t\t\tRitos: Viva os Ritos! Experi\u00eancias na Fran\u00e7a e na \u00cdndia\t\t\t<\/a>\n\t\t<\/h3>\n\t\t\t\t<div class=\"elementor-post__meta-data\">\n\t\t\t\t\t<span class=\"elementor-post-date\">\n\t\t\t17 de julho de 2025\t\t<\/span>\n\t\t\t\t<span class=\"elementor-post-avatar\">\n\t\t\t12 Coment\u00e1rios\t\t<\/span>\n\t\t\t\t<\/div>\n\t\t\t\t<div class=\"elementor-post__excerpt\">\n\t\t\t<p>Ritos: Viva os Ritos! Experi\u00eancias na Fran\u00e7a e na \u00cdndia Ritos: Viva os Ritos! Experi\u00eancias na Fran\u00e7a e na \u00cdndia Artigo do Vicente do Prado<\/p>\n\t\t<\/div>\n\t\t\n\t\t<a class=\"elementor-post__read-more\" href=\"https:\/\/casadacritica.com.br\/site\/ritos-viva-os-ritos-experiencias-na-franca-e-na-india\/\" aria-label=\"Leia mais sobre Ritos: Viva os Ritos! Experi\u00eancias na Fran\u00e7a e na \u00cdndia\" tabindex=\"-1\" >\n\t\t\tRead More \u00bb\t\t<\/a>\n\n\t\t\t\t<\/div>\n\t\t\t\t<\/article>\n\t\t\t\t<article class=\"elementor-post elementor-grid-item post-34281 post type-post status-publish format-standard has-post-thumbnail hentry category-artigos-amor-consciencia-e-liberdade category-artigos-espiritualidade category-sem-categoria tag-caminho-da-fe tag-exercicio-espiritual tag-peregrinacao tag-pseudo-dionisio tag-santiago-de-compostela tag-vida-espiritual\" role=\"listitem\">\n\t\t\t\t<a class=\"elementor-post__thumbnail__link\" href=\"https:\/\/casadacritica.com.br\/site\/peregrinacao-como-exercicio-espiritual\/\" tabindex=\"-1\" >\n\t\t\t<div class=\"elementor-post__thumbnail\"><img decoding=\"async\" width=\"300\" height=\"169\" src=\"https:\/\/casadacritica.com.br\/site\/wp-content\/uploads\/2025\/06\/O-CUPOM-FALSO-P01-1-300x169.png\" class=\"attachment-medium size-medium wp-image-34285\" alt=\"\" srcset=\"https:\/\/casadacritica.com.br\/site\/wp-content\/uploads\/2025\/06\/O-CUPOM-FALSO-P01-1-300x169.png 300w, https:\/\/casadacritica.com.br\/site\/wp-content\/uploads\/2025\/06\/O-CUPOM-FALSO-P01-1-1024x576.png 1024w, https:\/\/casadacritica.com.br\/site\/wp-content\/uploads\/2025\/06\/O-CUPOM-FALSO-P01-1-768x432.png 768w, https:\/\/casadacritica.com.br\/site\/wp-content\/uploads\/2025\/06\/O-CUPOM-FALSO-P01-1-1536x864.png 1536w, https:\/\/casadacritica.com.br\/site\/wp-content\/uploads\/2025\/06\/O-CUPOM-FALSO-P01-1.png 1920w\" sizes=\"(max-width: 300px) 100vw, 300px\" \/><\/div>\n\t\t<\/a>\n\t\t\t\t<div class=\"elementor-post__text\">\n\t\t\t\t<h3 class=\"elementor-post__title\">\n\t\t\t<a href=\"https:\/\/casadacritica.com.br\/site\/peregrinacao-como-exercicio-espiritual\/\" >\n\t\t\t\tPeregrina\u00e7\u00e3o como Exerc\u00edcio Espiritual\t\t\t<\/a>\n\t\t<\/h3>\n\t\t\t\t<div class=\"elementor-post__meta-data\">\n\t\t\t\t\t<span class=\"elementor-post-date\">\n\t\t\t3 de junho de 2025\t\t<\/span>\n\t\t\t\t<span class=\"elementor-post-avatar\">\n\t\t\t7 Coment\u00e1rios\t\t<\/span>\n\t\t\t\t<\/div>\n\t\t\t\t<div class=\"elementor-post__excerpt\">\n\t\t\t<p>PEREGRINA\u00c7\u00c3O COMO EXERC\u00cdCIO ESPIRITUAL Peregrina\u00e7\u00e3o como Exerc\u00edcio Espiritual Artigo do Vicente Tolezano Exerc\u00edcio n\u00e3o \u00e9 trabalho propriamente, pois seu fim n\u00e3o \u00e9 resolver algo concreto<\/p>\n\t\t<\/div>\n\t\t\n\t\t<a class=\"elementor-post__read-more\" href=\"https:\/\/casadacritica.com.br\/site\/peregrinacao-como-exercicio-espiritual\/\" aria-label=\"Leia mais sobre Peregrina\u00e7\u00e3o como Exerc\u00edcio Espiritual\" tabindex=\"-1\" >\n\t\t\tRead More \u00bb\t\t<\/a>\n\n\t\t\t\t<\/div>\n\t\t\t\t<\/article>\n\t\t\t\t<article class=\"elementor-post elementor-grid-item post-34171 post type-post status-publish format-standard has-post-thumbnail hentry category-sem-categoria\" role=\"listitem\">\n\t\t\t\t<a class=\"elementor-post__thumbnail__link\" href=\"https:\/\/casadacritica.com.br\/site\/virtudes-tema-eterno-perspectivas-de-platao-3\/\" tabindex=\"-1\" >\n\t\t\t<div class=\"elementor-post__thumbnail\"><img loading=\"lazy\" decoding=\"async\" width=\"300\" height=\"169\" src=\"https:\/\/casadacritica.com.br\/site\/wp-content\/uploads\/2025\/05\/SERIE-TOLSTOI-1920-x-1080-px-2-300x169.png\" class=\"attachment-medium size-medium wp-image-34182\" alt=\"\" srcset=\"https:\/\/casadacritica.com.br\/site\/wp-content\/uploads\/2025\/05\/SERIE-TOLSTOI-1920-x-1080-px-2-300x169.png 300w, https:\/\/casadacritica.com.br\/site\/wp-content\/uploads\/2025\/05\/SERIE-TOLSTOI-1920-x-1080-px-2-1024x576.png 1024w, https:\/\/casadacritica.com.br\/site\/wp-content\/uploads\/2025\/05\/SERIE-TOLSTOI-1920-x-1080-px-2-768x432.png 768w, https:\/\/casadacritica.com.br\/site\/wp-content\/uploads\/2025\/05\/SERIE-TOLSTOI-1920-x-1080-px-2-1536x864.png 1536w, https:\/\/casadacritica.com.br\/site\/wp-content\/uploads\/2025\/05\/SERIE-TOLSTOI-1920-x-1080-px-2.png 1920w\" sizes=\"(max-width: 300px) 100vw, 300px\" \/><\/div>\n\t\t<\/a>\n\t\t\t\t<div class=\"elementor-post__text\">\n\t\t\t\t<h3 class=\"elementor-post__title\">\n\t\t\t<a href=\"https:\/\/casadacritica.com.br\/site\/virtudes-tema-eterno-perspectivas-de-platao-3\/\" >\n\t\t\t\tVIRTUDES, TEMA ETERNO, PERSPECTIVAS DE PLAT\u00c3O\t\t\t<\/a>\n\t\t<\/h3>\n\t\t\t\t<div class=\"elementor-post__meta-data\">\n\t\t\t\t\t<span class=\"elementor-post-date\">\n\t\t\t4 de maio de 2025\t\t<\/span>\n\t\t\t\t<span class=\"elementor-post-avatar\">\n\t\t\t6 Coment\u00e1rios\t\t<\/span>\n\t\t\t\t<\/div>\n\t\t\t\t<div class=\"elementor-post__excerpt\">\n\t\t\t<p>Virtudes, Tema Eterno, Perspectivas de Plat\u00e3o Artigo do Vicente Tolezano O tema das virtudes, a rigor, n\u00e3o \u00e9 novo nem antigo, mas perene. Afinal, condiz<\/p>\n\t\t<\/div>\n\t\t\n\t\t<a class=\"elementor-post__read-more\" href=\"https:\/\/casadacritica.com.br\/site\/virtudes-tema-eterno-perspectivas-de-platao-3\/\" aria-label=\"Leia mais sobre VIRTUDES, TEMA ETERNO, PERSPECTIVAS DE PLAT\u00c3O\" tabindex=\"-1\" >\n\t\t\tRead More \u00bb\t\t<\/a>\n\n\t\t\t\t<\/div>\n\t\t\t\t<\/article>\n\t\t\t\t<article class=\"elementor-post elementor-grid-item post-33753 post type-post status-publish format-standard has-post-thumbnail hentry category-sem-categoria\" role=\"listitem\">\n\t\t\t\t<a class=\"elementor-post__thumbnail__link\" href=\"https:\/\/casadacritica.com.br\/site\/platao-suas-dores-a-hipocrisia-social-invencivel-e-o-dialogo-a-republica\/\" tabindex=\"-1\" >\n\t\t\t<div class=\"elementor-post__thumbnail\"><img loading=\"lazy\" decoding=\"async\" width=\"300\" height=\"169\" src=\"https:\/\/casadacritica.com.br\/site\/wp-content\/uploads\/2025\/03\/SERIE-TOLSTOI-1920-x-1080-px-300x169.png\" class=\"attachment-medium size-medium wp-image-33754\" alt=\"\" srcset=\"https:\/\/casadacritica.com.br\/site\/wp-content\/uploads\/2025\/03\/SERIE-TOLSTOI-1920-x-1080-px-300x169.png 300w, https:\/\/casadacritica.com.br\/site\/wp-content\/uploads\/2025\/03\/SERIE-TOLSTOI-1920-x-1080-px-1024x576.png 1024w, https:\/\/casadacritica.com.br\/site\/wp-content\/uploads\/2025\/03\/SERIE-TOLSTOI-1920-x-1080-px-768x432.png 768w, https:\/\/casadacritica.com.br\/site\/wp-content\/uploads\/2025\/03\/SERIE-TOLSTOI-1920-x-1080-px-1536x864.png 1536w, https:\/\/casadacritica.com.br\/site\/wp-content\/uploads\/2025\/03\/SERIE-TOLSTOI-1920-x-1080-px.png 1920w\" sizes=\"(max-width: 300px) 100vw, 300px\" \/><\/div>\n\t\t<\/a>\n\t\t\t\t<div class=\"elementor-post__text\">\n\t\t\t\t<h3 class=\"elementor-post__title\">\n\t\t\t<a href=\"https:\/\/casadacritica.com.br\/site\/platao-suas-dores-a-hipocrisia-social-invencivel-e-o-dialogo-a-republica\/\" >\n\t\t\t\tPlat\u00e3o, Suas Dores, A Hipocrisia Social Invenc\u00edvel e o Di\u00e1logo A Rep\u00fablica\t\t\t<\/a>\n\t\t<\/h3>\n\t\t\t\t<div class=\"elementor-post__meta-data\">\n\t\t\t\t\t<span class=\"elementor-post-date\">\n\t\t\t15 de mar\u00e7o de 2025\t\t<\/span>\n\t\t\t\t<span class=\"elementor-post-avatar\">\n\t\t\t8 Coment\u00e1rios\t\t<\/span>\n\t\t\t\t<\/div>\n\t\t\t\t<div class=\"elementor-post__excerpt\">\n\t\t\t<p>Plat\u00e3o, Suas Dores, A Hipocrisia Social Invenc\u00edvel e o Di\u00e1logo A Rep\u00fablica Plat\u00e3o, Suas Dores, A Hipocrisia Social Invenc\u00edvel e o Di\u00e1logo A Rep\u00fablica Artigo<\/p>\n\t\t<\/div>\n\t\t\n\t\t<a class=\"elementor-post__read-more\" href=\"https:\/\/casadacritica.com.br\/site\/platao-suas-dores-a-hipocrisia-social-invencivel-e-o-dialogo-a-republica\/\" aria-label=\"Leia mais sobre Plat\u00e3o, Suas Dores, A Hipocrisia Social Invenc\u00edvel e o Di\u00e1logo A Rep\u00fablica\" tabindex=\"-1\" >\n\t\t\tRead More \u00bb\t\t<\/a>\n\n\t\t\t\t<\/div>\n\t\t\t\t<\/article>\n\t\t\t\t<article class=\"elementor-post elementor-grid-item post-29982 post type-post status-publish format-standard has-post-thumbnail hentry category-artigos-amor-consciencia-e-liberdade tag-alma tag-desejo tag-dissonancia-cognitiva tag-freud tag-pensamento tag-platao tag-sanidade tag-vontade\" role=\"listitem\">\n\t\t\t\t<a class=\"elementor-post__thumbnail__link\" href=\"https:\/\/casadacritica.com.br\/site\/consonancia-e-dissonancia-cognitivas\/\" tabindex=\"-1\" >\n\t\t\t<div class=\"elementor-post__thumbnail\"><img loading=\"lazy\" decoding=\"async\" width=\"300\" height=\"300\" src=\"https:\/\/casadacritica.com.br\/site\/wp-content\/uploads\/2024\/06\/Copia-de-Copia-de-Copia-de-Copia-de-SERIE-ARTE-DE-AMAR-2-300x300.png\" class=\"attachment-medium size-medium wp-image-29990\" alt=\"\" srcset=\"https:\/\/casadacritica.com.br\/site\/wp-content\/uploads\/2024\/06\/Copia-de-Copia-de-Copia-de-Copia-de-SERIE-ARTE-DE-AMAR-2-300x300.png 300w, https:\/\/casadacritica.com.br\/site\/wp-content\/uploads\/2024\/06\/Copia-de-Copia-de-Copia-de-Copia-de-SERIE-ARTE-DE-AMAR-2-1024x1024.png 1024w, https:\/\/casadacritica.com.br\/site\/wp-content\/uploads\/2024\/06\/Copia-de-Copia-de-Copia-de-Copia-de-SERIE-ARTE-DE-AMAR-2-150x150.png 150w, https:\/\/casadacritica.com.br\/site\/wp-content\/uploads\/2024\/06\/Copia-de-Copia-de-Copia-de-Copia-de-SERIE-ARTE-DE-AMAR-2-768x768.png 768w, https:\/\/casadacritica.com.br\/site\/wp-content\/uploads\/2024\/06\/Copia-de-Copia-de-Copia-de-Copia-de-SERIE-ARTE-DE-AMAR-2.png 1080w\" sizes=\"(max-width: 300px) 100vw, 300px\" \/><\/div>\n\t\t<\/a>\n\t\t\t\t<div class=\"elementor-post__text\">\n\t\t\t\t<h3 class=\"elementor-post__title\">\n\t\t\t<a href=\"https:\/\/casadacritica.com.br\/site\/consonancia-e-dissonancia-cognitivas\/\" >\n\t\t\t\tConson\u00e2ncia e Disson\u00e2ncia Cognitivas\t\t\t<\/a>\n\t\t<\/h3>\n\t\t\t\t<div class=\"elementor-post__meta-data\">\n\t\t\t\t\t<span class=\"elementor-post-date\">\n\t\t\t12 de junho de 2024\t\t<\/span>\n\t\t\t\t<span class=\"elementor-post-avatar\">\n\t\t\t5 Coment\u00e1rios\t\t<\/span>\n\t\t\t\t<\/div>\n\t\t\t\t<div class=\"elementor-post__excerpt\">\n\t\t\t<p>Muita aten\u00e7\u00e3o com tuas mentiras, incoer\u00eancias e autosabotagens. Elas v\u00e3o te gerar DISSON\u00c2NCIA COGNITIVA crescente, o que \u00e9 muito grave. Saiba mais neste artigo.<\/p>\n\t\t<\/div>\n\t\t\n\t\t<a class=\"elementor-post__read-more\" href=\"https:\/\/casadacritica.com.br\/site\/consonancia-e-dissonancia-cognitivas\/\" aria-label=\"Leia mais sobre Conson\u00e2ncia e Disson\u00e2ncia Cognitivas\" tabindex=\"-1\" >\n\t\t\tRead More \u00bb\t\t<\/a>\n\n\t\t\t\t<\/div>\n\t\t\t\t<\/article>\n\t\t\t\t<article class=\"elementor-post elementor-grid-item post-29837 post type-post status-publish format-standard has-post-thumbnail hentry category-sem-categoria\" role=\"listitem\">\n\t\t\t\t<a class=\"elementor-post__thumbnail__link\" href=\"https:\/\/casadacritica.com.br\/site\/a-pergunta-quem-sou-eu-e-a-forca-da-solidao\/\" tabindex=\"-1\" >\n\t\t\t<div class=\"elementor-post__thumbnail\"><img loading=\"lazy\" decoding=\"async\" width=\"300\" height=\"200\" src=\"https:\/\/casadacritica.com.br\/site\/wp-content\/uploads\/2024\/05\/solidao-300x200.jpg\" class=\"attachment-medium size-medium wp-image-29842\" alt=\"\" srcset=\"https:\/\/casadacritica.com.br\/site\/wp-content\/uploads\/2024\/05\/solidao-300x200.jpg 300w, https:\/\/casadacritica.com.br\/site\/wp-content\/uploads\/2024\/05\/solidao-768x512.jpg 768w, https:\/\/casadacritica.com.br\/site\/wp-content\/uploads\/2024\/05\/solidao.jpg 950w\" sizes=\"(max-width: 300px) 100vw, 300px\" \/><\/div>\n\t\t<\/a>\n\t\t\t\t<div class=\"elementor-post__text\">\n\t\t\t\t<h3 class=\"elementor-post__title\">\n\t\t\t<a href=\"https:\/\/casadacritica.com.br\/site\/a-pergunta-quem-sou-eu-e-a-forca-da-solidao\/\" >\n\t\t\t\tA PERGUNTA \u201cQUEM SOU EU\u201d E A FOR\u00c7A DA SOLID\u00c3O\t\t\t<\/a>\n\t\t<\/h3>\n\t\t\t\t<div class=\"elementor-post__meta-data\">\n\t\t\t\t\t<span class=\"elementor-post-date\">\n\t\t\t23 de maio de 2024\t\t<\/span>\n\t\t\t\t<span class=\"elementor-post-avatar\">\n\t\t\t9 Coment\u00e1rios\t\t<\/span>\n\t\t\t\t<\/div>\n\t\t\t\t<div class=\"elementor-post__excerpt\">\n\t\t\t<p>H\u00e1 uma rela\u00e7\u00e3o muito pr\u00f3xima entre a busca s\u00e9ria de SI (quem sou eu) e a solid\u00e3o, bem como entre distra\u00e7\u00e3o e aten\u00e7\u00e3o.<\/p>\n\t\t<\/div>\n\t\t\n\t\t<a class=\"elementor-post__read-more\" href=\"https:\/\/casadacritica.com.br\/site\/a-pergunta-quem-sou-eu-e-a-forca-da-solidao\/\" aria-label=\"Leia mais sobre A PERGUNTA \u201cQUEM SOU EU\u201d E A FOR\u00c7A DA SOLID\u00c3O\" tabindex=\"-1\" >\n\t\t\tRead More \u00bb\t\t<\/a>\n\n\t\t\t\t<\/div>\n\t\t\t\t<\/article>\n\t\t\t\t<article class=\"elementor-post elementor-grid-item post-9570 post type-post status-publish format-standard has-post-thumbnail hentry category-artigos category-artigos-amor-consciencia-e-liberdade tag-alma tag-amadurencimento tag-amor tag-angustia tag-arvore tag-covardia tag-ego tag-escapismo tag-felicidade tag-fusao tag-iniciativa tag-nelson-rodrigues tag-renascimento tag-vontade\" role=\"listitem\">\n\t\t\t\t<a class=\"elementor-post__thumbnail__link\" href=\"https:\/\/casadacritica.com.br\/site\/021-amor-maturacao-mortes-renascimento-ex-covardes\/\" tabindex=\"-1\" >\n\t\t\t<div class=\"elementor-post__thumbnail\"><img loading=\"lazy\" decoding=\"async\" width=\"300\" height=\"300\" src=\"https:\/\/casadacritica.com.br\/site\/wp-content\/uploads\/2023\/04\/Amor-Maturacao-Mortes-Renascimento-Ex-covardes-1920-\u00d7-1080-px-660-\u00d7-440-px-1080-\u00d7-1080-px-300x300.png\" class=\"attachment-medium size-medium wp-image-25690\" alt=\"\" srcset=\"https:\/\/casadacritica.com.br\/site\/wp-content\/uploads\/2023\/04\/Amor-Maturacao-Mortes-Renascimento-Ex-covardes-1920-\u00d7-1080-px-660-\u00d7-440-px-1080-\u00d7-1080-px-300x300.png 300w, https:\/\/casadacritica.com.br\/site\/wp-content\/uploads\/2023\/04\/Amor-Maturacao-Mortes-Renascimento-Ex-covardes-1920-\u00d7-1080-px-660-\u00d7-440-px-1080-\u00d7-1080-px-1024x1024.png 1024w, https:\/\/casadacritica.com.br\/site\/wp-content\/uploads\/2023\/04\/Amor-Maturacao-Mortes-Renascimento-Ex-covardes-1920-\u00d7-1080-px-660-\u00d7-440-px-1080-\u00d7-1080-px-150x150.png 150w, https:\/\/casadacritica.com.br\/site\/wp-content\/uploads\/2023\/04\/Amor-Maturacao-Mortes-Renascimento-Ex-covardes-1920-\u00d7-1080-px-660-\u00d7-440-px-1080-\u00d7-1080-px-768x768.png 768w, https:\/\/casadacritica.com.br\/site\/wp-content\/uploads\/2023\/04\/Amor-Maturacao-Mortes-Renascimento-Ex-covardes-1920-\u00d7-1080-px-660-\u00d7-440-px-1080-\u00d7-1080-px.png 1080w\" sizes=\"(max-width: 300px) 100vw, 300px\" \/><\/div>\n\t\t<\/a>\n\t\t\t\t<div class=\"elementor-post__text\">\n\t\t\t\t<h3 class=\"elementor-post__title\">\n\t\t\t<a href=\"https:\/\/casadacritica.com.br\/site\/021-amor-maturacao-mortes-renascimento-ex-covardes\/\" >\n\t\t\t\tAmor, Matura\u00e7\u00e3o, Mortes, Renascimento, Ex-covardes\t\t\t<\/a>\n\t\t<\/h3>\n\t\t\t\t<div class=\"elementor-post__meta-data\">\n\t\t\t\t\t<span class=\"elementor-post-date\">\n\t\t\t9 de abril de 2023\t\t<\/span>\n\t\t\t\t<span class=\"elementor-post-avatar\">\n\t\t\t4 Coment\u00e1rios\t\t<\/span>\n\t\t\t\t<\/div>\n\t\t\t\t<div class=\"elementor-post__excerpt\">\n\t\t\t<p>Matura\u00e7\u00e3o \u00e9 um forma de amar, morrer e renascer.<br \/>\nA recusa da matura\u00e7\u00e3o \u00e9 um esquema de vida morta contr\u00e1ria ao que interessa que \u00e9 a morte vital. Falamos, claro, de mortes eg\u00f3icas.<\/p>\n\t\t<\/div>\n\t\t\n\t\t<a class=\"elementor-post__read-more\" href=\"https:\/\/casadacritica.com.br\/site\/021-amor-maturacao-mortes-renascimento-ex-covardes\/\" aria-label=\"Leia mais sobre Amor, Matura\u00e7\u00e3o, Mortes, Renascimento, Ex-covardes\" tabindex=\"-1\" >\n\t\t\tRead More \u00bb\t\t<\/a>\n\n\t\t\t\t<\/div>\n\t\t\t\t<\/article>\n\t\t\t\t<article class=\"elementor-post elementor-grid-item post-9264 post type-post status-publish format-standard has-post-thumbnail hentry category-artigos-educacao tag-analfabetismo tag-crise-cultural tag-cultura tag-funk tag-homem-massa tag-ortega-y-gasset tag-platao\" role=\"listitem\">\n\t\t\t\t<a class=\"elementor-post__thumbnail__link\" href=\"https:\/\/casadacritica.com.br\/site\/aconcepcaodecultura\/\" tabindex=\"-1\" >\n\t\t\t<div class=\"elementor-post__thumbnail\"><img loading=\"lazy\" decoding=\"async\" width=\"300\" height=\"158\" src=\"https:\/\/casadacritica.com.br\/site\/wp-content\/uploads\/2022\/10\/Sem-nome-1920-\u00d7-1080-px-900-\u00d7-473-px-300x158.jpg\" class=\"attachment-medium size-medium wp-image-23876\" alt=\"\" srcset=\"https:\/\/casadacritica.com.br\/site\/wp-content\/uploads\/2022\/10\/Sem-nome-1920-\u00d7-1080-px-900-\u00d7-473-px-300x158.jpg 300w, https:\/\/casadacritica.com.br\/site\/wp-content\/uploads\/2022\/10\/Sem-nome-1920-\u00d7-1080-px-900-\u00d7-473-px-768x404.jpg 768w, https:\/\/casadacritica.com.br\/site\/wp-content\/uploads\/2022\/10\/Sem-nome-1920-\u00d7-1080-px-900-\u00d7-473-px.jpg 900w\" sizes=\"(max-width: 300px) 100vw, 300px\" \/><\/div>\n\t\t<\/a>\n\t\t\t\t<div class=\"elementor-post__text\">\n\t\t\t\t<h3 class=\"elementor-post__title\">\n\t\t\t<a href=\"https:\/\/casadacritica.com.br\/site\/aconcepcaodecultura\/\" >\n\t\t\t\tA Concep\u00e7\u00e3o de Cultura &#8211; Atualidade do Homem Massa de Ortega Y Gasset\t\t\t<\/a>\n\t\t<\/h3>\n\t\t\t\t<div class=\"elementor-post__meta-data\">\n\t\t\t\t\t<span class=\"elementor-post-date\">\n\t\t\t14 de outubro de 2022\t\t<\/span>\n\t\t\t\t<span class=\"elementor-post-avatar\">\n\t\t\t2 Coment\u00e1rios\t\t<\/span>\n\t\t\t\t<\/div>\n\t\t\t\t<div class=\"elementor-post__excerpt\">\n\t\t\t<p>O termo cultura foi bastante corrompido para denotar &#8220;mero estado&#8221; como se &#8220;a\u00e7\u00e3o de cultivo&#8221; fosse. Os efeitos danosos s\u00e3o imensos.<\/p>\n\t\t<\/div>\n\t\t\n\t\t<a class=\"elementor-post__read-more\" href=\"https:\/\/casadacritica.com.br\/site\/aconcepcaodecultura\/\" aria-label=\"Leia mais sobre A Concep\u00e7\u00e3o de Cultura &#8211; Atualidade do Homem Massa de Ortega Y Gasset\" tabindex=\"-1\" >\n\t\t\tRead More \u00bb\t\t<\/a>\n\n\t\t\t\t<\/div>\n\t\t\t\t<\/article>\n\t\t\t\t<article class=\"elementor-post elementor-grid-item post-23053 post type-post status-publish format-standard has-post-thumbnail hentry category-artigos category-artigos-amor-consciencia-e-liberdade tag-autoestima tag-grande-sertao-veredas tag-guimaraesrosa tag-liberdade tag-orfandade tag-potencia\" role=\"listitem\">\n\t\t\t\t<a class=\"elementor-post__thumbnail__link\" href=\"https:\/\/casadacritica.com.br\/site\/da-orfandade-a-liberdade-travessia-grande-sertao-veredas\/\" tabindex=\"-1\" >\n\t\t\t<div class=\"elementor-post__thumbnail\"><img loading=\"lazy\" decoding=\"async\" width=\"300\" height=\"157\" src=\"https:\/\/casadacritica.com.br\/site\/wp-content\/uploads\/2022\/08\/Sem-nome-1200-\u00d7-628-px-300x157.png\" class=\"attachment-medium size-medium wp-image-23082\" alt=\"\" srcset=\"https:\/\/casadacritica.com.br\/site\/wp-content\/uploads\/2022\/08\/Sem-nome-1200-\u00d7-628-px-300x157.png 300w, https:\/\/casadacritica.com.br\/site\/wp-content\/uploads\/2022\/08\/Sem-nome-1200-\u00d7-628-px-1024x536.png 1024w, https:\/\/casadacritica.com.br\/site\/wp-content\/uploads\/2022\/08\/Sem-nome-1200-\u00d7-628-px-768x402.png 768w, https:\/\/casadacritica.com.br\/site\/wp-content\/uploads\/2022\/08\/Sem-nome-1200-\u00d7-628-px.png 1200w\" sizes=\"(max-width: 300px) 100vw, 300px\" \/><\/div>\n\t\t<\/a>\n\t\t\t\t<div class=\"elementor-post__text\">\n\t\t\t\t<h3 class=\"elementor-post__title\">\n\t\t\t<a href=\"https:\/\/casadacritica.com.br\/site\/da-orfandade-a-liberdade-travessia-grande-sertao-veredas\/\" >\n\t\t\t\tDa Orfandade \u00e0 Liberdade &#8211; Travessia &#8211; Grande Sert\u00e3o: Veredas\t\t\t<\/a>\n\t\t<\/h3>\n\t\t\t\t<div class=\"elementor-post__meta-data\">\n\t\t\t\t\t<span class=\"elementor-post-date\">\n\t\t\t16 de agosto de 2022\t\t<\/span>\n\t\t\t\t<span class=\"elementor-post-avatar\">\n\t\t\t6 Coment\u00e1rios\t\t<\/span>\n\t\t\t\t<\/div>\n\t\t\t\t<div class=\"elementor-post__excerpt\">\n\t\t\t<p>Somos naturalmente \u00f3rf\u00e3os, sen\u00e3o quando nos tornamos pai e m\u00e3e de n\u00f3s mesmos. Isso se d\u00e1 com posse de AUTOESTIMA e SENSO DE POT\u00caNCIA.<\/p>\n\t\t<\/div>\n\t\t\n\t\t<a class=\"elementor-post__read-more\" href=\"https:\/\/casadacritica.com.br\/site\/da-orfandade-a-liberdade-travessia-grande-sertao-veredas\/\" aria-label=\"Leia mais sobre Da Orfandade \u00e0 Liberdade &#8211; Travessia &#8211; Grande Sert\u00e3o: Veredas\" tabindex=\"-1\" >\n\t\t\tRead More \u00bb\t\t<\/a>\n\n\t\t\t\t<\/div>\n\t\t\t\t<\/article>\n\t\t\t\t<article class=\"elementor-post elementor-grid-item post-22958 post type-post status-publish format-standard has-post-thumbnail hentry category-artigos category-artigos-amor-consciencia-e-liberdade category-artigos-educacao category-sem-categoria tag-aristoteles tag-guimaraesrosa tag-liberdade tag-shakespeare tag-socrates\" role=\"listitem\">\n\t\t\t\t<a class=\"elementor-post__thumbnail__link\" href=\"https:\/\/casadacritica.com.br\/site\/paradoxos-a-riqueza-semantica-entre-shakespeare-guimaraes-rosa-e-socrates\/\" tabindex=\"-1\" >\n\t\t\t<div class=\"elementor-post__thumbnail\"><img loading=\"lazy\" decoding=\"async\" width=\"300\" height=\"200\" src=\"https:\/\/casadacritica.com.br\/site\/wp-content\/uploads\/2022\/07\/Inserir-um-subt\u00edtulo-660-\u00d7-440-px-300x200.png\" class=\"attachment-medium size-medium wp-image-22975\" alt=\"\" srcset=\"https:\/\/casadacritica.com.br\/site\/wp-content\/uploads\/2022\/07\/Inserir-um-subt\u00edtulo-660-\u00d7-440-px-300x200.png 300w, https:\/\/casadacritica.com.br\/site\/wp-content\/uploads\/2022\/07\/Inserir-um-subt\u00edtulo-660-\u00d7-440-px.png 660w\" sizes=\"(max-width: 300px) 100vw, 300px\" \/><\/div>\n\t\t<\/a>\n\t\t\t\t<div class=\"elementor-post__text\">\n\t\t\t\t<h3 class=\"elementor-post__title\">\n\t\t\t<a href=\"https:\/\/casadacritica.com.br\/site\/paradoxos-a-riqueza-semantica-entre-shakespeare-guimaraes-rosa-e-socrates\/\" >\n\t\t\t\tParadoxos, a Riqueza Sem\u00e2ntica &#8211; Entre Shakespeare, Guimar\u00e3es Rosa e S\u00f3crates\t\t\t<\/a>\n\t\t<\/h3>\n\t\t\t\t<div class=\"elementor-post__meta-data\">\n\t\t\t\t\t<span class=\"elementor-post-date\">\n\t\t\t26 de julho de 2022\t\t<\/span>\n\t\t\t\t<span class=\"elementor-post-avatar\">\n\t\t\t3 Coment\u00e1rios\t\t<\/span>\n\t\t\t\t<\/div>\n\t\t\t\t<div class=\"elementor-post__excerpt\">\n\t\t\t<p>Paradoxos s\u00e3o muitas vezes confundidos com contradi\u00e7\u00e3o. A nossa capacidade de significar e de liberdade s\u00e3o paradoxais. Shakespeare, Guimar\u00e3es Rosa e S\u00f3crates desnudaram isso.<\/p>\n\t\t<\/div>\n\t\t\n\t\t<a class=\"elementor-post__read-more\" href=\"https:\/\/casadacritica.com.br\/site\/paradoxos-a-riqueza-semantica-entre-shakespeare-guimaraes-rosa-e-socrates\/\" aria-label=\"Leia mais sobre Paradoxos, a Riqueza Sem\u00e2ntica &#8211; Entre Shakespeare, Guimar\u00e3es Rosa e S\u00f3crates\" tabindex=\"-1\" >\n\t\t\tRead More \u00bb\t\t<\/a>\n\n\t\t\t\t<\/div>\n\t\t\t\t<\/article>\n\t\t\t\t<article class=\"elementor-post elementor-grid-item post-22654 post type-post status-publish format-standard has-post-thumbnail hentry category-artigos category-artigos-amor-consciencia-e-liberdade tag-amor tag-carater tag-dostoievski tag-erich-fromm tag-louis-lavelle tag-perdao tag-ponde tag-ressentimento tag-viktor-frankl tag-vinganca\" role=\"listitem\">\n\t\t\t\t<a class=\"elementor-post__thumbnail__link\" href=\"https:\/\/casadacritica.com.br\/site\/perdao-vinganca-e-ressentimento-aceitacao-ou-negacoes-do-luto\/\" tabindex=\"-1\" >\n\t\t\t<div class=\"elementor-post__thumbnail\"><img loading=\"lazy\" decoding=\"async\" width=\"300\" height=\"167\" src=\"https:\/\/casadacritica.com.br\/site\/wp-content\/uploads\/2022\/04\/Design-sem-nome-11-300x167.png\" class=\"attachment-medium size-medium wp-image-22655\" alt=\"\" srcset=\"https:\/\/casadacritica.com.br\/site\/wp-content\/uploads\/2022\/04\/Design-sem-nome-11-300x167.png 300w, https:\/\/casadacritica.com.br\/site\/wp-content\/uploads\/2022\/04\/Design-sem-nome-11-768x427.png 768w, https:\/\/casadacritica.com.br\/site\/wp-content\/uploads\/2022\/04\/Design-sem-nome-11.png 810w\" sizes=\"(max-width: 300px) 100vw, 300px\" \/><\/div>\n\t\t<\/a>\n\t\t\t\t<div class=\"elementor-post__text\">\n\t\t\t\t<h3 class=\"elementor-post__title\">\n\t\t\t<a href=\"https:\/\/casadacritica.com.br\/site\/perdao-vinganca-e-ressentimento-aceitacao-ou-negacoes-do-luto\/\" >\n\t\t\t\tPerd\u00e3o, Vingan\u00e7a e Ressentimento &#8211; Aceita\u00e7\u00e3o ou Nega\u00e7\u00f5es do Luto\t\t\t<\/a>\n\t\t<\/h3>\n\t\t\t\t<div class=\"elementor-post__meta-data\">\n\t\t\t\t\t<span class=\"elementor-post-date\">\n\t\t\t16 de abril de 2022\t\t<\/span>\n\t\t\t\t<span class=\"elementor-post-avatar\">\n\t\t\t1 coment\u00e1rio\t\t<\/span>\n\t\t\t\t<\/div>\n\t\t\t\t<div class=\"elementor-post__excerpt\">\n\t\t\t<p>PERD\u00c3O, VINGAN\u00c7A E RESSENTIMENTO, ACEITA\u00c7\u00c3O OU NEGA\u00c7\u00d5ES DO LUTO Artigo de Vicente do Prado Tolezano.&nbsp; Amor, no seu sentido efetivo, \u00e9 raro. A maioria n\u00e3o<\/p>\n\t\t<\/div>\n\t\t\n\t\t<a class=\"elementor-post__read-more\" href=\"https:\/\/casadacritica.com.br\/site\/perdao-vinganca-e-ressentimento-aceitacao-ou-negacoes-do-luto\/\" aria-label=\"Leia mais sobre Perd\u00e3o, Vingan\u00e7a e Ressentimento &#8211; Aceita\u00e7\u00e3o ou Nega\u00e7\u00f5es do Luto\" tabindex=\"-1\" >\n\t\t\tRead More \u00bb\t\t<\/a>\n\n\t\t\t\t<\/div>\n\t\t\t\t<\/article>\n\t\t\t\t<article class=\"elementor-post elementor-grid-item post-22479 post type-post status-publish format-standard has-post-thumbnail hentry category-artigos category-artigos-amor-consciencia-e-liberdade category-sem-categoria tag-aristoteles tag-cancelamento tag-censura tag-liberdade tag-louis-lavelle tag-medo tag-ostracismo tag-politica\" role=\"listitem\">\n\t\t\t\t<a class=\"elementor-post__thumbnail__link\" href=\"https:\/\/casadacritica.com.br\/site\/cancelamento-social-neo-ostracismo-e-nada-mais-que-isso-2\/\" tabindex=\"-1\" >\n\t\t\t<div class=\"elementor-post__thumbnail\"><img loading=\"lazy\" decoding=\"async\" width=\"300\" height=\"167\" src=\"https:\/\/casadacritica.com.br\/site\/wp-content\/uploads\/2022\/03\/Design-sem-nome-2-300x167.png\" class=\"attachment-medium size-medium wp-image-22477\" alt=\"\" srcset=\"https:\/\/casadacritica.com.br\/site\/wp-content\/uploads\/2022\/03\/Design-sem-nome-2-300x167.png 300w, https:\/\/casadacritica.com.br\/site\/wp-content\/uploads\/2022\/03\/Design-sem-nome-2-768x427.png 768w, https:\/\/casadacritica.com.br\/site\/wp-content\/uploads\/2022\/03\/Design-sem-nome-2.png 810w\" sizes=\"(max-width: 300px) 100vw, 300px\" \/><\/div>\n\t\t<\/a>\n\t\t\t\t<div class=\"elementor-post__text\">\n\t\t\t\t<h3 class=\"elementor-post__title\">\n\t\t\t<a href=\"https:\/\/casadacritica.com.br\/site\/cancelamento-social-neo-ostracismo-e-nada-mais-que-isso-2\/\" >\n\t\t\t\tCancelamento Social &#8211; Neo Ostracismo e Nada Mais que Isso\t\t\t<\/a>\n\t\t<\/h3>\n\t\t\t\t<div class=\"elementor-post__meta-data\">\n\t\t\t\t\t<span class=\"elementor-post-date\">\n\t\t\t4 de mar\u00e7o de 2022\t\t<\/span>\n\t\t\t\t<span class=\"elementor-post-avatar\">\n\t\t\t3 Coment\u00e1rios\t\t<\/span>\n\t\t\t\t<\/div>\n\t\t\t\t<div class=\"elementor-post__excerpt\">\n\t\t\t<p>Cancelamento social (lacra\u00e7\u00e3o), t\u00e3o comum, n\u00e3o \u00e9 coisa da cultura atual ou de moda, mas pr\u00e1tica, feia e defensiva, antiga e que se chamava ostracismo.<\/p>\n\t\t<\/div>\n\t\t\n\t\t<a class=\"elementor-post__read-more\" href=\"https:\/\/casadacritica.com.br\/site\/cancelamento-social-neo-ostracismo-e-nada-mais-que-isso-2\/\" aria-label=\"Leia mais sobre Cancelamento Social &#8211; Neo Ostracismo e Nada Mais que Isso\" tabindex=\"-1\" >\n\t\t\tRead More \u00bb\t\t<\/a>\n\n\t\t\t\t<\/div>\n\t\t\t\t<\/article>\n\t\t\t\t<article class=\"elementor-post elementor-grid-item post-22037 post type-post status-publish format-standard has-post-thumbnail hentry category-artigos category-artigos-amor-consciencia-e-liberdade tag-consciencia tag-dostoievski tag-fitzgerald tag-platao tag-rebanho tag-solidao\" role=\"listitem\">\n\t\t\t\t<a class=\"elementor-post__thumbnail__link\" href=\"https:\/\/casadacritica.com.br\/site\/solidao-de-corpos-e-solidao-de-si\/\" tabindex=\"-1\" >\n\t\t\t<div class=\"elementor-post__thumbnail\"><img loading=\"lazy\" decoding=\"async\" width=\"300\" height=\"167\" src=\"https:\/\/casadacritica.com.br\/site\/wp-content\/uploads\/2021\/12\/Novo-artigo-do-Vicente-Tolezano-3-300x167.png\" class=\"attachment-medium size-medium wp-image-22044\" alt=\"\" srcset=\"https:\/\/casadacritica.com.br\/site\/wp-content\/uploads\/2021\/12\/Novo-artigo-do-Vicente-Tolezano-3-300x167.png 300w, https:\/\/casadacritica.com.br\/site\/wp-content\/uploads\/2021\/12\/Novo-artigo-do-Vicente-Tolezano-3-768x427.png 768w, https:\/\/casadacritica.com.br\/site\/wp-content\/uploads\/2021\/12\/Novo-artigo-do-Vicente-Tolezano-3.png 810w\" sizes=\"(max-width: 300px) 100vw, 300px\" \/><\/div>\n\t\t<\/a>\n\t\t\t\t<div class=\"elementor-post__text\">\n\t\t\t\t<h3 class=\"elementor-post__title\">\n\t\t\t<a href=\"https:\/\/casadacritica.com.br\/site\/solidao-de-corpos-e-solidao-de-si\/\" >\n\t\t\t\tSolid\u00e3o de Corpos e Solid\u00e3o de Si\t\t\t<\/a>\n\t\t<\/h3>\n\t\t\t\t<div class=\"elementor-post__meta-data\">\n\t\t\t\t\t<span class=\"elementor-post-date\">\n\t\t\t2 de dezembro de 2021\t\t<\/span>\n\t\t\t\t<span class=\"elementor-post-avatar\">\n\t\t\t2 Coment\u00e1rios\t\t<\/span>\n\t\t\t\t<\/div>\n\t\t\t\t<div class=\"elementor-post__excerpt\">\n\t\t\t<p>Sensos de desamparo tendem mais a solid\u00e3o de si que solid\u00e3o de corpos. Multid\u00f5es s\u00e3o encontros de corpos apenas e n\u00e3o amparam efetivamente.<\/p>\n\t\t<\/div>\n\t\t\n\t\t<a class=\"elementor-post__read-more\" href=\"https:\/\/casadacritica.com.br\/site\/solidao-de-corpos-e-solidao-de-si\/\" aria-label=\"Leia mais sobre Solid\u00e3o de Corpos e Solid\u00e3o de Si\" tabindex=\"-1\" >\n\t\t\tRead More \u00bb\t\t<\/a>\n\n\t\t\t\t<\/div>\n\t\t\t\t<\/article>\n\t\t\t\t<article class=\"elementor-post elementor-grid-item post-21972 post type-post status-publish format-standard has-post-thumbnail hentry category-artigos category-artigos-amor-consciencia-e-liberdade category-sem-categoria tag-amizade tag-autoestima tag-bajulacao tag-franqueza tag-hans-christian-andersen tag-manipulacao tag-platao tag-plutarco tag-vaidade\" role=\"listitem\">\n\t\t\t\t<a class=\"elementor-post__thumbnail__link\" href=\"https:\/\/casadacritica.com.br\/site\/bajulacao-2\/\" tabindex=\"-1\" >\n\t\t\t<div class=\"elementor-post__thumbnail\"><img loading=\"lazy\" decoding=\"async\" width=\"300\" height=\"167\" src=\"https:\/\/casadacritica.com.br\/site\/wp-content\/uploads\/2021\/11\/Design-sem-nome-6-300x167.png\" class=\"attachment-medium size-medium wp-image-21973\" alt=\"\" srcset=\"https:\/\/casadacritica.com.br\/site\/wp-content\/uploads\/2021\/11\/Design-sem-nome-6-300x167.png 300w, https:\/\/casadacritica.com.br\/site\/wp-content\/uploads\/2021\/11\/Design-sem-nome-6-768x427.png 768w, https:\/\/casadacritica.com.br\/site\/wp-content\/uploads\/2021\/11\/Design-sem-nome-6.png 810w\" sizes=\"(max-width: 300px) 100vw, 300px\" \/><\/div>\n\t\t<\/a>\n\t\t\t\t<div class=\"elementor-post__text\">\n\t\t\t\t<h3 class=\"elementor-post__title\">\n\t\t\t<a href=\"https:\/\/casadacritica.com.br\/site\/bajulacao-2\/\" >\n\t\t\t\tBajula\u00e7\u00e3o: a cordialidade insincera\t\t\t<\/a>\n\t\t<\/h3>\n\t\t\t\t<div class=\"elementor-post__meta-data\">\n\t\t\t\t\t<span class=\"elementor-post-date\">\n\t\t\t22 de novembro de 2021\t\t<\/span>\n\t\t\t\t<span class=\"elementor-post-avatar\">\n\t\t\t1 coment\u00e1rio\t\t<\/span>\n\t\t\t\t<\/div>\n\t\t\t\t<div class=\"elementor-post__excerpt\">\n\t\t\t<p>Apesar de socialmente comun\u00edssima, a bajula\u00e7\u00e3o \u00e9 atividade predat\u00f3ria, sempre danosa.<\/p>\n\t\t<\/div>\n\t\t\n\t\t<a class=\"elementor-post__read-more\" href=\"https:\/\/casadacritica.com.br\/site\/bajulacao-2\/\" aria-label=\"Leia mais sobre Bajula\u00e7\u00e3o: a cordialidade insincera\" tabindex=\"-1\" >\n\t\t\tRead More \u00bb\t\t<\/a>\n\n\t\t\t\t<\/div>\n\t\t\t\t<\/article>\n\t\t\t\t<article class=\"elementor-post elementor-grid-item post-20684 post type-post status-publish format-standard has-post-thumbnail hentry category-artigos category-artigos-educacao tag-analfabetismo-funcional tag-carater tag-erich-fromm tag-hannah-arendt tag-masoquismo tag-monteiro-lobato tag-platao\" role=\"listitem\">\n\t\t\t\t<a class=\"elementor-post__thumbnail__link\" href=\"https:\/\/casadacritica.com.br\/site\/analfabetos-funcionais-masoquistas-e-fungos\/\" tabindex=\"-1\" >\n\t\t\t<div class=\"elementor-post__thumbnail\"><img loading=\"lazy\" decoding=\"async\" width=\"300\" height=\"167\" src=\"https:\/\/casadacritica.com.br\/site\/wp-content\/uploads\/2021\/07\/4-atitudes-6-300x167.png\" class=\"attachment-medium size-medium wp-image-20685\" alt=\"\" srcset=\"https:\/\/casadacritica.com.br\/site\/wp-content\/uploads\/2021\/07\/4-atitudes-6-300x167.png 300w, https:\/\/casadacritica.com.br\/site\/wp-content\/uploads\/2021\/07\/4-atitudes-6-768x427.png 768w, https:\/\/casadacritica.com.br\/site\/wp-content\/uploads\/2021\/07\/4-atitudes-6.png 810w\" sizes=\"(max-width: 300px) 100vw, 300px\" \/><\/div>\n\t\t<\/a>\n\t\t\t\t<div class=\"elementor-post__text\">\n\t\t\t\t<h3 class=\"elementor-post__title\">\n\t\t\t<a href=\"https:\/\/casadacritica.com.br\/site\/analfabetos-funcionais-masoquistas-e-fungos\/\" >\n\t\t\t\tAnalfabetos Funcionais, Masoquistas e Fungos\t\t\t<\/a>\n\t\t<\/h3>\n\t\t\t\t<div class=\"elementor-post__meta-data\">\n\t\t\t\t\t<span class=\"elementor-post-date\">\n\t\t\t16 de julho de 2021\t\t<\/span>\n\t\t\t\t<span class=\"elementor-post-avatar\">\n\t\t\t3 Coment\u00e1rios\t\t<\/span>\n\t\t\t\t<\/div>\n\t\t\t\t<div class=\"elementor-post__excerpt\">\n\t\t\t<p>Analfabetismo Funcional n\u00e3o \u00e9 doen\u00e7a meramente cognitiva nem Masoquismo \u00e9 pervers\u00e3o meramente sexual. Ambos s\u00e3o doen\u00e7as da liberdade e s\u00e3o parasit\u00e1rios como os fungos.<\/p>\n\t\t<\/div>\n\t\t\n\t\t<a class=\"elementor-post__read-more\" href=\"https:\/\/casadacritica.com.br\/site\/analfabetos-funcionais-masoquistas-e-fungos\/\" aria-label=\"Leia mais sobre Analfabetos Funcionais, Masoquistas e Fungos\" tabindex=\"-1\" >\n\t\t\tRead More \u00bb\t\t<\/a>\n\n\t\t\t\t<\/div>\n\t\t\t\t<\/article>\n\t\t\t\t<article class=\"elementor-post elementor-grid-item post-19443 post type-post status-publish format-standard has-post-thumbnail hentry category-artigos category-artigos-amor-consciencia-e-liberdade category-artigos-espiritualidade tag-espiritualidade tag-falsidade tag-seducao tag-vicio\" role=\"listitem\">\n\t\t\t\t<a class=\"elementor-post__thumbnail__link\" href=\"https:\/\/casadacritica.com.br\/site\/seducao-por-pseudo-espiritualidade-2\/\" tabindex=\"-1\" >\n\t\t\t<div class=\"elementor-post__thumbnail\"><img loading=\"lazy\" decoding=\"async\" width=\"300\" height=\"167\" src=\"https:\/\/casadacritica.com.br\/site\/wp-content\/uploads\/2021\/02\/C\u00f3pia-de-Adicionar-um-subt\u00edtulo-10-300x167.png\" class=\"attachment-medium size-medium wp-image-19444\" alt=\"\" srcset=\"https:\/\/casadacritica.com.br\/site\/wp-content\/uploads\/2021\/02\/C\u00f3pia-de-Adicionar-um-subt\u00edtulo-10-300x167.png 300w, https:\/\/casadacritica.com.br\/site\/wp-content\/uploads\/2021\/02\/C\u00f3pia-de-Adicionar-um-subt\u00edtulo-10-768x427.png 768w, https:\/\/casadacritica.com.br\/site\/wp-content\/uploads\/2021\/02\/C\u00f3pia-de-Adicionar-um-subt\u00edtulo-10.png 810w\" sizes=\"(max-width: 300px) 100vw, 300px\" \/><\/div>\n\t\t<\/a>\n\t\t\t\t<div class=\"elementor-post__text\">\n\t\t\t\t<h3 class=\"elementor-post__title\">\n\t\t\t<a href=\"https:\/\/casadacritica.com.br\/site\/seducao-por-pseudo-espiritualidade-2\/\" >\n\t\t\t\tSedu\u00e7\u00e3o por Pseudo Espiritualidade\t\t\t<\/a>\n\t\t<\/h3>\n\t\t\t\t<div class=\"elementor-post__meta-data\">\n\t\t\t\t\t<span class=\"elementor-post-date\">\n\t\t\t2 de fevereiro de 2021\t\t<\/span>\n\t\t\t\t<span class=\"elementor-post-avatar\">\n\t\t\tNenhum coment\u00e1rio\t\t<\/span>\n\t\t\t\t<\/div>\n\t\t\t\t<div class=\"elementor-post__excerpt\">\n\t\t\t<p>Meios religiosos s\u00e3o lotados n\u00e3o apenas de gente alquebrada psiquicamente, carentes, etc &#8230;, mas de pessoas intoxicantes. Havemos de ORAR e, igualmente, de VIGIAR.<\/p>\n\t\t<\/div>\n\t\t\n\t\t<a class=\"elementor-post__read-more\" href=\"https:\/\/casadacritica.com.br\/site\/seducao-por-pseudo-espiritualidade-2\/\" aria-label=\"Leia mais sobre Sedu\u00e7\u00e3o por Pseudo Espiritualidade\" tabindex=\"-1\" >\n\t\t\tRead More \u00bb\t\t<\/a>\n\n\t\t\t\t<\/div>\n\t\t\t\t<\/article>\n\t\t\t\t<article class=\"elementor-post elementor-grid-item post-18959 post type-post status-publish format-standard has-post-thumbnail hentry category-artigos category-artigos-amor-consciencia-e-liberdade category-sem-categoria tag-aristoteles tag-bajulacao tag-instinto tag-louis-lavelle tag-martin-buber tag-rixa\" role=\"listitem\">\n\t\t\t\t<a class=\"elementor-post__thumbnail__link\" href=\"https:\/\/casadacritica.com.br\/site\/conviventes-amaveis-bajuladores-e-rixentos\/\" tabindex=\"-1\" >\n\t\t\t<div class=\"elementor-post__thumbnail\"><img loading=\"lazy\" decoding=\"async\" width=\"300\" height=\"167\" src=\"https:\/\/casadacritica.com.br\/site\/wp-content\/uploads\/2021\/01\/C\u00f3pia-de-Adicionar-um-subt\u00edtulo-8-300x167.png\" class=\"attachment-medium size-medium wp-image-18965\" alt=\"\" srcset=\"https:\/\/casadacritica.com.br\/site\/wp-content\/uploads\/2021\/01\/C\u00f3pia-de-Adicionar-um-subt\u00edtulo-8-300x167.png 300w, https:\/\/casadacritica.com.br\/site\/wp-content\/uploads\/2021\/01\/C\u00f3pia-de-Adicionar-um-subt\u00edtulo-8-1024x569.png 1024w, https:\/\/casadacritica.com.br\/site\/wp-content\/uploads\/2021\/01\/C\u00f3pia-de-Adicionar-um-subt\u00edtulo-8-768x427.png 768w, https:\/\/casadacritica.com.br\/site\/wp-content\/uploads\/2021\/01\/C\u00f3pia-de-Adicionar-um-subt\u00edtulo-8.png 1200w\" sizes=\"(max-width: 300px) 100vw, 300px\" \/><\/div>\n\t\t<\/a>\n\t\t\t\t<div class=\"elementor-post__text\">\n\t\t\t\t<h3 class=\"elementor-post__title\">\n\t\t\t<a href=\"https:\/\/casadacritica.com.br\/site\/conviventes-amaveis-bajuladores-e-rixentos\/\" >\n\t\t\t\tConviventes Am\u00e1veis, Bajuladores e Rixentos\t\t\t<\/a>\n\t\t<\/h3>\n\t\t\t\t<div class=\"elementor-post__meta-data\">\n\t\t\t\t\t<span class=\"elementor-post-date\">\n\t\t\t16 de janeiro de 2021\t\t<\/span>\n\t\t\t\t<span class=\"elementor-post-avatar\">\n\t\t\t1 coment\u00e1rio\t\t<\/span>\n\t\t\t\t<\/div>\n\t\t\t\t<div class=\"elementor-post__excerpt\">\n\t\t\t<p>Conviventes: Am\u00e1veis, Bajuladores e Rixentos Autor: Vicente do Prado Tolezano A amabilidade (afabilidade\/cortesia\/eleg\u00e2ncia\/do\u00e7ura) \u00e9 virtude que expressa uma forma excelente de conviver. A pessoa de<\/p>\n\t\t<\/div>\n\t\t\n\t\t<a class=\"elementor-post__read-more\" href=\"https:\/\/casadacritica.com.br\/site\/conviventes-amaveis-bajuladores-e-rixentos\/\" aria-label=\"Leia mais sobre Conviventes Am\u00e1veis, Bajuladores e Rixentos\" tabindex=\"-1\" >\n\t\t\tRead More \u00bb\t\t<\/a>\n\n\t\t\t\t<\/div>\n\t\t\t\t<\/article>\n\t\t\t\t<article class=\"elementor-post elementor-grid-item post-18579 post type-post status-publish format-standard has-post-thumbnail hentry category-artigos category-artigos-amor-consciencia-e-liberdade tag-amor tag-aristoteles tag-avareza tag-erich-fromm tag-liberalidade tag-prodigalidade\" role=\"listitem\">\n\t\t\t\t<a class=\"elementor-post__thumbnail__link\" href=\"https:\/\/casadacritica.com.br\/site\/liberalidade-amorosa-x-avareza-e-prodigalidade-desamorosas\/\" tabindex=\"-1\" >\n\t\t\t<div class=\"elementor-post__thumbnail\"><img loading=\"lazy\" decoding=\"async\" width=\"300\" height=\"167\" src=\"https:\/\/casadacritica.com.br\/site\/wp-content\/uploads\/2021\/01\/Design-sem-nome-5-300x167.png\" class=\"attachment-medium size-medium wp-image-18580\" alt=\"\" srcset=\"https:\/\/casadacritica.com.br\/site\/wp-content\/uploads\/2021\/01\/Design-sem-nome-5-300x167.png 300w, https:\/\/casadacritica.com.br\/site\/wp-content\/uploads\/2021\/01\/Design-sem-nome-5-768x427.png 768w, https:\/\/casadacritica.com.br\/site\/wp-content\/uploads\/2021\/01\/Design-sem-nome-5.png 810w\" sizes=\"(max-width: 300px) 100vw, 300px\" \/><\/div>\n\t\t<\/a>\n\t\t\t\t<div class=\"elementor-post__text\">\n\t\t\t\t<h3 class=\"elementor-post__title\">\n\t\t\t<a href=\"https:\/\/casadacritica.com.br\/site\/liberalidade-amorosa-x-avareza-e-prodigalidade-desamorosas\/\" >\n\t\t\t\tLiberalidade Amorosa X Avareza e Prodigalidade Desamorosas\t\t\t<\/a>\n\t\t<\/h3>\n\t\t\t\t<div class=\"elementor-post__meta-data\">\n\t\t\t\t\t<span class=\"elementor-post-date\">\n\t\t\t9 de janeiro de 2021\t\t<\/span>\n\t\t\t\t<span class=\"elementor-post-avatar\">\n\t\t\tNenhum coment\u00e1rio\t\t<\/span>\n\t\t\t\t<\/div>\n\t\t\t\t<div class=\"elementor-post__excerpt\">\n\t\t\t<p>Dar \u00e9 dever moral, tanto quanto seja com crit\u00e9rios adequados. O d\u00e9ficit em dar \u00e9 o v\u00edcio da avareza e o excesso ou desregramento \u00e9 o da prodigalidade.<\/p>\n\t\t<\/div>\n\t\t\n\t\t<a class=\"elementor-post__read-more\" href=\"https:\/\/casadacritica.com.br\/site\/liberalidade-amorosa-x-avareza-e-prodigalidade-desamorosas\/\" aria-label=\"Leia mais sobre Liberalidade Amorosa X Avareza e Prodigalidade Desamorosas\" tabindex=\"-1\" >\n\t\t\tRead More \u00bb\t\t<\/a>\n\n\t\t\t\t<\/div>\n\t\t\t\t<\/article>\n\t\t\t\t<article class=\"elementor-post elementor-grid-item post-16858 post type-post status-publish format-standard has-post-thumbnail hentry category-artigos-educacao tag-casa-da-critica tag-interpretacao-de-texto tag-leitura\" role=\"listitem\">\n\t\t\t\t<a class=\"elementor-post__thumbnail__link\" href=\"https:\/\/casadacritica.com.br\/site\/075-texto-textura-e-inteligencia\/\" tabindex=\"-1\" >\n\t\t\t<div class=\"elementor-post__thumbnail\"><img loading=\"lazy\" decoding=\"async\" width=\"300\" height=\"200\" src=\"https:\/\/casadacritica.com.br\/site\/wp-content\/uploads\/2020\/11\/claudia-wolff-MiJTU6lqksg-unsplash-300x200.jpg\" class=\"attachment-medium size-medium wp-image-16859\" alt=\"\" srcset=\"https:\/\/casadacritica.com.br\/site\/wp-content\/uploads\/2020\/11\/claudia-wolff-MiJTU6lqksg-unsplash-300x200.jpg 300w, https:\/\/casadacritica.com.br\/site\/wp-content\/uploads\/2020\/11\/claudia-wolff-MiJTU6lqksg-unsplash-1024x684.jpg 1024w, https:\/\/casadacritica.com.br\/site\/wp-content\/uploads\/2020\/11\/claudia-wolff-MiJTU6lqksg-unsplash-768x513.jpg 768w, https:\/\/casadacritica.com.br\/site\/wp-content\/uploads\/2020\/11\/claudia-wolff-MiJTU6lqksg-unsplash-1536x1025.jpg 1536w, https:\/\/casadacritica.com.br\/site\/wp-content\/uploads\/2020\/11\/claudia-wolff-MiJTU6lqksg-unsplash-2048x1367.jpg 2048w\" sizes=\"(max-width: 300px) 100vw, 300px\" \/><\/div>\n\t\t<\/a>\n\t\t\t\t<div class=\"elementor-post__text\">\n\t\t\t\t<h3 class=\"elementor-post__title\">\n\t\t\t<a href=\"https:\/\/casadacritica.com.br\/site\/075-texto-textura-e-inteligencia\/\" >\n\t\t\t\t075 &#8211; Texto, Textura e Intelig\u00eancia\t\t\t<\/a>\n\t\t<\/h3>\n\t\t\t\t<div class=\"elementor-post__meta-data\">\n\t\t\t\t\t<span class=\"elementor-post-date\">\n\t\t\t25 de novembro de 2020\t\t<\/span>\n\t\t\t\t<span class=\"elementor-post-avatar\">\n\t\t\tNenhum coment\u00e1rio\t\t<\/span>\n\t\t\t\t<\/div>\n\t\t\t\t<div class=\"elementor-post__excerpt\">\n\t\t\t<p>Ler \u00e9 pensar. Lemos texto para tonificar nossa leitura da realidade (textura). Ler sem pensar \u00e9 pr\u00e1tica de analfabetismo funcional. H\u00e1 como correr atr\u00e1s do preju\u00edzo: lendo o que n\u00e3o se leu antes.<\/p>\n\t\t<\/div>\n\t\t\n\t\t<a class=\"elementor-post__read-more\" href=\"https:\/\/casadacritica.com.br\/site\/075-texto-textura-e-inteligencia\/\" aria-label=\"Leia mais sobre 075 &#8211; Texto, Textura e Intelig\u00eancia\" tabindex=\"-1\" >\n\t\t\tRead More \u00bb\t\t<\/a>\n\n\t\t\t\t<\/div>\n\t\t\t\t<\/article>\n\t\t\t\t<article class=\"elementor-post elementor-grid-item post-16517 post type-post status-publish format-standard has-post-thumbnail hentry category-artigos-educacao category-sem-categoria tag-livros tag-pierluigi-piazzi tag-progressao\" role=\"listitem\">\n\t\t\t\t<a class=\"elementor-post__thumbnail__link\" href=\"https:\/\/casadacritica.com.br\/site\/gosto-pela-leitura-piso-da-progressao\/\" tabindex=\"-1\" >\n\t\t\t<div class=\"elementor-post__thumbnail\"><img loading=\"lazy\" decoding=\"async\" width=\"300\" height=\"167\" src=\"https:\/\/casadacritica.com.br\/site\/wp-content\/uploads\/2020\/11\/Design-sem-nome-3-300x167.png\" class=\"attachment-medium size-medium wp-image-16523\" alt=\"\" srcset=\"https:\/\/casadacritica.com.br\/site\/wp-content\/uploads\/2020\/11\/Design-sem-nome-3-300x167.png 300w, https:\/\/casadacritica.com.br\/site\/wp-content\/uploads\/2020\/11\/Design-sem-nome-3-768x427.png 768w, https:\/\/casadacritica.com.br\/site\/wp-content\/uploads\/2020\/11\/Design-sem-nome-3.png 810w\" sizes=\"(max-width: 300px) 100vw, 300px\" \/><\/div>\n\t\t<\/a>\n\t\t\t\t<div class=\"elementor-post__text\">\n\t\t\t\t<h3 class=\"elementor-post__title\">\n\t\t\t<a href=\"https:\/\/casadacritica.com.br\/site\/gosto-pela-leitura-piso-da-progressao\/\" >\n\t\t\t\t074 &#8211; Gosto pela Leitura &#8211; Piso da Progress\u00e3o\t\t\t<\/a>\n\t\t<\/h3>\n\t\t\t\t<div class=\"elementor-post__meta-data\">\n\t\t\t\t\t<span class=\"elementor-post-date\">\n\t\t\t12 de novembro de 2020\t\t<\/span>\n\t\t\t\t<span class=\"elementor-post-avatar\">\n\t\t\t1 coment\u00e1rio\t\t<\/span>\n\t\t\t\t<\/div>\n\t\t\t\t<div class=\"elementor-post__excerpt\">\n\t\t\t<p>Educar o GOSTO PELA LEITURA \u00e9 o \u00fanico caminho para que algu\u00e9m leia bastante e em progress\u00e3o qualitativa e de complexidade. Gostar de ler equivale a gostar de pensar.<\/p>\n\t\t<\/div>\n\t\t\n\t\t<a class=\"elementor-post__read-more\" href=\"https:\/\/casadacritica.com.br\/site\/gosto-pela-leitura-piso-da-progressao\/\" aria-label=\"Leia mais sobre 074 &#8211; Gosto pela Leitura &#8211; Piso da Progress\u00e3o\" tabindex=\"-1\" >\n\t\t\tRead More \u00bb\t\t<\/a>\n\n\t\t\t\t<\/div>\n\t\t\t\t<\/article>\n\t\t\t\t<article class=\"elementor-post elementor-grid-item post-15995 post type-post status-publish format-standard has-post-thumbnail hentry category-artigos-amor-consciencia-e-liberdade tag-aristoteles tag-etica\" role=\"listitem\">\n\t\t\t\t<a class=\"elementor-post__thumbnail__link\" href=\"https:\/\/casadacritica.com.br\/site\/moral-x-etica-confusao\/\" tabindex=\"-1\" >\n\t\t\t<div class=\"elementor-post__thumbnail\"><img loading=\"lazy\" decoding=\"async\" width=\"300\" height=\"167\" src=\"https:\/\/casadacritica.com.br\/site\/wp-content\/uploads\/2020\/10\/Design-sem-nome-300x167.png\" class=\"attachment-medium size-medium wp-image-15996\" alt=\"\" srcset=\"https:\/\/casadacritica.com.br\/site\/wp-content\/uploads\/2020\/10\/Design-sem-nome-300x167.png 300w, https:\/\/casadacritica.com.br\/site\/wp-content\/uploads\/2020\/10\/Design-sem-nome-768x427.png 768w, https:\/\/casadacritica.com.br\/site\/wp-content\/uploads\/2020\/10\/Design-sem-nome.png 810w\" sizes=\"(max-width: 300px) 100vw, 300px\" \/><\/div>\n\t\t<\/a>\n\t\t\t\t<div class=\"elementor-post__text\">\n\t\t\t\t<h3 class=\"elementor-post__title\">\n\t\t\t<a href=\"https:\/\/casadacritica.com.br\/site\/moral-x-etica-confusao\/\" >\n\t\t\t\t073 &#8211; Moral X \u00c9tica &#8211; Confus\u00e3o\t\t\t<\/a>\n\t\t<\/h3>\n\t\t\t\t<div class=\"elementor-post__meta-data\">\n\t\t\t\t\t<span class=\"elementor-post-date\">\n\t\t\t23 de outubro de 2020\t\t<\/span>\n\t\t\t\t<span class=\"elementor-post-avatar\">\n\t\t\tNenhum coment\u00e1rio\t\t<\/span>\n\t\t\t\t<\/div>\n\t\t\t\t<div class=\"elementor-post__excerpt\">\n\t\t\t<p>Muito se confundem Moral e \u00c9tica. Ora tratam-nas como sin\u00f4nimos e ora chamam uma de outra e vice versa. Neste artigo, provemos o discernimento devido.<\/p>\n\t\t<\/div>\n\t\t\n\t\t<a class=\"elementor-post__read-more\" href=\"https:\/\/casadacritica.com.br\/site\/moral-x-etica-confusao\/\" aria-label=\"Leia mais sobre 073 &#8211; Moral X \u00c9tica &#8211; Confus\u00e3o\" tabindex=\"-1\" >\n\t\t\tRead More \u00bb\t\t<\/a>\n\n\t\t\t\t<\/div>\n\t\t\t\t<\/article>\n\t\t\t\t<article class=\"elementor-post elementor-grid-item post-15928 post type-post status-publish format-standard has-post-thumbnail hentry category-artigos category-artigos-educacao tag-autodidatismo tag-bertrand-russel tag-erich-fromm tag-freud tag-john-gatto tag-mortimer-adler tag-pascal-bernardin tag-pierluigi-piazzi\" role=\"listitem\">\n\t\t\t\t<a class=\"elementor-post__thumbnail__link\" href=\"https:\/\/casadacritica.com.br\/site\/autodidata-x-analfabeto-funcional-livre-x-servo\/\" tabindex=\"-1\" >\n\t\t\t<div class=\"elementor-post__thumbnail\"><img loading=\"lazy\" decoding=\"async\" width=\"300\" height=\"200\" src=\"https:\/\/casadacritica.com.br\/site\/wp-content\/uploads\/2020\/10\/green-chameleon-s9CC2SKySJM-unsplash-300x200.jpg\" class=\"attachment-medium size-medium wp-image-15929\" alt=\"\" srcset=\"https:\/\/casadacritica.com.br\/site\/wp-content\/uploads\/2020\/10\/green-chameleon-s9CC2SKySJM-unsplash-300x200.jpg 300w, https:\/\/casadacritica.com.br\/site\/wp-content\/uploads\/2020\/10\/green-chameleon-s9CC2SKySJM-unsplash-1024x683.jpg 1024w, https:\/\/casadacritica.com.br\/site\/wp-content\/uploads\/2020\/10\/green-chameleon-s9CC2SKySJM-unsplash-768x512.jpg 768w, https:\/\/casadacritica.com.br\/site\/wp-content\/uploads\/2020\/10\/green-chameleon-s9CC2SKySJM-unsplash-1536x1024.jpg 1536w, https:\/\/casadacritica.com.br\/site\/wp-content\/uploads\/2020\/10\/green-chameleon-s9CC2SKySJM-unsplash-2048x1365.jpg 2048w\" sizes=\"(max-width: 300px) 100vw, 300px\" \/><\/div>\n\t\t<\/a>\n\t\t\t\t<div class=\"elementor-post__text\">\n\t\t\t\t<h3 class=\"elementor-post__title\">\n\t\t\t<a href=\"https:\/\/casadacritica.com.br\/site\/autodidata-x-analfabeto-funcional-livre-x-servo\/\" >\n\t\t\t\t072 Autodidata X Analfabeto Funcional &#8211; Livre X Servo\t\t\t<\/a>\n\t\t<\/h3>\n\t\t\t\t<div class=\"elementor-post__meta-data\">\n\t\t\t\t\t<span class=\"elementor-post-date\">\n\t\t\t19 de outubro de 2020\t\t<\/span>\n\t\t\t\t<span class=\"elementor-post-avatar\">\n\t\t\t1 coment\u00e1rio\t\t<\/span>\n\t\t\t\t<\/div>\n\t\t\t\t<div class=\"elementor-post__excerpt\">\n\t\t\t<p>O oposto pleno ao analfabeto funcional \u00e9 o autodidata. \u00c9 a mesma oposi\u00e7\u00e3o entre servid\u00e3o e liberdade. Analfabeto funcional, tantas vezes, \u00e9 aquele que se sabota justamente para n\u00e3o ser livre. \u00c9 \u00e1rduo libertar o servo.<\/p>\n\t\t<\/div>\n\t\t\n\t\t<a class=\"elementor-post__read-more\" href=\"https:\/\/casadacritica.com.br\/site\/autodidata-x-analfabeto-funcional-livre-x-servo\/\" aria-label=\"Leia mais sobre 072 Autodidata X Analfabeto Funcional &#8211; Livre X Servo\" tabindex=\"-1\" >\n\t\t\tRead More \u00bb\t\t<\/a>\n\n\t\t\t\t<\/div>\n\t\t\t\t<\/article>\n\t\t\t\t<article class=\"elementor-post elementor-grid-item post-15673 post type-post status-publish format-standard has-post-thumbnail hentry category-artigos category-artigos-educacao\" role=\"listitem\">\n\t\t\t\t<a class=\"elementor-post__thumbnail__link\" href=\"https:\/\/casadacritica.com.br\/site\/071-integracao-e-integridade-pessoais\/\" tabindex=\"-1\" >\n\t\t\t<div class=\"elementor-post__thumbnail\"><img loading=\"lazy\" decoding=\"async\" width=\"300\" height=\"167\" src=\"https:\/\/casadacritica.com.br\/site\/wp-content\/uploads\/2020\/09\/Design-sem-nome-8-300x167.png\" class=\"attachment-medium size-medium wp-image-15674\" alt=\"\" srcset=\"https:\/\/casadacritica.com.br\/site\/wp-content\/uploads\/2020\/09\/Design-sem-nome-8-300x167.png 300w, https:\/\/casadacritica.com.br\/site\/wp-content\/uploads\/2020\/09\/Design-sem-nome-8-768x427.png 768w, https:\/\/casadacritica.com.br\/site\/wp-content\/uploads\/2020\/09\/Design-sem-nome-8.png 810w\" sizes=\"(max-width: 300px) 100vw, 300px\" \/><\/div>\n\t\t<\/a>\n\t\t\t\t<div class=\"elementor-post__text\">\n\t\t\t\t<h3 class=\"elementor-post__title\">\n\t\t\t<a href=\"https:\/\/casadacritica.com.br\/site\/071-integracao-e-integridade-pessoais\/\" >\n\t\t\t\t071 &#8211; Integra\u00e7\u00e3o e Integridade Pessoais\t\t\t<\/a>\n\t\t<\/h3>\n\t\t\t\t<div class=\"elementor-post__meta-data\">\n\t\t\t\t\t<span class=\"elementor-post-date\">\n\t\t\t17 de setembro de 2020\t\t<\/span>\n\t\t\t\t<span class=\"elementor-post-avatar\">\n\t\t\tNenhum coment\u00e1rio\t\t<\/span>\n\t\t\t\t<\/div>\n\t\t\t\t<div class=\"elementor-post__excerpt\">\n\t\t\t<p>071 &#8211; Integra\u00e7\u00e3o e Integridade Pessoais Autor: Vicente do Prado Tolezano A perspectiva cl\u00e1ssica sobre a alma, desde a tradi\u00e7\u00e3o plat\u00f4nica, divide-a em 3 partes:<\/p>\n\t\t<\/div>\n\t\t\n\t\t<a class=\"elementor-post__read-more\" href=\"https:\/\/casadacritica.com.br\/site\/071-integracao-e-integridade-pessoais\/\" aria-label=\"Leia mais sobre 071 &#8211; Integra\u00e7\u00e3o e Integridade Pessoais\" tabindex=\"-1\" >\n\t\t\tRead More \u00bb\t\t<\/a>\n\n\t\t\t\t<\/div>\n\t\t\t\t<\/article>\n\t\t\t\t<article class=\"elementor-post elementor-grid-item post-15599 post type-post status-publish format-standard has-post-thumbnail hentry category-conto\" role=\"listitem\">\n\t\t\t\t<a class=\"elementor-post__thumbnail__link\" href=\"https:\/\/casadacritica.com.br\/site\/pai-da-moca-na-noitada-de-sabado-conto\/\" tabindex=\"-1\" >\n\t\t\t<div class=\"elementor-post__thumbnail\"><img loading=\"lazy\" decoding=\"async\" width=\"300\" height=\"167\" src=\"https:\/\/casadacritica.com.br\/site\/wp-content\/uploads\/2020\/09\/LOURDINHA-E-SEU-ATESTADO-8-300x167.png\" class=\"attachment-medium size-medium wp-image-15600\" alt=\"\" srcset=\"https:\/\/casadacritica.com.br\/site\/wp-content\/uploads\/2020\/09\/LOURDINHA-E-SEU-ATESTADO-8-300x167.png 300w, https:\/\/casadacritica.com.br\/site\/wp-content\/uploads\/2020\/09\/LOURDINHA-E-SEU-ATESTADO-8-768x427.png 768w, https:\/\/casadacritica.com.br\/site\/wp-content\/uploads\/2020\/09\/LOURDINHA-E-SEU-ATESTADO-8.png 810w\" sizes=\"(max-width: 300px) 100vw, 300px\" \/><\/div>\n\t\t<\/a>\n\t\t\t\t<div class=\"elementor-post__text\">\n\t\t\t\t<h3 class=\"elementor-post__title\">\n\t\t\t<a href=\"https:\/\/casadacritica.com.br\/site\/pai-da-moca-na-noitada-de-sabado-conto\/\" >\n\t\t\t\tPai da mo\u00e7a na noitada de s\u00e1bado &#8211; Conto\t\t\t<\/a>\n\t\t<\/h3>\n\t\t\t\t<div class=\"elementor-post__meta-data\">\n\t\t\t\t\t<span class=\"elementor-post-date\">\n\t\t\t10 de setembro de 2020\t\t<\/span>\n\t\t\t\t<span class=\"elementor-post-avatar\">\n\t\t\tNenhum coment\u00e1rio\t\t<\/span>\n\t\t\t\t<\/div>\n\t\t\t\t<div class=\"elementor-post__excerpt\">\n\t\t\t<p>J\u00e1 eram avan\u00e7adas as horas da noite daquele s\u00e1bado de muito calor na cidade de S\u00e3o Paulo. O Dr. Rol\u00e9zio fru\u00eda do seu mais que<\/p>\n\t\t<\/div>\n\t\t\n\t\t<a class=\"elementor-post__read-more\" href=\"https:\/\/casadacritica.com.br\/site\/pai-da-moca-na-noitada-de-sabado-conto\/\" aria-label=\"Leia mais sobre Pai da mo\u00e7a na noitada de s\u00e1bado &#8211; Conto\" tabindex=\"-1\" >\n\t\t\tRead More \u00bb\t\t<\/a>\n\n\t\t\t\t<\/div>\n\t\t\t\t<\/article>\n\t\t\t\t<article class=\"elementor-post elementor-grid-item post-15580 post type-post status-publish format-standard has-post-thumbnail hentry category-conto\" role=\"listitem\">\n\t\t\t\t<a class=\"elementor-post__thumbnail__link\" href=\"https:\/\/casadacritica.com.br\/site\/os-olhos-dos-sapos\/\" tabindex=\"-1\" >\n\t\t\t<div class=\"elementor-post__thumbnail\"><img loading=\"lazy\" decoding=\"async\" width=\"300\" height=\"167\" src=\"https:\/\/casadacritica.com.br\/site\/wp-content\/uploads\/2020\/09\/LOURDINHA-E-SEU-ATESTADO-7-300x167.png\" class=\"attachment-medium size-medium wp-image-15581\" alt=\"\" srcset=\"https:\/\/casadacritica.com.br\/site\/wp-content\/uploads\/2020\/09\/LOURDINHA-E-SEU-ATESTADO-7-300x167.png 300w, https:\/\/casadacritica.com.br\/site\/wp-content\/uploads\/2020\/09\/LOURDINHA-E-SEU-ATESTADO-7-768x427.png 768w, https:\/\/casadacritica.com.br\/site\/wp-content\/uploads\/2020\/09\/LOURDINHA-E-SEU-ATESTADO-7.png 810w\" sizes=\"(max-width: 300px) 100vw, 300px\" \/><\/div>\n\t\t<\/a>\n\t\t\t\t<div class=\"elementor-post__text\">\n\t\t\t\t<h3 class=\"elementor-post__title\">\n\t\t\t<a href=\"https:\/\/casadacritica.com.br\/site\/os-olhos-dos-sapos\/\" >\n\t\t\t\tOs olhos dos sapos\t\t\t<\/a>\n\t\t<\/h3>\n\t\t\t\t<div class=\"elementor-post__meta-data\">\n\t\t\t\t\t<span class=\"elementor-post-date\">\n\t\t\t7 de setembro de 2020\t\t<\/span>\n\t\t\t\t<span class=\"elementor-post-avatar\">\n\t\t\tNenhum coment\u00e1rio\t\t<\/span>\n\t\t\t\t<\/div>\n\t\t\t\t<div class=\"elementor-post__excerpt\">\n\t\t\t<p>A amiga do amigo do conhecido do meio parente da sobrinha da Z\u00e9lia que era cliente do escrit\u00f3rio agendou atendimento com o Dr. Rol\u00e9zio. Ela<\/p>\n\t\t<\/div>\n\t\t\n\t\t<a class=\"elementor-post__read-more\" href=\"https:\/\/casadacritica.com.br\/site\/os-olhos-dos-sapos\/\" aria-label=\"Leia mais sobre Os olhos dos sapos\" tabindex=\"-1\" >\n\t\t\tRead More \u00bb\t\t<\/a>\n\n\t\t\t\t<\/div>\n\t\t\t\t<\/article>\n\t\t\t\t<article class=\"elementor-post elementor-grid-item post-15554 post type-post status-publish format-standard has-post-thumbnail hentry category-conto\" role=\"listitem\">\n\t\t\t\t<a class=\"elementor-post__thumbnail__link\" href=\"https:\/\/casadacritica.com.br\/site\/o-gil-que-gostava-muito-do-rolezio-conto\/\" tabindex=\"-1\" >\n\t\t\t<div class=\"elementor-post__thumbnail\"><img loading=\"lazy\" decoding=\"async\" width=\"300\" height=\"167\" src=\"https:\/\/casadacritica.com.br\/site\/wp-content\/uploads\/2020\/09\/LOURDINHA-E-SEU-ATESTADO-6-300x167.png\" class=\"attachment-medium size-medium wp-image-15557\" alt=\"\" srcset=\"https:\/\/casadacritica.com.br\/site\/wp-content\/uploads\/2020\/09\/LOURDINHA-E-SEU-ATESTADO-6-300x167.png 300w, https:\/\/casadacritica.com.br\/site\/wp-content\/uploads\/2020\/09\/LOURDINHA-E-SEU-ATESTADO-6-768x427.png 768w, https:\/\/casadacritica.com.br\/site\/wp-content\/uploads\/2020\/09\/LOURDINHA-E-SEU-ATESTADO-6.png 810w\" sizes=\"(max-width: 300px) 100vw, 300px\" \/><\/div>\n\t\t<\/a>\n\t\t\t\t<div class=\"elementor-post__text\">\n\t\t\t\t<h3 class=\"elementor-post__title\">\n\t\t\t<a href=\"https:\/\/casadacritica.com.br\/site\/o-gil-que-gostava-muito-do-rolezio-conto\/\" >\n\t\t\t\tO Gil, que gostava muito do Rol\u00e9zio &#8211; Conto\t\t\t<\/a>\n\t\t<\/h3>\n\t\t\t\t<div class=\"elementor-post__meta-data\">\n\t\t\t\t\t<span class=\"elementor-post-date\">\n\t\t\t5 de setembro de 2020\t\t<\/span>\n\t\t\t\t<span class=\"elementor-post-avatar\">\n\t\t\tNenhum coment\u00e1rio\t\t<\/span>\n\t\t\t\t<\/div>\n\t\t\t\t<div class=\"elementor-post__excerpt\">\n\t\t\t<p>Na apar\u00eancia geral, ele sempre expressava cansa\u00e7o ou alguma perda de vi\u00e7o cr\u00f4nicos, o que n\u00e3o impedia o seu sobressalto de simpatia nem a conversa<\/p>\n\t\t<\/div>\n\t\t\n\t\t<a class=\"elementor-post__read-more\" href=\"https:\/\/casadacritica.com.br\/site\/o-gil-que-gostava-muito-do-rolezio-conto\/\" aria-label=\"Leia mais sobre O Gil, que gostava muito do Rol\u00e9zio &#8211; Conto\" tabindex=\"-1\" >\n\t\t\tRead More \u00bb\t\t<\/a>\n\n\t\t\t\t<\/div>\n\t\t\t\t<\/article>\n\t\t\t\t<article class=\"elementor-post elementor-grid-item post-15093 post type-post status-publish format-standard has-post-thumbnail hentry category-sem-categoria tag-aristoteles\" role=\"listitem\">\n\t\t\t\t<a class=\"elementor-post__thumbnail__link\" href=\"https:\/\/casadacritica.com.br\/site\/070-dignidade-senhores-e-servos\/\" tabindex=\"-1\" >\n\t\t\t<div class=\"elementor-post__thumbnail\"><img loading=\"lazy\" decoding=\"async\" width=\"300\" height=\"167\" src=\"https:\/\/casadacritica.com.br\/site\/wp-content\/uploads\/2020\/08\/Design-sem-nome-3-300x167.png\" class=\"attachment-medium size-medium wp-image-15098\" alt=\"\" srcset=\"https:\/\/casadacritica.com.br\/site\/wp-content\/uploads\/2020\/08\/Design-sem-nome-3-300x167.png 300w, https:\/\/casadacritica.com.br\/site\/wp-content\/uploads\/2020\/08\/Design-sem-nome-3-768x427.png 768w, https:\/\/casadacritica.com.br\/site\/wp-content\/uploads\/2020\/08\/Design-sem-nome-3.png 810w\" sizes=\"(max-width: 300px) 100vw, 300px\" \/><\/div>\n\t\t<\/a>\n\t\t\t\t<div class=\"elementor-post__text\">\n\t\t\t\t<h3 class=\"elementor-post__title\">\n\t\t\t<a href=\"https:\/\/casadacritica.com.br\/site\/070-dignidade-senhores-e-servos\/\" >\n\t\t\t\t070 &#8211; Dignidade, Senhores e Servos\t\t\t<\/a>\n\t\t<\/h3>\n\t\t\t\t<div class=\"elementor-post__meta-data\">\n\t\t\t\t\t<span class=\"elementor-post-date\">\n\t\t\t23 de agosto de 2020\t\t<\/span>\n\t\t\t\t<span class=\"elementor-post-avatar\">\n\t\t\tNenhum coment\u00e1rio\t\t<\/span>\n\t\t\t\t<\/div>\n\t\t\t\t<div class=\"elementor-post__excerpt\">\n\t\t\t<p>Mais importante e profunda que a separa\u00e7\u00e3o entre senhores e servos, \u00e9 a separa\u00e7\u00e3o entre os dignos e os indignos. Dignidade \u00e9 ponto medianico, virtuoso, contra os v\u00edcios de autoridade, seja por autoritarismo ou masoquismo.<\/p>\n\t\t<\/div>\n\t\t\n\t\t<a class=\"elementor-post__read-more\" href=\"https:\/\/casadacritica.com.br\/site\/070-dignidade-senhores-e-servos\/\" aria-label=\"Leia mais sobre 070 &#8211; Dignidade, Senhores e Servos\" tabindex=\"-1\" >\n\t\t\tRead More \u00bb\t\t<\/a>\n\n\t\t\t\t<\/div>\n\t\t\t\t<\/article>\n\t\t\t\t<article class=\"elementor-post elementor-grid-item post-13745 post type-post status-publish format-standard has-post-thumbnail hentry category-artigos category-artigos-amor-consciencia-e-liberdade tag-alerta-emocional tag-culpa tag-cura tag-emocoes tag-redencao\" role=\"listitem\">\n\t\t\t\t<a class=\"elementor-post__thumbnail__link\" href=\"https:\/\/casadacritica.com.br\/site\/069-vergonha-e-culpa-alerta-e-curas\/\" tabindex=\"-1\" >\n\t\t\t<div class=\"elementor-post__thumbnail\"><img loading=\"lazy\" decoding=\"async\" width=\"300\" height=\"167\" src=\"https:\/\/casadacritica.com.br\/site\/wp-content\/uploads\/2020\/07\/Design-sem-nome-37-300x167.png\" class=\"attachment-medium size-medium wp-image-13746\" alt=\"\" srcset=\"https:\/\/casadacritica.com.br\/site\/wp-content\/uploads\/2020\/07\/Design-sem-nome-37-300x167.png 300w, https:\/\/casadacritica.com.br\/site\/wp-content\/uploads\/2020\/07\/Design-sem-nome-37-768x427.png 768w, https:\/\/casadacritica.com.br\/site\/wp-content\/uploads\/2020\/07\/Design-sem-nome-37.png 810w\" sizes=\"(max-width: 300px) 100vw, 300px\" \/><\/div>\n\t\t<\/a>\n\t\t\t\t<div class=\"elementor-post__text\">\n\t\t\t\t<h3 class=\"elementor-post__title\">\n\t\t\t<a href=\"https:\/\/casadacritica.com.br\/site\/069-vergonha-e-culpa-alerta-e-curas\/\" >\n\t\t\t\t069 &#8211; Vergonha e Culpa \u2013 Alerta e Curas\t\t\t<\/a>\n\t\t<\/h3>\n\t\t\t\t<div class=\"elementor-post__meta-data\">\n\t\t\t\t\t<span class=\"elementor-post-date\">\n\t\t\t17 de julho de 2020\t\t<\/span>\n\t\t\t\t<span class=\"elementor-post-avatar\">\n\t\t\t2 Coment\u00e1rios\t\t<\/span>\n\t\t\t\t<\/div>\n\t\t\t\t<div class=\"elementor-post__excerpt\">\n\t\t\t<p>069 &#8211; Vergonha e Culpa \u2013 Alerta e Curas Autor: Vicente do Prado Tolezano 17\/07\/2020 &nbsp; &nbsp; &nbsp;&nbsp; &nbsp; &nbsp;Pela express\u00e3o SINDERESE, os antigos denotavam<\/p>\n\t\t<\/div>\n\t\t\n\t\t<a class=\"elementor-post__read-more\" href=\"https:\/\/casadacritica.com.br\/site\/069-vergonha-e-culpa-alerta-e-curas\/\" aria-label=\"Leia mais sobre 069 &#8211; Vergonha e Culpa \u2013 Alerta e Curas\" tabindex=\"-1\" >\n\t\t\tRead More \u00bb\t\t<\/a>\n\n\t\t\t\t<\/div>\n\t\t\t\t<\/article>\n\t\t\t\t<article class=\"elementor-post elementor-grid-item post-13635 post type-post status-publish format-standard has-post-thumbnail hentry category-artigos category-artigos-amor-consciencia-e-liberdade\" role=\"listitem\">\n\t\t\t\t<a class=\"elementor-post__thumbnail__link\" href=\"https:\/\/casadacritica.com.br\/site\/068-inveja-malevolencia-odio-revolta-e-curas-dos-afetos-ruins\/\" tabindex=\"-1\" >\n\t\t\t<div class=\"elementor-post__thumbnail\"><img loading=\"lazy\" decoding=\"async\" width=\"300\" height=\"167\" src=\"https:\/\/casadacritica.com.br\/site\/wp-content\/uploads\/2020\/07\/C\u00f3pia-de-C\u00f3pia-de-C\u00f3pia-de-Idiotice-e-Imbecilidade-29-300x167.png\" class=\"attachment-medium size-medium wp-image-13639\" alt=\"\" srcset=\"https:\/\/casadacritica.com.br\/site\/wp-content\/uploads\/2020\/07\/C\u00f3pia-de-C\u00f3pia-de-C\u00f3pia-de-Idiotice-e-Imbecilidade-29-300x167.png 300w, https:\/\/casadacritica.com.br\/site\/wp-content\/uploads\/2020\/07\/C\u00f3pia-de-C\u00f3pia-de-C\u00f3pia-de-Idiotice-e-Imbecilidade-29-768x427.png 768w, https:\/\/casadacritica.com.br\/site\/wp-content\/uploads\/2020\/07\/C\u00f3pia-de-C\u00f3pia-de-C\u00f3pia-de-Idiotice-e-Imbecilidade-29.png 810w\" sizes=\"(max-width: 300px) 100vw, 300px\" \/><\/div>\n\t\t<\/a>\n\t\t\t\t<div class=\"elementor-post__text\">\n\t\t\t\t<h3 class=\"elementor-post__title\">\n\t\t\t<a href=\"https:\/\/casadacritica.com.br\/site\/068-inveja-malevolencia-odio-revolta-e-curas-dos-afetos-ruins\/\" >\n\t\t\t\tInveja, Malevol\u00eancia, \u00d3dio, Revolta e curas dos afetos ruins.\t\t\t<\/a>\n\t\t<\/h3>\n\t\t\t\t<div class=\"elementor-post__meta-data\">\n\t\t\t\t\t<span class=\"elementor-post-date\">\n\t\t\t9 de julho de 2020\t\t<\/span>\n\t\t\t\t<span class=\"elementor-post-avatar\">\n\t\t\t1 coment\u00e1rio\t\t<\/span>\n\t\t\t\t<\/div>\n\t\t\t\t<div class=\"elementor-post__excerpt\">\n\t\t\t<p>Inveja, Malevol\u00eancia, \u00d3dio, Revolta e curas dos afetos ruins Autor: Vicente do Prado Tolezano&nbsp; &nbsp; &nbsp; &nbsp;INVEJA e MALEVOL\u00caNCIA s\u00e3o afetos graves de desordem an\u00edmica<\/p>\n\t\t<\/div>\n\t\t\n\t\t<a class=\"elementor-post__read-more\" href=\"https:\/\/casadacritica.com.br\/site\/068-inveja-malevolencia-odio-revolta-e-curas-dos-afetos-ruins\/\" aria-label=\"Leia mais sobre Inveja, Malevol\u00eancia, \u00d3dio, Revolta e curas dos afetos ruins.\" tabindex=\"-1\" >\n\t\t\tRead More \u00bb\t\t<\/a>\n\n\t\t\t\t<\/div>\n\t\t\t\t<\/article>\n\t\t\t\t<article class=\"elementor-post elementor-grid-item post-13513 post type-post status-publish format-standard has-post-thumbnail hentry category-artigos category-artigos-amor-consciencia-e-liberdade\" role=\"listitem\">\n\t\t\t\t<a class=\"elementor-post__thumbnail__link\" href=\"https:\/\/casadacritica.com.br\/site\/067-coragem-covardia-e-temeridade\/\" tabindex=\"-1\" >\n\t\t\t<div class=\"elementor-post__thumbnail\"><img loading=\"lazy\" decoding=\"async\" width=\"300\" height=\"167\" src=\"https:\/\/casadacritica.com.br\/site\/wp-content\/uploads\/2020\/07\/C\u00f3pia-de-C\u00f3pia-de-C\u00f3pia-de-Idiotice-e-Imbecilidade-27-300x167.png\" class=\"attachment-medium size-medium wp-image-13517\" alt=\"\" srcset=\"https:\/\/casadacritica.com.br\/site\/wp-content\/uploads\/2020\/07\/C\u00f3pia-de-C\u00f3pia-de-C\u00f3pia-de-Idiotice-e-Imbecilidade-27-300x167.png 300w, https:\/\/casadacritica.com.br\/site\/wp-content\/uploads\/2020\/07\/C\u00f3pia-de-C\u00f3pia-de-C\u00f3pia-de-Idiotice-e-Imbecilidade-27-768x427.png 768w, https:\/\/casadacritica.com.br\/site\/wp-content\/uploads\/2020\/07\/C\u00f3pia-de-C\u00f3pia-de-C\u00f3pia-de-Idiotice-e-Imbecilidade-27.png 810w\" sizes=\"(max-width: 300px) 100vw, 300px\" \/><\/div>\n\t\t<\/a>\n\t\t\t\t<div class=\"elementor-post__text\">\n\t\t\t\t<h3 class=\"elementor-post__title\">\n\t\t\t<a href=\"https:\/\/casadacritica.com.br\/site\/067-coragem-covardia-e-temeridade\/\" >\n\t\t\t\t067 &#8211; Coragem, Covardia e Temeridade\t\t\t<\/a>\n\t\t<\/h3>\n\t\t\t\t<div class=\"elementor-post__meta-data\">\n\t\t\t\t\t<span class=\"elementor-post-date\">\n\t\t\t2 de julho de 2020\t\t<\/span>\n\t\t\t\t<span class=\"elementor-post-avatar\">\n\t\t\t2 Coment\u00e1rios\t\t<\/span>\n\t\t\t\t<\/div>\n\t\t\t\t<div class=\"elementor-post__excerpt\">\n\t\t\t<p>067 \u2013 Coragem, Covardia e Temeridade Autor: Vicente do Prado Tolezano 02\/07\/2020 &nbsp; &nbsp; &nbsp; &nbsp; &nbsp;Urge DOSAR. A vida excelente ou otimizada \u2013 sin\u00f4nimo<\/p>\n\t\t<\/div>\n\t\t\n\t\t<a class=\"elementor-post__read-more\" href=\"https:\/\/casadacritica.com.br\/site\/067-coragem-covardia-e-temeridade\/\" aria-label=\"Leia mais sobre 067 &#8211; Coragem, Covardia e Temeridade\" tabindex=\"-1\" >\n\t\t\tRead More \u00bb\t\t<\/a>\n\n\t\t\t\t<\/div>\n\t\t\t\t<\/article>\n\t\t\t\t<article class=\"elementor-post elementor-grid-item post-13445 post type-post status-publish format-standard has-post-thumbnail hentry category-artigos category-artigos-amor-consciencia-e-liberdade category-artigos-educacao tag-aristoteles tag-vicente-do-prado-tolezano tag-vontade\" role=\"listitem\">\n\t\t\t\t<a class=\"elementor-post__thumbnail__link\" href=\"https:\/\/casadacritica.com.br\/site\/066-desejo-idiossincracia-vontade-e-constituicao-da-vida-humana\/\" tabindex=\"-1\" >\n\t\t\t<div class=\"elementor-post__thumbnail\"><img loading=\"lazy\" decoding=\"async\" width=\"300\" height=\"167\" src=\"https:\/\/casadacritica.com.br\/site\/wp-content\/uploads\/2020\/06\/Design-sem-nome-36-300x167.png\" class=\"attachment-medium size-medium wp-image-13446\" alt=\"\" srcset=\"https:\/\/casadacritica.com.br\/site\/wp-content\/uploads\/2020\/06\/Design-sem-nome-36-300x167.png 300w, https:\/\/casadacritica.com.br\/site\/wp-content\/uploads\/2020\/06\/Design-sem-nome-36-768x427.png 768w, https:\/\/casadacritica.com.br\/site\/wp-content\/uploads\/2020\/06\/Design-sem-nome-36.png 810w\" sizes=\"(max-width: 300px) 100vw, 300px\" \/><\/div>\n\t\t<\/a>\n\t\t\t\t<div class=\"elementor-post__text\">\n\t\t\t\t<h3 class=\"elementor-post__title\">\n\t\t\t<a href=\"https:\/\/casadacritica.com.br\/site\/066-desejo-idiossincracia-vontade-e-constituicao-da-vida-humana\/\" >\n\t\t\t\t066 &#8211; Desejo, Idiossincracia, Vontade e Constitui\u00e7\u00e3o da Vida Humana\t\t\t<\/a>\n\t\t<\/h3>\n\t\t\t\t<div class=\"elementor-post__meta-data\">\n\t\t\t\t\t<span class=\"elementor-post-date\">\n\t\t\t24 de junho de 2020\t\t<\/span>\n\t\t\t\t<span class=\"elementor-post-avatar\">\n\t\t\tNenhum coment\u00e1rio\t\t<\/span>\n\t\t\t\t<\/div>\n\t\t\t\t<div class=\"elementor-post__excerpt\">\n\t\t\t<p>066 \u2013 Desejo, Idiossincracia, Vontade e Constitui\u00e7\u00e3o da Vida Humana Autor: Vicente do Prado Tolezano 24\/06\/2020 01 Desejos (nas esp\u00e9cies de apetites e ardores) s\u00e3o,<\/p>\n\t\t<\/div>\n\t\t\n\t\t<a class=\"elementor-post__read-more\" href=\"https:\/\/casadacritica.com.br\/site\/066-desejo-idiossincracia-vontade-e-constituicao-da-vida-humana\/\" aria-label=\"Leia mais sobre 066 &#8211; Desejo, Idiossincracia, Vontade e Constitui\u00e7\u00e3o da Vida Humana\" tabindex=\"-1\" >\n\t\t\tRead More \u00bb\t\t<\/a>\n\n\t\t\t\t<\/div>\n\t\t\t\t<\/article>\n\t\t\t\t<article class=\"elementor-post elementor-grid-item post-11844 post type-post status-publish format-standard has-post-thumbnail hentry category-artigos category-artigos-amor-consciencia-e-liberdade tag-aristoteles tag-cosmovisao tag-ideologia tag-mito-da-caverna tag-northrop-frye tag-platao tag-poder\" role=\"listitem\">\n\t\t\t\t<a class=\"elementor-post__thumbnail__link\" href=\"https:\/\/casadacritica.com.br\/site\/065-todo-parte-cosmovisao-e-ideologia\/\" tabindex=\"-1\" >\n\t\t\t<div class=\"elementor-post__thumbnail\"><img loading=\"lazy\" decoding=\"async\" width=\"300\" height=\"167\" src=\"https:\/\/casadacritica.com.br\/site\/wp-content\/uploads\/2020\/05\/Design-sem-nome-25-300x167.png\" class=\"attachment-medium size-medium wp-image-11852\" alt=\"\" srcset=\"https:\/\/casadacritica.com.br\/site\/wp-content\/uploads\/2020\/05\/Design-sem-nome-25-300x167.png 300w, https:\/\/casadacritica.com.br\/site\/wp-content\/uploads\/2020\/05\/Design-sem-nome-25-768x427.png 768w, https:\/\/casadacritica.com.br\/site\/wp-content\/uploads\/2020\/05\/Design-sem-nome-25.png 810w\" sizes=\"(max-width: 300px) 100vw, 300px\" \/><\/div>\n\t\t<\/a>\n\t\t\t\t<div class=\"elementor-post__text\">\n\t\t\t\t<h3 class=\"elementor-post__title\">\n\t\t\t<a href=\"https:\/\/casadacritica.com.br\/site\/065-todo-parte-cosmovisao-e-ideologia\/\" >\n\t\t\t\t065 &#8211; Todo\/Parte, Cosmovis\u00e3o e Ideologia\t\t\t<\/a>\n\t\t<\/h3>\n\t\t\t\t<div class=\"elementor-post__meta-data\">\n\t\t\t\t\t<span class=\"elementor-post-date\">\n\t\t\t5 de maio de 2020\t\t<\/span>\n\t\t\t\t<span class=\"elementor-post-avatar\">\n\t\t\tNenhum coment\u00e1rio\t\t<\/span>\n\t\t\t\t<\/div>\n\t\t\t\t<div class=\"elementor-post__excerpt\">\n\t\t\t<p>065 &#8211; Todo\/Parte, Cosmovis\u00e3o e Ideologia Autor: Vicente do Prado Tolezano 05\/05\/2020 1) PARTE\/TODO Existem \u201cpartes\u201d e \u201ctodo\u201d, este um princ\u00edpio de ordem sobre aquelas.<\/p>\n\t\t<\/div>\n\t\t\n\t\t<a class=\"elementor-post__read-more\" href=\"https:\/\/casadacritica.com.br\/site\/065-todo-parte-cosmovisao-e-ideologia\/\" aria-label=\"Leia mais sobre 065 &#8211; Todo\/Parte, Cosmovis\u00e3o e Ideologia\" tabindex=\"-1\" >\n\t\t\tRead More \u00bb\t\t<\/a>\n\n\t\t\t\t<\/div>\n\t\t\t\t<\/article>\n\t\t\t\t<article class=\"elementor-post elementor-grid-item post-11385 post type-post status-publish format-standard has-post-thumbnail hentry category-artigos category-artigos-amor-consciencia-e-liberdade tag-ego tag-personalidade tag-projecao\" role=\"listitem\">\n\t\t\t\t<a class=\"elementor-post__thumbnail__link\" href=\"https:\/\/casadacritica.com.br\/site\/064-ego-personalidade-e-distopia\/\" tabindex=\"-1\" >\n\t\t\t<div class=\"elementor-post__thumbnail\"><img loading=\"lazy\" decoding=\"async\" width=\"300\" height=\"186\" src=\"https:\/\/casadacritica.com.br\/site\/wp-content\/uploads\/2020\/04\/distopia_o-300x186.jpg\" class=\"attachment-medium size-medium wp-image-11389\" alt=\"\" srcset=\"https:\/\/casadacritica.com.br\/site\/wp-content\/uploads\/2020\/04\/distopia_o-300x186.jpg 300w, https:\/\/casadacritica.com.br\/site\/wp-content\/uploads\/2020\/04\/distopia_o-1024x634.jpg 1024w, https:\/\/casadacritica.com.br\/site\/wp-content\/uploads\/2020\/04\/distopia_o-768x475.jpg 768w, https:\/\/casadacritica.com.br\/site\/wp-content\/uploads\/2020\/04\/distopia_o.jpg 1071w\" sizes=\"(max-width: 300px) 100vw, 300px\" \/><\/div>\n\t\t<\/a>\n\t\t\t\t<div class=\"elementor-post__text\">\n\t\t\t\t<h3 class=\"elementor-post__title\">\n\t\t\t<a href=\"https:\/\/casadacritica.com.br\/site\/064-ego-personalidade-e-distopia\/\" >\n\t\t\t\t064  &#8211; Ego, Personalidade e Distopia\t\t\t<\/a>\n\t\t<\/h3>\n\t\t\t\t<div class=\"elementor-post__meta-data\">\n\t\t\t\t\t<span class=\"elementor-post-date\">\n\t\t\t20 de abril de 2020\t\t<\/span>\n\t\t\t\t<span class=\"elementor-post-avatar\">\n\t\t\t2 Coment\u00e1rios\t\t<\/span>\n\t\t\t\t<\/div>\n\t\t\t\t<div class=\"elementor-post__excerpt\">\n\t\t\t<p>064 &#8211; Ego, Personalidade e Distopia Autor: Vicente do Prado Tolezano 20\/04\/2020 Crian\u00e7as podem ficar nuas sem quaisquer solenidades, apreens\u00f5es ou perda da espontaneidade. Vivem<\/p>\n\t\t<\/div>\n\t\t\n\t\t<a class=\"elementor-post__read-more\" href=\"https:\/\/casadacritica.com.br\/site\/064-ego-personalidade-e-distopia\/\" aria-label=\"Leia mais sobre 064  &#8211; Ego, Personalidade e Distopia\" tabindex=\"-1\" >\n\t\t\tRead More \u00bb\t\t<\/a>\n\n\t\t\t\t<\/div>\n\t\t\t\t<\/article>\n\t\t\t\t<article class=\"elementor-post elementor-grid-item post-10734 post type-post status-publish format-standard has-post-thumbnail hentry category-artigos category-artigos-amor-consciencia-e-liberdade tag-amizade tag-aristoteles tag-baumann tag-ego\" role=\"listitem\">\n\t\t\t\t<a class=\"elementor-post__thumbnail__link\" href=\"https:\/\/casadacritica.com.br\/site\/063-amizade-e-companheirismo-ouro-e-bijouteria\/\" tabindex=\"-1\" >\n\t\t\t<div class=\"elementor-post__thumbnail\"><img loading=\"lazy\" decoding=\"async\" width=\"300\" height=\"167\" src=\"https:\/\/casadacritica.com.br\/site\/wp-content\/uploads\/2020\/03\/amizade-300x167.png\" class=\"attachment-medium size-medium wp-image-10740\" alt=\"\" srcset=\"https:\/\/casadacritica.com.br\/site\/wp-content\/uploads\/2020\/03\/amizade-300x167.png 300w, https:\/\/casadacritica.com.br\/site\/wp-content\/uploads\/2020\/03\/amizade-768x427.png 768w, https:\/\/casadacritica.com.br\/site\/wp-content\/uploads\/2020\/03\/amizade.png 810w\" sizes=\"(max-width: 300px) 100vw, 300px\" \/><\/div>\n\t\t<\/a>\n\t\t\t\t<div class=\"elementor-post__text\">\n\t\t\t\t<h3 class=\"elementor-post__title\">\n\t\t\t<a href=\"https:\/\/casadacritica.com.br\/site\/063-amizade-e-companheirismo-ouro-e-bijouteria\/\" >\n\t\t\t\t063 &#8211; Amizade e Companheirismo &#8211; Ouro e Bijouteria\t\t\t<\/a>\n\t\t<\/h3>\n\t\t\t\t<div class=\"elementor-post__meta-data\">\n\t\t\t\t\t<span class=\"elementor-post-date\">\n\t\t\t31 de mar\u00e7o de 2020\t\t<\/span>\n\t\t\t\t<span class=\"elementor-post-avatar\">\n\t\t\tNenhum coment\u00e1rio\t\t<\/span>\n\t\t\t\t<\/div>\n\t\t\t\t<div class=\"elementor-post__excerpt\">\n\t\t\t<p>063 &#8211; Amizade e Companheirismo &#8211; Ouro e Bijouteria Autor: Vicente do Prado Tolezano 10\/01\/2020 Amizade para consigo \u00e9 condi\u00e7\u00e3o para que tenhamos amigos externos<\/p>\n\t\t<\/div>\n\t\t\n\t\t<a class=\"elementor-post__read-more\" href=\"https:\/\/casadacritica.com.br\/site\/063-amizade-e-companheirismo-ouro-e-bijouteria\/\" aria-label=\"Leia mais sobre 063 &#8211; Amizade e Companheirismo &#8211; Ouro e Bijouteria\" tabindex=\"-1\" >\n\t\t\tRead More \u00bb\t\t<\/a>\n\n\t\t\t\t<\/div>\n\t\t\t\t<\/article>\n\t\t\t\t<article class=\"elementor-post elementor-grid-item post-10511 post type-post status-publish format-standard has-post-thumbnail hentry category-artigos category-artigos-espiritualidade tag-ciclico tag-cronos tag-kairos tag-machado-de-assis tag-tempo tag-tempo-linear tag-tempo-primordial tag-transcendencia\" role=\"listitem\">\n\t\t\t\t<a class=\"elementor-post__thumbnail__link\" href=\"https:\/\/casadacritica.com.br\/site\/062-os-tempos-e-o-sagrado\/\" tabindex=\"-1\" >\n\t\t\t<div class=\"elementor-post__thumbnail\"><img loading=\"lazy\" decoding=\"async\" width=\"300\" height=\"167\" src=\"https:\/\/casadacritica.com.br\/site\/wp-content\/uploads\/2020\/01\/C\u00f3pia-de-Os-Tempos-e-o-Sagrado-300x167.png\" class=\"attachment-medium size-medium wp-image-10742\" alt=\"\" srcset=\"https:\/\/casadacritica.com.br\/site\/wp-content\/uploads\/2020\/01\/C\u00f3pia-de-Os-Tempos-e-o-Sagrado-300x167.png 300w, https:\/\/casadacritica.com.br\/site\/wp-content\/uploads\/2020\/01\/C\u00f3pia-de-Os-Tempos-e-o-Sagrado-768x427.png 768w, https:\/\/casadacritica.com.br\/site\/wp-content\/uploads\/2020\/01\/C\u00f3pia-de-Os-Tempos-e-o-Sagrado.png 810w\" sizes=\"(max-width: 300px) 100vw, 300px\" \/><\/div>\n\t\t<\/a>\n\t\t\t\t<div class=\"elementor-post__text\">\n\t\t\t\t<h3 class=\"elementor-post__title\">\n\t\t\t<a href=\"https:\/\/casadacritica.com.br\/site\/062-os-tempos-e-o-sagrado\/\" >\n\t\t\t\t062 &#8211; Os Tempos e o Sagrado\t\t\t<\/a>\n\t\t<\/h3>\n\t\t\t\t<div class=\"elementor-post__meta-data\">\n\t\t\t\t\t<span class=\"elementor-post-date\">\n\t\t\t10 de janeiro de 2020\t\t<\/span>\n\t\t\t\t<span class=\"elementor-post-avatar\">\n\t\t\tNenhum coment\u00e1rio\t\t<\/span>\n\t\t\t\t<\/div>\n\t\t\t\t<div class=\"elementor-post__excerpt\">\n\t\t\t<p>062 &#8211; Os Tempos e o Sagrado Autor: Vicente do Prado Tolezano 10\/01\/2020 S\u00e3o 3 os tempos: cronol\u00f3gico, c\u00edclico e primordial. S\u00e3o 3 tamb\u00e9m as<\/p>\n\t\t<\/div>\n\t\t\n\t\t<a class=\"elementor-post__read-more\" href=\"https:\/\/casadacritica.com.br\/site\/062-os-tempos-e-o-sagrado\/\" aria-label=\"Leia mais sobre 062 &#8211; Os Tempos e o Sagrado\" tabindex=\"-1\" >\n\t\t\tRead More \u00bb\t\t<\/a>\n\n\t\t\t\t<\/div>\n\t\t\t\t<\/article>\n\t\t\t\t<\/div>\n\t\t\n\t\t\t\t<div class=\"e-load-more-anchor\" data-page=\"1\" data-max-page=\"3\" data-next-page=\"https:\/\/casadacritica.com.br\/site\/wp-json\/wp\/v2\/pages\/214\/page\/2\/\"><\/div>\n\t\t\t\t<nav class=\"elementor-pagination\" aria-label=\"Pagina\u00e7\u00e3o\">\n\t\t\t<span aria-current=\"page\" class=\"page-numbers current\"><span class=\"elementor-screen-only\">P\u00e1gina<\/span>1<\/span>\n<a class=\"page-numbers\" href=\"https:\/\/casadacritica.com.br\/site\/wp-json\/wp\/v2\/pages\/214\/page\/2\/\"><span class=\"elementor-screen-only\">P\u00e1gina<\/span>2<\/a>\n<a class=\"page-numbers\" href=\"https:\/\/casadacritica.com.br\/site\/wp-json\/wp\/v2\/pages\/214\/page\/3\/\"><span class=\"elementor-screen-only\">P\u00e1gina<\/span>3<\/a>\t\t<\/nav>\n\t\t\t\t\t\t<\/div>\n\t\t\t\t<\/div>\n\t\t\t\t\t<\/div>\n\t\t<\/div>\n\t\t\t\t\t<\/div>\n\t\t<\/section>\n\t\t\t\t\t<\/div>\n\t\t<\/div>\n\t\t\t\t\t<\/div>\n\t\t<\/section>\n\t\t\t\t<section class=\"elementor-section elementor-top-section elementor-element elementor-element-676b497e elementor-section-boxed elementor-section-height-default elementor-section-height-default\" data-id=\"676b497e\" data-element_type=\"section\">\n\t\t\t\t\t\t<div class=\"elementor-container elementor-column-gap-default\">\n\t\t\t\t\t<div class=\"elementor-column elementor-col-100 elementor-top-column elementor-element elementor-element-a5c1523\" data-id=\"a5c1523\" data-element_type=\"column\">\n\t\t\t<div class=\"elementor-widget-wrap elementor-element-populated\">\n\t\t\t\t\t\t<div class=\"elementor-element elementor-element-70285b8b elementor-widget-divider--view-line elementor-widget elementor-widget-divider\" data-id=\"70285b8b\" data-element_type=\"widget\" data-widget_type=\"divider.default\">\n\t\t\t\t<div class=\"elementor-widget-container\">\n\t\t\t\t\t\t\t<div class=\"elementor-divider\">\n\t\t\t<span class=\"elementor-divider-separator\">\n\t\t\t\t\t\t<\/span>\n\t\t<\/div>\n\t\t\t\t\t\t<\/div>\n\t\t\t\t<\/div>\n\t\t\t\t\t<\/div>\n\t\t<\/div>\n\t\t\t\t\t<\/div>\n\t\t<\/section>\n\t\t\t\t<section class=\"elementor-section elementor-top-section elementor-element elementor-element-1c960bef elementor-section-stretched elementor-section-boxed elementor-section-height-default elementor-section-height-default\" data-id=\"1c960bef\" data-element_type=\"section\" data-settings=\"{&quot;stretch_section&quot;:&quot;section-stretched&quot;,&quot;background_background&quot;:&quot;classic&quot;}\">\n\t\t\t\t\t\t<div class=\"elementor-container elementor-column-gap-default\">\n\t\t\t\t\t<div class=\"elementor-column elementor-col-20 elementor-top-column elementor-element elementor-element-5339023a\" data-id=\"5339023a\" data-element_type=\"column\">\n\t\t\t<div class=\"elementor-widget-wrap elementor-element-populated\">\n\t\t\t\t\t\t<div class=\"elementor-element elementor-element-5dce31b2 elementor-widget elementor-widget-text-editor\" data-id=\"5dce31b2\" data-element_type=\"widget\" data-widget_type=\"text-editor.default\">\n\t\t\t\t<div class=\"elementor-widget-container\">\n\t\t\t\t\t\t\t\t\t<h4 style=\"text-align: center;\"><span style=\"color: #000000;\"><a style=\"color: #000000;\" href=\"https:\/\/casadacritica.com.br\/site\/news-da-casa-da-critica\/\" target=\"_blank\" rel=\"noopener\"><strong>CADASTRE-SE AQUI PARA RECEBER NOSSA NEWSLETTER<\/strong><\/a><\/span><\/h4>\t\t\t\t\t\t\t\t<\/div>\n\t\t\t\t<\/div>\n\t\t\t\t\t<\/div>\n\t\t<\/div>\n\t\t\t\t<div class=\"elementor-column elementor-col-20 elementor-top-column elementor-element elementor-element-2e8cb4db\" data-id=\"2e8cb4db\" data-element_type=\"column\">\n\t\t\t<div class=\"elementor-widget-wrap elementor-element-populated\">\n\t\t\t\t\t\t<div class=\"elementor-element elementor-element-5f56dd51 elementor-widget elementor-widget-text-editor\" data-id=\"5f56dd51\" data-element_type=\"widget\" data-widget_type=\"text-editor.default\">\n\t\t\t\t<div class=\"elementor-widget-container\">\n\t\t\t\t\t\t\t\t\t<p style=\"text-align: center;\"><a href=\"https:\/\/www.facebook.com\/casadacritica\" target=\"_blank\" rel=\"noopener\"> \u00a0<\/a><a href=\"https:\/\/www.facebook.com\/casadacritica\" target=\"_blank\" rel=\"noopener\"><img loading=\"lazy\" decoding=\"async\" class=\"alignnone wp-image-16553\" src=\"https:\/\/casadacritica.com.br\/site\/wp-content\/uploads\/2020\/11\/Design-sem-nome-4-150x150.png\" alt=\"\" width=\"80\" height=\"80\" srcset=\"https:\/\/casadacritica.com.br\/site\/wp-content\/uploads\/2020\/11\/Design-sem-nome-4-150x150.png 150w, https:\/\/casadacritica.com.br\/site\/wp-content\/uploads\/2020\/11\/Design-sem-nome-4-300x300.png 300w, https:\/\/casadacritica.com.br\/site\/wp-content\/uploads\/2020\/11\/Design-sem-nome-4-1024x1024.png 1024w, https:\/\/casadacritica.com.br\/site\/wp-content\/uploads\/2020\/11\/Design-sem-nome-4-768x768.png 768w, https:\/\/casadacritica.com.br\/site\/wp-content\/uploads\/2020\/11\/Design-sem-nome-4.png 1080w\" sizes=\"(max-width: 80px) 100vw, 80px\" \/><\/a>\u00a0<\/p>\t\t\t\t\t\t\t\t<\/div>\n\t\t\t\t<\/div>\n\t\t\t\t\t<\/div>\n\t\t<\/div>\n\t\t\t\t<div class=\"elementor-column elementor-col-20 elementor-top-column elementor-element elementor-element-449eea7\" data-id=\"449eea7\" data-element_type=\"column\">\n\t\t\t<div class=\"elementor-widget-wrap elementor-element-populated\">\n\t\t\t\t\t\t<div class=\"elementor-element elementor-element-36c4b76d elementor-widget elementor-widget-text-editor\" data-id=\"36c4b76d\" data-element_type=\"widget\" data-widget_type=\"text-editor.default\">\n\t\t\t\t<div class=\"elementor-widget-container\">\n\t\t\t\t\t\t\t\t\t<p style=\"text-align: center;\"><a href=\"https:\/\/www.facebook.com\/casadacritica\" target=\"_blank\" rel=\"noopener\"> \u00a0<\/a><a href=\"https:\/\/www.instagram.com\/casadacritica\/?hl=pt-br\" target=\"_blank\" rel=\"noopener\"><img loading=\"lazy\" decoding=\"async\" class=\"alignnone wp-image-16554\" src=\"https:\/\/casadacritica.com.br\/site\/wp-content\/uploads\/2020\/11\/Design-sem-nome-5-300x300.png\" alt=\"\" width=\"80\" height=\"80\" srcset=\"https:\/\/casadacritica.com.br\/site\/wp-content\/uploads\/2020\/11\/Design-sem-nome-5-300x300.png 300w, https:\/\/casadacritica.com.br\/site\/wp-content\/uploads\/2020\/11\/Design-sem-nome-5-1024x1024.png 1024w, https:\/\/casadacritica.com.br\/site\/wp-content\/uploads\/2020\/11\/Design-sem-nome-5-150x150.png 150w, https:\/\/casadacritica.com.br\/site\/wp-content\/uploads\/2020\/11\/Design-sem-nome-5-768x768.png 768w, https:\/\/casadacritica.com.br\/site\/wp-content\/uploads\/2020\/11\/Design-sem-nome-5.png 1080w\" sizes=\"(max-width: 80px) 100vw, 80px\" \/><\/a>\u00a0<\/p>\t\t\t\t\t\t\t\t<\/div>\n\t\t\t\t<\/div>\n\t\t\t\t\t<\/div>\n\t\t<\/div>\n\t\t\t\t<div class=\"elementor-column elementor-col-20 elementor-top-column elementor-element elementor-element-b4283ea\" data-id=\"b4283ea\" data-element_type=\"column\">\n\t\t\t<div class=\"elementor-widget-wrap elementor-element-populated\">\n\t\t\t\t\t\t<div class=\"elementor-element elementor-element-fe6d218 elementor-widget elementor-widget-text-editor\" data-id=\"fe6d218\" data-element_type=\"widget\" data-widget_type=\"text-editor.default\">\n\t\t\t\t<div class=\"elementor-widget-container\">\n\t\t\t\t\t\t\t\t\t<p style=\"text-align: center;\"><a href=\"https:\/\/www.facebook.com\/casadacritica\" target=\"_blank\" rel=\"noopener\"> \u00a0<\/a>\u00a0<a href=\"https:\/\/www.youtube.com\/channel\/UC6XmghrbiBJKkgFVAYZbImQ\" target=\"_blank\" rel=\"noopener\"><img loading=\"lazy\" decoding=\"async\" class=\"alignnone wp-image-16556\" src=\"https:\/\/casadacritica.com.br\/site\/wp-content\/uploads\/2020\/11\/Design-sem-nome-7-300x300.png\" alt=\"\" width=\"80\" height=\"80\" srcset=\"https:\/\/casadacritica.com.br\/site\/wp-content\/uploads\/2020\/11\/Design-sem-nome-7-300x300.png 300w, https:\/\/casadacritica.com.br\/site\/wp-content\/uploads\/2020\/11\/Design-sem-nome-7-1024x1024.png 1024w, https:\/\/casadacritica.com.br\/site\/wp-content\/uploads\/2020\/11\/Design-sem-nome-7-150x150.png 150w, https:\/\/casadacritica.com.br\/site\/wp-content\/uploads\/2020\/11\/Design-sem-nome-7-768x768.png 768w, https:\/\/casadacritica.com.br\/site\/wp-content\/uploads\/2020\/11\/Design-sem-nome-7.png 1080w\" sizes=\"(max-width: 80px) 100vw, 80px\" \/><\/a><\/p>\t\t\t\t\t\t\t\t<\/div>\n\t\t\t\t<\/div>\n\t\t\t\t\t<\/div>\n\t\t<\/div>\n\t\t\t\t<div class=\"elementor-column elementor-col-20 elementor-top-column elementor-element elementor-element-362b21d3\" data-id=\"362b21d3\" data-element_type=\"column\">\n\t\t\t<div class=\"elementor-widget-wrap elementor-element-populated\">\n\t\t\t\t\t\t<div class=\"elementor-element elementor-element-741a6d4e elementor-widget elementor-widget-heading\" data-id=\"741a6d4e\" data-element_type=\"widget\" data-widget_type=\"heading.default\">\n\t\t\t\t<div class=\"elementor-widget-container\">\n\t\t\t\t\t<h1 class=\"elementor-heading-title elementor-size-medium\"><a href=\"https:\/\/casadacritica.com.br\/site\/fale-conosco\/\">Para falar conosco, use o bot\u00e3o do Whatsapp no canto inferior direito da p\u00e1gina ou clique AQUI.<\/a><\/h1>\t\t\t\t<\/div>\n\t\t\t\t<\/div>\n\t\t\t\t\t<\/div>\n\t\t<\/div>\n\t\t\t\t\t<\/div>\n\t\t<\/section>\n\t\t\t\t<section class=\"elementor-section elementor-top-section elementor-element elementor-element-69736594 elementor-section-boxed elementor-section-height-default elementor-section-height-default\" data-id=\"69736594\" data-element_type=\"section\">\n\t\t\t\t\t\t<div class=\"elementor-container elementor-column-gap-default\">\n\t\t\t\t\t\t<\/div>\n\t\t<\/section>\n\t\t\t\t<\/div>\n\t\t","protected":false},"excerpt":{"rendered":"<p>Aprecie nossos artigos e divulgue-os \u00e0 vontade. CADASTRE-SE AQUI PARA RECEBER NOSSA NEWSLETTER &nbsp;&nbsp; &nbsp;&nbsp; &nbsp;&nbsp; Para falar conosco, use o bot\u00e3o do Whatsapp no canto inferior direito da p\u00e1gina ou clique AQUI.<\/p>\n","protected":false},"author":1,"featured_media":0,"parent":0,"menu_order":0,"comment_status":"open","ping_status":"closed","template":"","meta":{"footnotes":""},"class_list":["post-214","page","type-page","status-publish","hentry"],"_links":{"self":[{"href":"https:\/\/casadacritica.com.br\/site\/wp-json\/wp\/v2\/pages\/214","targetHints":{"allow":["GET"]}}],"collection":[{"href":"https:\/\/casadacritica.com.br\/site\/wp-json\/wp\/v2\/pages"}],"about":[{"href":"https:\/\/casadacritica.com.br\/site\/wp-json\/wp\/v2\/types\/page"}],"author":[{"embeddable":true,"href":"https:\/\/casadacritica.com.br\/site\/wp-json\/wp\/v2\/users\/1"}],"replies":[{"embeddable":true,"href":"https:\/\/casadacritica.com.br\/site\/wp-json\/wp\/v2\/comments?post=214"}],"version-history":[{"count":548,"href":"https:\/\/casadacritica.com.br\/site\/wp-json\/wp\/v2\/pages\/214\/revisions"}],"predecessor-version":[{"id":23444,"href":"https:\/\/casadacritica.com.br\/site\/wp-json\/wp\/v2\/pages\/214\/revisions\/23444"}],"wp:attachment":[{"href":"https:\/\/casadacritica.com.br\/site\/wp-json\/wp\/v2\/media?parent=214"}],"curies":[{"name":"wp","href":"https:\/\/api.w.org\/{rel}","templated":true}]}}